{"id":1554,"date":"2023-09-26T12:40:56","date_gmt":"2023-09-26T12:40:56","guid":{"rendered":"https:\/\/albuferanature.com\/parc-naturel-de-lalbufera\/"},"modified":"2024-04-30T12:55:29","modified_gmt":"2024-04-30T12:55:29","slug":"parc-naturel-de-lalbufera","status":"publish","type":"page","link":"https:\/\/albuferanature.com\/fr\/parc-naturel-de-lalbufera\/","title":{"rendered":"Parc Naturel de l&rsquo;Albufera"},"content":{"rendered":"\n<div class=\"wp-block-cover alignfull over-dark wp-duotone-unset-2\" style=\"margin-bottom:0;padding-top:0px\"><span aria-hidden=\"true\" class=\"wp-block-cover__background has-background-dim-0 has-background-dim\" style=\"background-color:#000000\"><\/span><img loading=\"lazy\" decoding=\"async\" width=\"1440\" height=\"440\" class=\"wp-block-cover__image-background wp-image-818\" alt=\"Parc Naturel de l'Albufera de Valence\" src=\"https:\/\/albuferanature.com\/wp-content\/uploads\/2023\/10\/Albufera-Nature-header-02.jpg\" data-object-fit=\"cover\" srcset=\"https:\/\/albuferanature.com\/wp-content\/uploads\/2023\/10\/Albufera-Nature-header-02.jpg 1440w, https:\/\/albuferanature.com\/wp-content\/uploads\/2023\/10\/Albufera-Nature-header-02-300x92.jpg 300w, https:\/\/albuferanature.com\/wp-content\/uploads\/2023\/10\/Albufera-Nature-header-02-1024x313.jpg 1024w, https:\/\/albuferanature.com\/wp-content\/uploads\/2023\/10\/Albufera-Nature-header-02-768x235.jpg 768w\" sizes=\"auto, (max-width: 1440px) 100vw, 1440px\" \/><div class=\"wp-block-cover__inner-container is-layout-flow wp-block-cover-is-layout-flow\">\n<div class=\"wp-block-group has-background is-content-justification-right is-layout-flex wp-container-core-group-is-layout-e96f0965 wp-block-group-is-layout-flex\" style=\"background-color:#00000000;padding-top:10px;padding-right:0;padding-bottom:0px;padding-left:0\"><style>html[dir=\"rtl\"] .wpml-language-switcher-block .wpml-ls-dropdown ul li.wp-block-navigation-submenu .wp-block-navigation-submenu__toggle img{margin-left:12px}html[dir=\"rtl\"] .wpml-language-switcher-block .wpml-ls-dropdown ul li.wp-block-navigation-submenu ul.isHorizontal li{text-align:right}html[dir=\"rtl\"] .wpml-language-switcher-block .wpml-ls-dropdown ul li.wp-block-navigation-submenu ul.isHorizontal li a img{margin-left:12px}.wpml-language-switcher-block{display:flex;box-sizing:border-box;width:100% !important}.wpml-language-switcher-block>.wp-block-navigation-item,.wpml-language-switcher-block>.wp-block-navigation-item>div{display:flex;width:100% !important}.wpml-language-switcher-block .wp-block-navigation__container{background:unset !important}.wpml-language-switcher-block .hide-arrow .wp-block-navigation__submenu-icon{display:none}.wpml-language-switcher-block .wpml-ls-dropdown .wp-block-navigation-submenu__toggle.wpml-ls-keyboard-focus ~ .wp-block-navigation__submenu-container,.wpml-language-switcher-block .wpml-ls-dropdown li.open-on-hover-click .wp-block-navigation-submenu__toggle:focus ~ .wp-block-navigation__submenu-container,.wpml-language-switcher-block .wpml-ls-dropdown li.open-on-hover-click .wp-block-navigation-submenu__toggle:focus-within ~ .wp-block-navigation__submenu-container,.wpml-language-switcher-block .wpml-ls-dropdown li.open-on-hover-click:focus-within>.wp-block-navigation__submenu-container{visibility:visible;opacity:1;display:block;overflow:visible}.wpml-language-switcher-block .wpml-ls-dropdown ul li button{padding:0}.wpml-language-switcher-block .wpml-ls-dropdown ul li button+.isHorizontal{min-width:inherit !important}.wpml-language-switcher-block .wpml-ls-dropdown ul li button+.isHorizontal li{width:inherit !important}.wpml-language-switcher-block .wpml-ls-dropdown ul li button+.isHorizontal li a{display:flex;align-items:center;min-width:max-content}.wpml-language-switcher-block .wpml-ls-dropdown ul li.wp-block-navigation-submenu ul.isHorizontal{margin:0;min-width:inherit !important}.wpml-language-switcher-block .wpml-ls-dropdown ul li.wp-block-navigation-submenu ul.isHorizontal li{width:inherit !important;text-align:left}.wpml-language-switcher-block .wpml-ls-dropdown ul li.wp-block-navigation-submenu ul.isHorizontal li a{display:flex;align-items:center;min-width:max-content}.wpml-language-switcher-block ul{list-style-type:none !important;padding:0 !important;width:100%}.wpml-language-switcher-block ul li{margin:0}.wpml-language-switcher-block ul li>a.wp-block-navigation-item__content:focus{outline:1px solid #2F7D92}.wpml-language-switcher-block ul li.is-focused{outline:1px solid #2F7D92}.wpml-language-switcher-block ul.wp-block-navigation__submenu-container{border:inherit !important;background-color:unset !important;min-width:unset !important}.wpml-language-switcher-block ul.wp-block-navigation__submenu-container .wp-block-navigation-item{border-radius:0 !important}.wpml-language-switcher-block ul.wp-block-navigation__submenu-container .wp-block-navigation-item a{display:flex;align-items:center;min-width:max-content;padding:1px}.wpml-language-switcher-block ul.horizontal-list{display:flex;flex-direction:row;align-items:center;justify-content:flex-start;margin:0 !important;gap:1em !important}.wpml-language-switcher-block ul.horizontal-list li{display:inline-block;margin:0;line-height:100%}.wpml-language-switcher-block ul.horizontal-list li a{line-height:100%}.wpml-language-switcher-block ul.center-justify{justify-content:center}.wpml-language-switcher-block ul.center-justify .wp-block-navigation-item{justify-content:center}.wpml-language-switcher-block ul.right-justify{justify-content:right}.wpml-language-switcher-block ul.right-justify .wp-block-navigation-item{justify-content:right}.wpml-language-switcher-block ul.space_between-justify{justify-content:space-between}.wpml-language-switcher-block ul.space_between-justify li>div{white-space:nowrap}.wpml-language-switcher-block .hasHoverColor:hover{color:var(--hover-color) !important}.wpml-language-switcher-block .hasHoverBackgroundColor:hover{background-color:var(--hover-background-color) !important}.wpml-language-switcher-block ul.isHorizontal{padding-left:0;list-style:none}.wpml-language-switcher-block ul.isHorizontal li{display:inline;margin-left:0}.wpml-language-switcher-block ul.isHorizontal li div{display:inline-block}.wpml-language-switcher-block ul.hasSpacing.isHorizontal li:not(:last-child){margin-right:var(--language-spacing) !important}.wpml-language-switcher-block ul.hasSpacing.isVertical li:not(:last-child){margin-bottom:var(--language-spacing) !important}.wpml-language-switcher-block ul.hasSpacing.isVertical .wp-block-navigation-item>div,.wpml-language-switcher-block ul.hasSpacing.isVertical .wp-block-navigation-item>div>a{display:inline-flex;align-items:center}.wpml-language-switcher-block .hasHoverColor:hover{color:var(--hover-color) !important}.wpml-language-switcher-block .hasHoverBackgroundColor:hover{background-color:var(--hover-background-color) !important}.wpml-language-switcher-block .hasFontSize{font-size:var(--font-size) !important}.wpml-language-switcher-block .hasLetterSpacing{letter-spacing:var(--letter-spacing) !important}.wpml-language-switcher-block .hasTextTransform{text-transform:var(--text-transform) !important}.wpml-language-switcher-block .hasFontFamily{font-family:var(--font-family) !important}.wpml-ls-flag{display:inline-block}.wpml-ls-flag-style-btn{border:0px transparent;padding-top:3px !important}.wpml-ls-flag-style-btn.black-bg{background-color:black}.wpml-ls-flag-style-btn.transparent-bg{background-color:transparent}.wpml-ls-control-row{border:solid 1px #949494;border-radius:2px;margin-bottom:8px}.wpml-ls-control-row-with-padding{padding:1px}.wpml-ls-number-control{max-width:100%;width:100%}.wpml-ls-slider-control-alert{margin-top:5px !important}.wpml-ls-slider .ant-slider-track{background-color:#3858E9}.wpml-ls-slider .ant-slider-handle{border:solid 1px black}.wpml-ls-control-blue{color:#2F7D92}.wpml-ls-number-with-unit-select select{color:#2F7D92;font-weight:700}.wpml-ls-control-grey{color:#757575}.wpml-ls-control-bg-grey{background-color:#a6a6a6}.wpml-ls-control-font{font-family:\"SF Pro Text\", sans-serif;font-style:normal;font-weight:400 !important;font-size:13px !important;line-height:140% !important}.wpml-ls-option-btn-col{padding:0.5px}.wpml-ls-no-borders{border:none}.ant-col-8.wpml-ls-option-btn-col{display:inline-flex}.wpml-ls-three-btn-row .wpml-ls-option-btn-wrap{padding-top:8px;padding-bottom:8px;white-space:normal;word-break:break-word}.wpml-ls-three-btn-row .ant-btn-no-height-less-padding{height:unset;padding-right:10px;padding-left:10px}.wpml-ls-full-width{width:100%}.wpml-ls-toggle-control .components-form-toggle.is-checked>.components-form-toggle__track{background-color:#2F7D92;border-color:#2F7D92}.wpml-ls-toggle-control .components-form-toggle.is-checked>.components-form-toggle__thumb{background-color:white}.wpml-ls-toggle-control .components-form-toggle>.components-form-toggle__track{background-color:white;border-color:#373737}.wpml-ls-toggle-control .components-form-toggle>.components-form-toggle__thumb{background-color:#373737}.ant-select-dropdown{min-width:45px !important;max-width:45px !important;width:45px !important}.wpml-ls-color-control{border:1px solid #DDDDDD;border-bottom:0px;padding:10px;box-sizing:border-box}.wpml-ls-color-control.wpml-ls-with-bottom-border{border-bottom:1px solid #DDDDDD}.wpml-ls-color-control .wpml-ls-icon-no-color:hover{cursor:pointer}.wpml-ls-color-control .component-color-indicator{width:25px;height:25px;box-shadow:0px 0px 2px 1px lightgrey}.wpml-ls-color-control .component-color-indicator:hover{cursor:pointer}.wpml-ls-color-control .wpml-ls-color-title{top:3px}.wpml-ls-dimension-control{border-top:solid 1px #e0e0e0}.wpml-ls-dimension-control .components-panel__arrow{visibility:hidden}.wpml-ls-panel-settings-dropdown-container{position:absolute;right:0px}.wpml-ls-icon-link{width:24px;height:24px;top:3px;border-radius:2px}.ant-input-number-handler-wrap{display:none !important}.ant-input-number-input{padding-right:0px !important;padding-left:3px !important}.block-editor-contrast-checker+.block-editor-contrast-checker{display:none}.current-language-item{display:flex;align-items:center;min-height:30px}.current-language-item .wp-block-navigation-item__content>div{display:flex;align-items:center}.wpml-ls-fontLetterCase-control button.components-button.has-icon{margin-right:0 !important;min-width:30px !important;height:30px !important}.wpml-ls-fontLetterSpacing-control div.components-input-control__container{top:4px}[data-wpml='language-item']:first-of-type{margin-top:5px !important}.wpml-ls-dimension-panel .components-panel__arrow{display:none}.wpml-ls-typography-panel .components-panel__arrow{display:none}.wpml-ls-panel-settings-dropdown-container>div>button>span.anticon-more{font-size:large;margin-right:10px}.wpml-ls-panel-settings-dropdown-container>div>button>span.anticon-plus{font-size:medium;margin-right:10px}.wpml-ls-color-panel .wpml-ls-color-panel-wrap button.components-button:focus{outline:2px solid #2F7D92;color:#2F7D92}.wpml-ls-color-panel .wpml-ls-color-panel-wrap button.components-button:hover{color:#2F7D92 !important}.wpml-ls-option-btn-wrap:focus{outline:4px solid #2F7D92}.wpml-ls-option-btn-wrap:hover:not(.wpml-ls-option-btn-wrap[data-selected=\"true\"]){outline:2px solid #2F7D92;color:#2F7D92 !important}.wpml-ls-toggle-control .components-toggle-control__label:hover{color:#2F7D92}.components-input-control__container:hover .components-input-control__backdrop{border-color:#2F7D92 !important}input.components-input-control__input:focus ~ .components-input-control__backdrop{outline:2px solid #2F7D92 !important}.components-toggle-group-control[role=\"radiogroup\"]:hover{border-color:#2F7D92}.components-toggle-group-control[role=\"radiogroup\"] .components-toggle-group-control-option-base[role=\"radio\"]:hover{color:#2F7D92}.components-toggle-group-control[role=\"radiogroup\"] .components-toggle-group-control-option-base[role=\"radio\"]:focus{color:#2F7D92;outline:2px solid #2F7D92}.ant-slider .ant-slider-handle:not(.ant-tooltip-open){background-color:#2F7D92 !important;border-color:#373737}.ant-slider:hover .ant-slider-handle:not(.ant-tooltip-open),.ant-slider .ant-slider-handle:focus{background-color:#373737 !important;border-color:#2F7D92}.wpml-ls-typography-panel .components-panel__body .ant-col{margin-bottom:12px}.wpml-ls-fontSize-control div[aria-label=\"Font size\"]{margin-bottom:12px}.wpml-ls-fontSize-control .wpml-ls-fontLetterSpacing-control{display:grid;place-items:center;align-self:center}\n\n<\/style><div id=\"\" class=\"wpml-language-switcher-block is-layout-flex is-responsive has-child-selected wp-block-navigation selectoridiomes\"><div class=\"block-editor-block-list__block wp-block wp-block-navigation-item has-link has-child wp-block-navigation-submenu\"><div class=\"wpml-ls-dropdown open-on-hover-click \"><ul class=\"wp-block-navigation__container\"><li class=\"wp-block-navigation-item has-child wp-block-navigation-submenu open-on-hover-click\"><div class=\"wp-block-navigation-item__content wp-block-navigation-submenu__toggle\" aria-expanded=\"false\"><span class=\"current-language-item\" style=\"display:flex;cursor:pointer\" data-wpml=\"current-language-item\"><div style=\"display:inline-block\" class=\"wp-block-navigation-item__content\"><div><img decoding=\"async\" alt=\"wpml-ls-flag\" class=\"wpml-ls-flag\" src=\"https:\/\/albuferanature.com\/wp-content\/plugins\/sitepress-multilingual-cms\/res\/flags\/fr.svg\" style=\"margin-right:4px;width:18px;height:12px;border-radius:50%;object-fit:cover\" size=\"24\" data-wpml=\"flag-url\"><span style=\"--font-family:;--font-size:16px\" data-wpml=\"label\" data-wpml-label-type=\"native\" class=\"wp-block-navigation-item__label  hasFontFamily hasFontSize\">FR<\/span><\/div><\/div><span class=\"wp-block-navigation__submenu-icon\"><svg xmlns=\"http:\/\/www.w3.org\/2000\/svg\" width=\"12\" height=\"12\" viewbox=\"0 0 12 12\" fill=\"none\" aria-hidden=\"true\" focusable=\"false\"><path d=\"M1.50002 4L6.00002 8L10.5 4\" stroke-width=\"1.5\"><\/path><\/svg><\/span><\/span><\/div><ul class=\"wp-block-navigation__submenu-container isHorizontal\" style=\"flex-wrap:nowrap\" data-is-drop-zone=\"true\"><li class=\"wp-block-navigation-item \" data-wpml=\"language-item\"><div><a class=\"wp-block-navigation-item__content\" style=\"--font-family:;--font-size:16px\" data-wpml=\"link\" href=\"https:\/\/albuferanature.com\/en\/\" aria-label=\"Passer &agrave; EN\"><img decoding=\"async\" alt=\"wpml-ls-flag\" class=\"wpml-ls-flag\" src=\"https:\/\/albuferanature.com\/wp-content\/plugins\/sitepress-multilingual-cms\/res\/flags\/en.svg\" style=\"margin-right:4px;width:18px;height:12px;border-radius:50%;object-fit:cover\" size=\"24\" data-wpml=\"flag-url\"><span style=\"--font-family:;--font-size:16px\" data-wpml=\"label\" data-wpml-label-type=\"native\" class=\"wp-block-navigation-item__label  hasFontFamily hasFontSize\">EN<\/span><\/a><\/div><\/li><li class=\"wp-block-navigation-item \" data-wpml=\"language-item\"><div><a class=\"wp-block-navigation-item__content\" style=\"--font-family:;--font-size:16px\" data-wpml=\"link\" href=\"https:\/\/albuferanature.com\/\" aria-label=\"Passer &agrave; ES\"><img decoding=\"async\" alt=\"wpml-ls-flag\" class=\"wpml-ls-flag\" src=\"https:\/\/albuferanature.com\/wp-content\/plugins\/sitepress-multilingual-cms\/res\/flags\/es.svg\" style=\"margin-right:4px;width:18px;height:12px;border-radius:50%;object-fit:cover\" size=\"24\" data-wpml=\"flag-url\"><span style=\"--font-family:;--font-size:16px\" data-wpml=\"label\" data-wpml-label-type=\"native\" class=\"wp-block-navigation-item__label  hasFontFamily hasFontSize\">ES<\/span><\/a><\/div><\/li><\/ul><\/li><\/ul><\/div><\/div><\/div>\n<\/div>\n\n\n\n<div class=\"wp-block-group has-background is-content-justification-space-between is-layout-flex wp-container-core-group-is-layout-3b2b1f03 wp-block-group-is-layout-flex\" style=\"background-color:#00000000;padding-top:20px;padding-bottom:20px;padding-left:0\">\n<div class=\"wp-block-group is-layout-constrained wp-block-group-is-layout-constrained\"><div class=\"wp-block-site-logo\"><a href=\"https:\/\/albuferanature.com\/fr\/\" class=\"custom-logo-link\" rel=\"home\"><img loading=\"lazy\" decoding=\"async\" width=\"220\" height=\"38\" src=\"https:\/\/albuferanature.com\/wp-content\/uploads\/2023\/09\/Albufera-Nature-logo-03.png\" class=\"custom-logo\" alt=\"Albufera Nature logo 03\" srcset=\"https:\/\/albuferanature.com\/wp-content\/uploads\/2023\/09\/Albufera-Nature-logo-03.png 442w, https:\/\/albuferanature.com\/wp-content\/uploads\/2023\/09\/Albufera-Nature-logo-03-300x52.png 300w\" sizes=\"auto, (max-width: 220px) 100vw, 220px\" \/><\/a><\/div><\/div>\n\n\n<nav class=\"has-text-color has-background-color is-responsive wp-block-navigation is-layout-flex wp-block-navigation-is-layout-flex\" aria-label=\"Navigation\" \n\t\t data-wp-interactive=\"core\/navigation\" data-wp-context='{\"overlayOpenedBy\":{\"click\":false,\"hover\":false,\"focus\":false},\"type\":\"overlay\",\"roleAttribute\":\"\",\"ariaLabel\":\"Menu\"}'><button aria-haspopup=\"dialog\" aria-label=\"Ouvrir le menu\" class=\"wp-block-navigation__responsive-container-open\" \n\t\t\t\tdata-wp-on--click=\"actions.openMenuOnClick\"\n\t\t\t\tdata-wp-on--keydown=\"actions.handleMenuKeydown\"\n\t\t\t><svg width=\"24\" height=\"24\" xmlns=\"http:\/\/www.w3.org\/2000\/svg\" viewBox=\"0 0 24 24\" aria-hidden=\"true\" focusable=\"false\"><path d=\"M4 7.5h16v1.5H4z\"><\/path><path d=\"M4 15h16v1.5H4z\"><\/path><\/svg><\/button>\n\t\t\t\t<div class=\"wp-block-navigation__responsive-container\"  id=\"modal-1\" \n\t\t\t\tdata-wp-class--has-modal-open=\"state.isMenuOpen\"\n\t\t\t\tdata-wp-class--is-menu-open=\"state.isMenuOpen\"\n\t\t\t\tdata-wp-watch=\"callbacks.initMenu\"\n\t\t\t\tdata-wp-on--keydown=\"actions.handleMenuKeydown\"\n\t\t\t\tdata-wp-on--focusout=\"actions.handleMenuFocusout\"\n\t\t\t\ttabindex=\"-1\"\n\t\t\t>\n\t\t\t\t\t<div class=\"wp-block-navigation__responsive-close\" tabindex=\"-1\">\n\t\t\t\t\t\t<div class=\"wp-block-navigation__responsive-dialog\" \n\t\t\t\tdata-wp-bind--aria-modal=\"state.ariaModal\"\n\t\t\t\tdata-wp-bind--aria-label=\"state.ariaLabel\"\n\t\t\t\tdata-wp-bind--role=\"state.roleAttribute\"\n\t\t\t>\n\t\t\t\t\t\t\t<button aria-label=\"Fermer le menu\" class=\"wp-block-navigation__responsive-container-close\" \n\t\t\t\tdata-wp-on--click=\"actions.closeMenuOnClick\"\n\t\t\t><svg xmlns=\"http:\/\/www.w3.org\/2000\/svg\" viewBox=\"0 0 24 24\" width=\"24\" height=\"24\" aria-hidden=\"true\" focusable=\"false\"><path d=\"m13.06 12 6.47-6.47-1.06-1.06L12 10.94 5.53 4.47 4.47 5.53 10.94 12l-6.47 6.47 1.06 1.06L12 13.06l6.47 6.47 1.06-1.06L13.06 12Z\"><\/path><\/svg><\/button>\n\t\t\t\t\t\t\t<div class=\"wp-block-navigation__responsive-container-content\" \n\t\t\t\tdata-wp-watch=\"callbacks.focusFirstElement\"\n\t\t\t id=\"modal-1-content\">\n\t\t\t\t\t\t\t\t<ul class=\"wp-block-navigation__container has-text-color has-background-color is-responsive wp-block-navigation\"><li class=\" wp-block-navigation-item wp-block-navigation-link\"><a class=\"wp-block-navigation-item__content\"  href=\"https:\/\/albuferanature.com\/fr\/nos-activites\/\"><span class=\"wp-block-navigation-item__label\">Nos Activit\u00e9s<\/span><\/a><\/li><li class=\" wp-block-navigation-item wp-block-navigation-link\"><a class=\"wp-block-navigation-item__content\"  href=\"https:\/\/albuferanature.com\/fr\/contactez-nous\/\"><span class=\"wp-block-navigation-item__label\">Contactez-nous<\/span><\/a><\/li><li class=\" wp-block-navigation-item wp-block-navigation-link\"><a class=\"wp-block-navigation-item__content\"  href=\"https:\/\/albuferanature.com\/fr\/parc-naturel-de-lalbufera\/\"><span class=\"wp-block-navigation-item__label\">Parc Naturel de l&rsquo;Albufera<\/span><\/a><\/li><li class=\" wp-block-navigation-item wp-block-navigation-link\"><a class=\"wp-block-navigation-item__content\"  href=\"https:\/\/albuferanature.com\/fr\/habitats-naturels-faune-et-flore\/\"><span class=\"wp-block-navigation-item__label\">Habitats naturels, faune et flore<\/span><\/a><\/li><\/ul>\n\t\t\t\t\t\t\t<\/div>\n\t\t\t\t\t\t<\/div>\n\t\t\t\t\t<\/div>\n\t\t\t\t<\/div><\/nav><\/div>\n\n\n\n<div class=\"wp-block-columns is-layout-flex wp-container-core-columns-is-layout-28f84493 wp-block-columns-is-layout-flex\">\n<div class=\"wp-block-column is-layout-flow wp-block-column-is-layout-flow\" style=\"flex-basis:100%\"><\/div>\n<\/div>\n\n\n\n<div style=\"height:40px\" aria-hidden=\"true\" class=\"wp-block-spacer\"><\/div>\n\n\n\n<h2 class=\"wp-block-heading alignwide has-white-color has-text-color\" style=\"font-style:normal;font-weight:500\">Parc Naturel de l&rsquo;Albufera de Valence<\/h2>\n\n\n\n<h4 class=\"wp-block-heading alignwide has-white-color has-text-color\" style=\"font-style:normal;font-weight:500\">Une destination incontournable<\/h4>\n\n\n\n<div style=\"height:100px\" aria-hidden=\"true\" class=\"wp-block-spacer\"><\/div>\n<\/div><\/div>\n\n\n\n<div class=\"wp-block-group alignfull has-primary-color has-text-color has-background has-link-color wp-elements-2a50ddb17988a60a9fd12b4ad87c7a57 is-layout-flow wp-block-group-is-layout-flow\" style=\"background-color:#ebebeb;margin-top:0;margin-bottom:0;padding-top:6rem;padding-bottom:6rem\">\n<div class=\"wp-block-group alignwide is-layout-flow wp-block-group-is-layout-flow\">\n<div class=\"wp-block-columns is-layout-flex wp-container-core-columns-is-layout-28f84493 wp-block-columns-is-layout-flex\">\n<div class=\"wp-block-column is-layout-flow wp-block-column-is-layout-flow\" style=\"flex-basis:66.66%\">\n<h2 class=\"wp-block-heading\" style=\"font-style:normal;font-weight:500\">Le Parc <\/h2>\n\n\n\n<p>Le parc naturel de l&rsquo;Albufera \u00e0 Valence est une destination incontournable pour les amoureux de la nature, situ\u00e9e \u00e0 10 km de la ville de Valence. Avec une superficie de plus de 21 000 hectares, c&rsquo;est l&rsquo;une des zones de plus grande valeur \u00e9cologique de la p\u00e9ninsule et reconnue pour la beaut\u00e9 de ses paysages et sa riche biodiversit\u00e9.<\/p>\n<\/div>\n\n\n\n<div class=\"wp-block-column is-layout-flow wp-block-column-is-layout-flow\" style=\"flex-basis:33.33%\"><\/div>\n<\/div>\n<\/div>\n<\/div>\n\n\n\n<div class=\"wp-block-media-text alignfull has-media-on-the-right is-stacked-on-mobile is-vertically-aligned-top is-image-fill has-text-color has-background has-link-color wp-elements-b11ee4d22cea16caeab7d5ac29a296e0\" style=\"color:#fffdc7;background-color:#121c1c;margin-top:0;margin-right:0;margin-bottom:0;margin-left:0;padding-right:0;padding-left:0;grid-template-columns:auto 33%\"><div class=\"wp-block-media-text__content\">\n<div style=\"height:40px\" aria-hidden=\"true\" class=\"wp-block-spacer\"><\/div>\n\n\n\n<div class=\"wp-block-group has-link-color wp-elements-65744e7551a7ead0eeda357dfae73c0e is-layout-flow wp-block-group-is-layout-flow\" style=\"padding-top:2em;padding-bottom:2em\">\n<h2 class=\"wp-block-heading has-text-align-left\" style=\"font-style:normal;font-weight:500;line-height:1.15\">3 grands \u00e9cosyst\u00e8mes<\/h2>\n\n\n\n<p><strong>Le premier est le lac de La Albufera<\/strong>, qui donne son nom au parc naturel et est le c\u0153ur de cet environnement naturel.<br>Avec ses pr\u00e8s de 3000 hectares, c\u2019est le plus grand lac d\u2019eau douce d\u2019Espagne, cependant, sa profondeur moyenne est de 1,2 m\u00e8tres. Cette lagune abrite une grande diversit\u00e9 d&rsquo;esp\u00e8ces d&rsquo;oiseaux aquatiques et elle est consid\u00e9r\u00e9e comme une zone de conservation importante, avec une grande beaut\u00e9, des eaux calmes et claires refl\u00e9tant le ciel et la v\u00e9g\u00e9tation environnante.<\/p>\n\n\n\n<hr class=\"wp-block-separator has-text-color has-alpha-channel-opacity has-background is-style-wide\" style=\"background-color:#fffdc7;color:#fffdc7\"\/>\n\n\n\n<p>Autour du lac, on trouve le deuxi\u00e8me \u00e9cosyst\u00e8me, form\u00e9 par le marais et ses rizi\u00e8res. Cet \u00e9cosyst\u00e8me est le plus grand de ceux qui composent le parc naturel avec 16000 hectares.<br><br><strong>Les rizi\u00e8res sont une partie essentielle du paysage de La Albufera <\/strong> et jouent un r\u00f4le important dans la conservation de cet \u00e9cosyst\u00e8me. La culture du riz dans cette r\u00e9gion remonte \u00e0 des si\u00e8cles et est devenue une activit\u00e9 traditionnelle qui fait partie de la culture et de l\u2019histoire de la r\u00e9gion.<\/p>\n\n\n\n<hr class=\"wp-block-separator has-text-color has-alpha-channel-opacity has-background is-style-wide\" style=\"background-color:#fffdc7;color:#fffdc7\"\/>\n\n\n\n<p class=\"has-text-align-left\">Le troisi\u00e8me grand \u00e9cosyst\u00e8me, qui s\u00e9pare le lac de la mer, est la Devesa, l&rsquo;une des for\u00eats c\u00f4ti\u00e8res les plus pr\u00e9cieuses du m\u00e9dit\u00e9ran\u00e9en. Cette bande c\u00f4ti\u00e8re de 2000 hectares, 35 kilom\u00e8tres de longue et un kilom\u00e8tre de large, est une zone naturelle prot\u00e9g\u00e9e situ\u00e9e au sud de la ville de Valence. La faune qui habite cette for\u00eat est tr\u00e8s diversifi\u00e9e et adapt\u00e9e \u00e0 l&rsquo;\u00e9cosyst\u00e8me.<br><br>Aujourd&rsquo;hui, le lac est reli\u00e9 \u00e0 la mer par trois canaux de drainage. Ces canaux, appel\u00e9s golas, r\u00e9gulent le niveau d\u2019eau du lac avec leurs vannes qui, lorsqu\u2019elles sont ferm\u00e9es, permettent l\u2019inondation des rizi\u00e8res, gr\u00e2ce aux apports d\u2019eau des rivi\u00e8res J\u00facar, dans une plus grande mesure, et la rivi\u00e8re Turia. Le sens d\u2019\u00e9coulement de l\u2019eau est toujours du lac vers la mer. Cela est d\u00fb \u00e0 la n\u00e9cessit\u00e9 de ne pas saliniser l&rsquo;eau puisque la culture du riz n\u00e9cessite de l&rsquo;eau douce.<\/p>\n<\/div>\n\n\n\n<div style=\"height:40px\" aria-hidden=\"true\" class=\"wp-block-spacer\"><\/div>\n<\/div><figure class=\"wp-block-media-text__media\" style=\"background-image:url(https:\/\/albuferanature.com\/wp-content\/uploads\/2023\/10\/Arbol-con-garzas-mejorada-768x1024.jpg);background-position:50% 50%\"><img loading=\"lazy\" decoding=\"async\" width=\"768\" height=\"1024\" src=\"https:\/\/albuferanature.com\/wp-content\/uploads\/2023\/10\/Arbol-con-garzas-mejorada-768x1024.jpg\" alt=\"3 grands \u00e9cosyst\u00e8mes\" class=\"wp-image-815 size-full\" srcset=\"https:\/\/albuferanature.com\/wp-content\/uploads\/2023\/10\/Arbol-con-garzas-mejorada-768x1023.jpg 768w, https:\/\/albuferanature.com\/wp-content\/uploads\/2023\/10\/Arbol-con-garzas-mejorada-225x300.jpg 225w, https:\/\/albuferanature.com\/wp-content\/uploads\/2023\/10\/Arbol-con-garzas-mejorada-1153x1536.jpg 1153w, https:\/\/albuferanature.com\/wp-content\/uploads\/2023\/10\/Arbol-con-garzas-mejorada-1537x2048.jpg 1537w, https:\/\/albuferanature.com\/wp-content\/uploads\/2023\/10\/Arbol-con-garzas-mejorada-scaled.jpg 1921w\" sizes=\"auto, (max-width: 768px) 100vw, 768px\" \/><\/figure><\/div>\n\n\n\n<div class=\"wp-block-group alignfull has-primary-color has-text-color has-background has-link-color wp-elements-84686aa9b28dfc7de933ecc14d321b45 is-layout-flow wp-block-group-is-layout-flow\" style=\"background-color:#ebebeb;margin-top:0;margin-bottom:0;padding-top:6rem;padding-bottom:6rem\">\n<div class=\"wp-block-group alignwide is-layout-flow wp-block-group-is-layout-flow\">\n<div class=\"wp-block-columns is-layout-flex wp-container-core-columns-is-layout-28f84493 wp-block-columns-is-layout-flex\">\n<div class=\"wp-block-column is-layout-flow wp-block-column-is-layout-flow\" style=\"flex-basis:66.66%\">\n<h2 class=\"wp-block-heading\" style=\"font-style:normal;font-weight:500\">Formation du Parc<\/h2>\n\n\n\n<p>Il y a environ un million d\u2019ann\u00e9es, \u00e0 Valence, il y avait un immense golfe marin (il s\u2019\u00e9tendait de l\u2019actuelle capitale au village de Cullera: environ 35 km), qui est devenu au fil du temps une portion d\u2019eau s\u00e9par\u00e9e de la M\u00e9diterran\u00e9e par une bande c\u00f4ti\u00e8re (LA DEVESA) sous la forme d\u2019un barrage de sable dans lequel la v\u00e9g\u00e9tation de broussailles m\u00e9diterran\u00e9ennes a ensuite pouss\u00e9. . Cette petite mer ou \u00ab Albuhaira \u00bb, comme l\u2019appelaient les Arabes, a toujours \u00e9t\u00e9 une grande source de ressources \u00e0 partir desquelles un grand nombre d\u2019\u00eatres vivants ont surv\u00e9cu, parmi lesquels on trouve \u00e9galement nous les humains. Cette interaction entre l\u2019homme et le parc a conduit au d\u00e9veloppement de rizi\u00e8res ou le marais, qui font aujourd\u2019hui partie de l\u2019\u00e9cosyst\u00e8me de l\u2019environnement de L\u2019Albufera, principale raison de la transformation des eaux, \u00e0 l\u2019origine sal\u00e9es, en lac d\u2019eau douce que nous connaissons aujourd\u2019hui.<\/p>\n<\/div>\n\n\n\n<div class=\"wp-block-column is-layout-flow wp-block-column-is-layout-flow\" style=\"flex-basis:33%\"><\/div>\n<\/div>\n<\/div>\n<\/div>\n\n\n\n<div class=\"wp-block-group alignfull has-primary-color has-background-background-color has-text-color has-background has-link-color wp-elements-cafa9bf0b6b8f1078a92a70cba6273f9 is-layout-flow wp-block-group-is-layout-flow\" style=\"margin-top:0;margin-bottom:0;padding-top:6rem;padding-bottom:6rem\">\n<div class=\"wp-block-group alignwide is-layout-flow wp-block-group-is-layout-flow\">\n<div class=\"wp-block-columns is-layout-flex wp-container-core-columns-is-layout-28f84493 wp-block-columns-is-layout-flex\">\n<div class=\"wp-block-column is-layout-flow wp-block-column-is-layout-flow\" style=\"padding-right:var(--wp--preset--spacing--60);flex-basis:66.6%\">\n<iframe src=\"https:\/\/www.google.com\/maps\/embed?pb=!1m18!1m12!1m3!1d98714.28535939343!2d-0.4380647733529825!3d39.360280545646226!2m3!1f0!2f0!3f0!3m2!1i1024!2i768!4f13.1!3m3!1m2!1s0xd604be3b9363753%3A0x73a2af3e2947bc44!2sParc%20Natural%20de%20l'Albufera!5e0!3m2!1ses!2ses!4v1695737234238!5m2!1ses!2ses\" width=\"100%\" height=\"100%\" style=\"border:0;\" allowfullscreen=\"\" loading=\"lazy\" referrerpolicy=\"no-referrer-when-downgrade\"><\/iframe>\n<\/div>\n\n\n\n<div class=\"wp-block-column is-layout-flow wp-container-core-column-is-layout-1396dd20 wp-block-column-is-layout-flow\" style=\"padding-top:0;padding-right:0;padding-bottom:0;padding-left:0;flex-basis:33%\">\n<h2 class=\"wp-block-heading\" style=\"font-style:normal;font-weight:500;line-height:1.5\">Faits int\u00e9ressants<\/h2>\n\n\n\n<p><br><strong>Date de d\u00e9claration du Parc Naturel:<\/strong> 8 juillet 1986<br><br><strong>Extension du Parc Naturel:<\/strong> 21 120 ha.<br><br><strong>Extension du lac Albufera:<\/strong> 2837 ha.<br><br><strong>Profondeur moyenne:<\/strong> 1,2 m<br><\/p>\n\n\n\n<p><strong>Zones humides d&rsquo;importance internationale de la Conf\u00e9rence de Ramsar:<\/strong> 8 mai 1990.<br><br><strong>D\u00e9clar\u00e9e zone de protection sp\u00e9ciale (ZPS):<\/strong> 8 juin 1994<\/p>\n\n\n\n<div style=\"height:30px\" aria-hidden=\"true\" class=\"wp-block-spacer\"><\/div>\n\n\n\n<div style=\"height:30px\" aria-hidden=\"true\" class=\"wp-block-spacer\"><\/div>\n\n\n\n<div class=\"wp-block-buttons is-layout-flex wp-block-buttons-is-layout-flex\">\n<div class=\"wp-block-button\"><a class=\"wp-block-button__link wp-element-button\" href=\"https:\/\/parquesnaturales.gva.es\/documents\/80302883\/166264158\/Mapa+Parc+Natural+Albufera_cast_val+2022.pdf\/7cfe7034-b699-6b0c-11f1-3b9a5a702062?t=1664450722491\" target=\"_blank\" rel=\"noreferrer noopener\">T\u00e9l\u00e9charger la carte touristique du parc<\/a><\/div>\n<\/div>\n<\/div>\n<\/div>\n<\/div>\n<\/div>\n\n\n\n<div class=\"wp-block-group alignfull has-text-color has-background is-layout-constrained wp-container-core-group-is-layout-291338e5 wp-block-group-is-layout-constrained\" style=\"color:#fffdc7;background-color:#474d4b;margin-top:0;padding-top:2.5em;padding-right:2.5em;padding-bottom:2.5em;padding-left:2.5em\">\n<h4 class=\"wp-block-heading has-text-align-center\" id=\"schedule-a-visit\" style=\"font-style:normal;font-weight:500\"><strong>Plongez dans le parc naturel et connaissez-le \u00e0 travers les diff\u00e9rentes activit\u00e9s que nous proposons<\/strong><\/h4>\n\n\n\n<div style=\"height:30px\" aria-hidden=\"true\" class=\"wp-block-spacer\"><\/div>\n\n\n\n<div class=\"wp-block-buttons is-content-justification-center is-layout-flex wp-container-core-buttons-is-layout-563154ed wp-block-buttons-is-layout-flex\" style=\"margin-top:0;margin-bottom:0\">\n<div class=\"wp-block-button\"><a class=\"wp-block-button__link has-background-color has-text-color has-background has-text-align-center wp-element-button\" href=\"https:\/\/albuferanature.com\/fr\/nos-activites\/\" style=\"border-width:2px;background-color:#00000000\">Nos Activit\u00e9s<\/a><\/div>\n<\/div>\n<\/div>\n\n\n\n<div class=\"wp-block-group alignfull has-background-color has-white-color has-text-color has-background has-link-color wp-elements-e9108c6e80c53fd69f35fe9cbe53f553 is-layout-flow wp-container-core-group-is-layout-f5c6050b wp-block-group-is-layout-flow\" style=\"background-color:#121c1c;min-height:40vh;margin-top:0;margin-bottom:0;padding-top:var(--wp--preset--spacing--60);padding-right:var(--wp--preset--spacing--20);padding-bottom:var(--wp--preset--spacing--60);padding-left:var(--wp--preset--spacing--20)\">\n<div class=\"wp-block-columns alignwide has-small-font-size is-layout-flex wp-container-core-columns-is-layout-f3d9e646 wp-block-columns-is-layout-flex\" style=\"padding-right:2em;padding-left:2em\">\n<div class=\"wp-block-column is-layout-flow wp-block-column-is-layout-flow\" style=\"padding-top:0;padding-right:0;padding-bottom:0;padding-left:0\">\n<h4 class=\"wp-block-heading has-text-align-left has-medium-font-size\" style=\"font-style:normal;font-weight:500;text-transform:uppercase\">Albufera Nature<\/h4>\n\n\n\n<p class=\"has-text-align-left\">Nous sommes originaires du parc naturel de l&rsquo;Albufera et notre objectif est que les visiteurs du parc repartent avec des informations et une culture de l&rsquo;Albuferenca.<br><\/p>\n\n\n\n<p>Albufera Nature \u00ae 2023<\/p>\n\n\n\n<div style=\"height:24px\" aria-hidden=\"true\" class=\"wp-block-spacer\"><\/div>\n<\/div>\n\n\n\n<div class=\"wp-block-column is-layout-flow wp-block-column-is-layout-flow\">\n<h4 class=\"wp-block-heading has-text-align-left has-medium-font-size\" style=\"font-style:normal;font-weight:500;text-transform:uppercase\">Activities<\/h4>\n\n\n<nav class=\"has-small-font-size  is-vertical no-wrap wp-block-navigation is-nowrap is-layout-flex wp-container-core-navigation-is-layout-9bc6ff26 wp-block-navigation-is-layout-flex\" aria-label=\"Navegaci\u00f3n Footer EN\"><ul class=\"wp-block-navigation__container has-small-font-size  is-vertical no-wrap wp-block-navigation has-small-font-size\"><li class=\"has-small-font-size wp-block-navigation-item wp-block-navigation-link\"><a class=\"wp-block-navigation-item__content\"  href=\"\/fr\/excursions-en-bateau-couchers-de-soleil\/\"><span class=\"wp-block-navigation-item__label\">Excursions en bateau + couchers de soleil <\/span><\/a><\/li><li class=\"has-small-font-size wp-block-navigation-item wp-block-navigation-link\"><a class=\"wp-block-navigation-item__content\"  href=\"\/fr\/excursions-pour-les-ecoles\/\"><span class=\"wp-block-navigation-item__label\">Excursions pour les \u00e9coles<\/span><\/a><\/li><li class=\"has-small-font-size wp-block-navigation-item wp-block-navigation-link\"><a class=\"wp-block-navigation-item__content\"  href=\"\/fr\/excursions-privees-pour-les-groupes\/\"><span class=\"wp-block-navigation-item__label\">Excursions priv\u00e9es pour les groupes<\/span><\/a><\/li><li class=\"has-small-font-size wp-block-navigation-item wp-block-navigation-link\"><a class=\"wp-block-navigation-item__content\"  href=\"\/fr\/evenements-pour-les-couples-et-les-groupes\/\"><span class=\"wp-block-navigation-item__label\">\u00c9v\u00e9nements pour les couples et les groupes<\/span><\/a><\/li><li class=\"has-small-font-size wp-block-navigation-item wp-block-navigation-link\"><a class=\"wp-block-navigation-item__content\"  href=\"\/fr\/tourisme-ornithologique\/\"><span class=\"wp-block-navigation-item__label\">Tourisme ornithologique<\/span><\/a><\/li><li class=\"has-small-font-size wp-block-navigation-item wp-block-navigation-link\"><a class=\"wp-block-navigation-item__content\"  href=\"\/fr\/seances-photo\/\"><span class=\"wp-block-navigation-item__label\">S\u00e9ances photo<\/span><\/a><\/li><\/ul><\/nav>\n\n\n<div style=\"height:24px\" aria-hidden=\"true\" class=\"wp-block-spacer\"><\/div>\n<\/div>\n\n\n\n<div class=\"wp-block-column is-layout-flow wp-block-column-is-layout-flow\">\n<h4 class=\"wp-block-heading has-text-align-left has-medium-font-size\" style=\"font-style:normal;font-weight:500;text-transform:uppercase\">Parc Naturel de l&rsquo;Albufera<\/h4>\n\n\n<nav class=\"has-small-font-size  is-vertical no-wrap wp-block-navigation is-nowrap is-layout-flex wp-container-core-navigation-is-layout-9bc6ff26 wp-block-navigation-is-layout-flex\" aria-label=\"Navegaci\u00f3n ES\"><ul class=\"wp-block-navigation__container has-small-font-size  is-vertical no-wrap wp-block-navigation has-small-font-size\"><li class=\"has-small-font-size wp-block-navigation-item wp-block-navigation-link\"><a class=\"wp-block-navigation-item__content\"  href=\"https:\/\/albuferanature.com\/fr\/nos-activites\/\"><span class=\"wp-block-navigation-item__label\">Nos Activit\u00e9s<\/span><\/a><\/li><li class=\"has-small-font-size wp-block-navigation-item wp-block-navigation-link\"><a class=\"wp-block-navigation-item__content\"  href=\"https:\/\/albuferanature.com\/fr\/contactez-nous\/\"><span class=\"wp-block-navigation-item__label\">Contact et r\u00e9servations<\/span><\/a><\/li><li class=\"has-small-font-size wp-block-navigation-item wp-block-navigation-link\"><a class=\"wp-block-navigation-item__content\"  href=\"https:\/\/albuferanature.com\/fr\/parc-naturel-de-lalbufera\/\"><span class=\"wp-block-navigation-item__label\">Parc Naturel de l\u2019Albufera<\/span><\/a><\/li><li class=\"has-small-font-size wp-block-navigation-item wp-block-navigation-link\"><a class=\"wp-block-navigation-item__content\"  href=\"https:\/\/albuferanature.com\/fr\/habitats-naturels-faune-et-flore\/\"><span class=\"wp-block-navigation-item__label\">Habitats <\/span><\/a><\/li><\/ul><\/nav>\n\n\n<div style=\"height:24px\" aria-hidden=\"true\" class=\"wp-block-spacer\"><\/div>\n<\/div>\n\n\n\n<div class=\"wp-block-column is-layout-flow wp-block-column-is-layout-flow\">\n<h4 class=\"wp-block-heading has-text-align-left has-medium-font-size\" style=\"font-style:normal;font-weight:500;text-transform:uppercase\">Suivez-nous<\/h4>\n\n\n\n<div class=\"wp-block-group is-vertical is-content-justification-left is-layout-flex wp-container-core-group-is-layout-32091062 wp-block-group-is-layout-flex\">\n<p><a href=\"https:\/\/www.facebook.com\/AlbuferaNature\/\" data-type=\"link\" data-id=\"https:\/\/www.facebook.com\/AlbuferaNature\/\" target=\"_blank\" rel=\"noreferrer noopener\">Facebook<\/a><\/p>\n\n\n\n<p><a href=\"https:\/\/www.instagram.com\/albufera_nature\/\" data-type=\"link\" data-id=\"https:\/\/www.instagram.com\/albufera_nature\/\" target=\"_blank\" rel=\"noreferrer noopener\">Instagram<\/a><\/p>\n\n\n\n<p><a href=\"https:\/\/twitter.com\/albufera_nature\" target=\"_blank\" rel=\"noreferrer noopener\">Twitter<\/a><\/p>\n<\/div>\n\n\n\n<div style=\"height:24px\" aria-hidden=\"true\" class=\"wp-block-spacer\"><\/div>\n<\/div>\n<\/div>\n\n\n\n<div class=\"wp-block-group has-background-background-color has-background is-content-justification-center is-nowrap is-layout-flex wp-container-core-group-is-layout-23441af8 wp-block-group-is-layout-flex\">\n<figure class=\"wp-block-image size-large\"><img loading=\"lazy\" decoding=\"async\" width=\"1024\" height=\"103\" src=\"https:\/\/albuferanature.com\/wp-content\/uploads\/2023\/10\/kit-digital-albufera-nature-1024x103.png\" alt=\"\" class=\"wp-image-1130\" style=\"aspect-ratio:12.962025316455696;object-fit:contain\" srcset=\"https:\/\/albuferanature.com\/wp-content\/uploads\/2023\/10\/kit-digital-albufera-nature-1024x103.png 1024w, https:\/\/albuferanature.com\/wp-content\/uploads\/2023\/10\/kit-digital-albufera-nature-300x30.png 300w, https:\/\/albuferanature.com\/wp-content\/uploads\/2023\/10\/kit-digital-albufera-nature-768x78.png 768w, https:\/\/albuferanature.com\/wp-content\/uploads\/2023\/10\/kit-digital-albufera-nature.png 1535w\" sizes=\"auto, (max-width: 1024px) 100vw, 1024px\" \/><\/figure>\n<\/div>\n<\/div>\n","protected":false},"excerpt":{"rendered":"<p>Le Parc Le parc naturel de l&rsquo;Albufera \u00e0 Valence est une destination incontournable pour les amoureux de la nature, situ\u00e9e \u00e0 10 km de la ville de Valence. Avec une superficie de plus de 21 000 hectares, c&rsquo;est l&rsquo;une des zones de plus grande valeur \u00e9cologique de la p\u00e9ninsule et reconnue pour la beaut\u00e9 de [&hellip;]<\/p>\n","protected":false},"author":1,"featured_media":0,"parent":0,"menu_order":0,"comment_status":"closed","ping_status":"closed","template":"blank","meta":{"footnotes":""},"class_list":["post-1554","page","type-page","status-publish","hentry"],"yoast_head":"<!-- This site is optimized with the Yoast SEO plugin v27.3 - https:\/\/yoast.com\/product\/yoast-seo-wordpress\/ -->\n<title>Parc Naturel de l&#039;Albufera - ALBUFERA NATURE<\/title>\n<meta name=\"description\" content=\"informations g\u00e9n\u00e9rales et plan touristique pour vous pr\u00e9senter le Parc Naturel de La Albufera de Valencia.\" \/>\n<meta name=\"robots\" content=\"index, follow, max-snippet:-1, max-image-preview:large, max-video-preview:-1\" \/>\n<link rel=\"canonical\" href=\"https:\/\/albuferanature.com\/fr\/parc-naturel-de-lalbufera\/\" \/>\n<meta property=\"og:locale\" content=\"fr_FR\" \/>\n<meta property=\"og:type\" content=\"article\" \/>\n<meta property=\"og:title\" content=\"Parc Naturel de l&#039;Albufera - ALBUFERA NATURE\" \/>\n<meta property=\"og:description\" content=\"informations g\u00e9n\u00e9rales et plan touristique pour vous pr\u00e9senter le Parc Naturel de La Albufera de Valencia.\" \/>\n<meta property=\"og:url\" content=\"https:\/\/albuferanature.com\/fr\/parc-naturel-de-lalbufera\/\" \/>\n<meta property=\"og:site_name\" content=\"ALBUFERA NATURE\" \/>\n<meta property=\"article:publisher\" content=\"https:\/\/www.facebook.com\/AlbuferaNature\/\" \/>\n<meta property=\"article:modified_time\" content=\"2024-04-30T12:55:29+00:00\" \/>\n<meta property=\"og:image\" content=\"https:\/\/albuferanature.com\/wp-content\/uploads\/2023\/10\/Albufera-Nature-header-02.jpg\" \/>\n<meta name=\"twitter:card\" content=\"summary_large_image\" \/>\n<meta name=\"twitter:site\" content=\"@albufera_nature\" \/>\n<meta name=\"twitter:label1\" content=\"Dur\u00e9e de lecture estim\u00e9e\" \/>\n\t<meta name=\"twitter:data1\" content=\"8 minutes\" \/>\n<script type=\"application\/ld+json\" class=\"yoast-schema-graph\">{\"@context\":\"https:\\\/\\\/schema.org\",\"@graph\":[{\"@type\":\"WebPage\",\"@id\":\"https:\\\/\\\/albuferanature.com\\\/fr\\\/parc-naturel-de-lalbufera\\\/\",\"url\":\"https:\\\/\\\/albuferanature.com\\\/fr\\\/parc-naturel-de-lalbufera\\\/\",\"name\":\"Parc Naturel de l'Albufera - ALBUFERA NATURE\",\"isPartOf\":{\"@id\":\"https:\\\/\\\/albuferanature.com\\\/#website\"},\"primaryImageOfPage\":{\"@id\":\"https:\\\/\\\/albuferanature.com\\\/fr\\\/parc-naturel-de-lalbufera\\\/#primaryimage\"},\"image\":{\"@id\":\"https:\\\/\\\/albuferanature.com\\\/fr\\\/parc-naturel-de-lalbufera\\\/#primaryimage\"},\"thumbnailUrl\":\"https:\\\/\\\/albuferanature.com\\\/wp-content\\\/uploads\\\/2023\\\/10\\\/Albufera-Nature-header-02.jpg\",\"datePublished\":\"2023-09-26T12:40:56+00:00\",\"dateModified\":\"2024-04-30T12:55:29+00:00\",\"description\":\"informations g\u00e9n\u00e9rales et plan touristique pour vous pr\u00e9senter le Parc Naturel de La Albufera de Valencia.\",\"breadcrumb\":{\"@id\":\"https:\\\/\\\/albuferanature.com\\\/fr\\\/parc-naturel-de-lalbufera\\\/#breadcrumb\"},\"inLanguage\":\"fr-FR\",\"potentialAction\":[{\"@type\":\"ReadAction\",\"target\":[\"https:\\\/\\\/albuferanature.com\\\/fr\\\/parc-naturel-de-lalbufera\\\/\"]}]},{\"@type\":\"ImageObject\",\"inLanguage\":\"fr-FR\",\"@id\":\"https:\\\/\\\/albuferanature.com\\\/fr\\\/parc-naturel-de-lalbufera\\\/#primaryimage\",\"url\":\"https:\\\/\\\/albuferanature.com\\\/wp-content\\\/uploads\\\/2023\\\/10\\\/Albufera-Nature-header-02.jpg\",\"contentUrl\":\"https:\\\/\\\/albuferanature.com\\\/wp-content\\\/uploads\\\/2023\\\/10\\\/Albufera-Nature-header-02.jpg\"},{\"@type\":\"BreadcrumbList\",\"@id\":\"https:\\\/\\\/albuferanature.com\\\/fr\\\/parc-naturel-de-lalbufera\\\/#breadcrumb\",\"itemListElement\":[{\"@type\":\"ListItem\",\"position\":1,\"name\":\"Portada\",\"item\":\"https:\\\/\\\/albuferanature.com\\\/fr\\\/\"},{\"@type\":\"ListItem\",\"position\":2,\"name\":\"Parc Naturel de l&#8217;Albufera\"}]},{\"@type\":\"WebSite\",\"@id\":\"https:\\\/\\\/albuferanature.com\\\/#website\",\"url\":\"https:\\\/\\\/albuferanature.com\\\/\",\"name\":\"ALBUFERA NATURE\",\"description\":\"Ecoturismo responsable en el Parque Natural de la Albufera de Valencia\",\"publisher\":{\"@id\":\"https:\\\/\\\/albuferanature.com\\\/#organization\"},\"alternateName\":\"paseos en barca por la albufera de valencia\",\"potentialAction\":[{\"@type\":\"SearchAction\",\"target\":{\"@type\":\"EntryPoint\",\"urlTemplate\":\"https:\\\/\\\/albuferanature.com\\\/?s={search_term_string}\"},\"query-input\":{\"@type\":\"PropertyValueSpecification\",\"valueRequired\":true,\"valueName\":\"search_term_string\"}}],\"inLanguage\":\"fr-FR\"},{\"@type\":\"Organization\",\"@id\":\"https:\\\/\\\/albuferanature.com\\\/#organization\",\"name\":\"Rutas en barca por la Albufera de Valencia\",\"url\":\"https:\\\/\\\/albuferanature.com\\\/\",\"logo\":{\"@type\":\"ImageObject\",\"inLanguage\":\"fr-FR\",\"@id\":\"https:\\\/\\\/albuferanature.com\\\/#\\\/schema\\\/logo\\\/image\\\/\",\"url\":\"https:\\\/\\\/albuferanature.com\\\/wp-content\\\/uploads\\\/2023\\\/12\\\/cropped-albufera-favicon.png\",\"contentUrl\":\"https:\\\/\\\/albuferanature.com\\\/wp-content\\\/uploads\\\/2023\\\/12\\\/cropped-albufera-favicon.png\",\"width\":512,\"height\":512,\"caption\":\"Rutas en barca por la Albufera de Valencia\"},\"image\":{\"@id\":\"https:\\\/\\\/albuferanature.com\\\/#\\\/schema\\\/logo\\\/image\\\/\"},\"sameAs\":[\"https:\\\/\\\/www.facebook.com\\\/AlbuferaNature\\\/\",\"https:\\\/\\\/x.com\\\/albufera_nature\",\"https:\\\/\\\/www.instagram.com\\\/albufera_nature\\\/\"]}]}<\/script>\n<!-- \/ Yoast SEO plugin. -->","yoast_head_json":{"title":"Parc Naturel de l'Albufera - ALBUFERA NATURE","description":"informations g\u00e9n\u00e9rales et plan touristique pour vous pr\u00e9senter le Parc Naturel de La Albufera de Valencia.","robots":{"index":"index","follow":"follow","max-snippet":"max-snippet:-1","max-image-preview":"max-image-preview:large","max-video-preview":"max-video-preview:-1"},"canonical":"https:\/\/albuferanature.com\/fr\/parc-naturel-de-lalbufera\/","og_locale":"fr_FR","og_type":"article","og_title":"Parc Naturel de l'Albufera - ALBUFERA NATURE","og_description":"informations g\u00e9n\u00e9rales et plan touristique pour vous pr\u00e9senter le Parc Naturel de La Albufera de Valencia.","og_url":"https:\/\/albuferanature.com\/fr\/parc-naturel-de-lalbufera\/","og_site_name":"ALBUFERA NATURE","article_publisher":"https:\/\/www.facebook.com\/AlbuferaNature\/","article_modified_time":"2024-04-30T12:55:29+00:00","og_image":[{"url":"https:\/\/albuferanature.com\/wp-content\/uploads\/2023\/10\/Albufera-Nature-header-02.jpg","type":"","width":"","height":""}],"twitter_card":"summary_large_image","twitter_site":"@albufera_nature","twitter_misc":{"Dur\u00e9e de lecture estim\u00e9e":"8 minutes"},"schema":{"@context":"https:\/\/schema.org","@graph":[{"@type":"WebPage","@id":"https:\/\/albuferanature.com\/fr\/parc-naturel-de-lalbufera\/","url":"https:\/\/albuferanature.com\/fr\/parc-naturel-de-lalbufera\/","name":"Parc Naturel de l'Albufera - ALBUFERA NATURE","isPartOf":{"@id":"https:\/\/albuferanature.com\/#website"},"primaryImageOfPage":{"@id":"https:\/\/albuferanature.com\/fr\/parc-naturel-de-lalbufera\/#primaryimage"},"image":{"@id":"https:\/\/albuferanature.com\/fr\/parc-naturel-de-lalbufera\/#primaryimage"},"thumbnailUrl":"https:\/\/albuferanature.com\/wp-content\/uploads\/2023\/10\/Albufera-Nature-header-02.jpg","datePublished":"2023-09-26T12:40:56+00:00","dateModified":"2024-04-30T12:55:29+00:00","description":"informations g\u00e9n\u00e9rales et plan touristique pour vous pr\u00e9senter le Parc Naturel de La Albufera de Valencia.","breadcrumb":{"@id":"https:\/\/albuferanature.com\/fr\/parc-naturel-de-lalbufera\/#breadcrumb"},"inLanguage":"fr-FR","potentialAction":[{"@type":"ReadAction","target":["https:\/\/albuferanature.com\/fr\/parc-naturel-de-lalbufera\/"]}]},{"@type":"ImageObject","inLanguage":"fr-FR","@id":"https:\/\/albuferanature.com\/fr\/parc-naturel-de-lalbufera\/#primaryimage","url":"https:\/\/albuferanature.com\/wp-content\/uploads\/2023\/10\/Albufera-Nature-header-02.jpg","contentUrl":"https:\/\/albuferanature.com\/wp-content\/uploads\/2023\/10\/Albufera-Nature-header-02.jpg"},{"@type":"BreadcrumbList","@id":"https:\/\/albuferanature.com\/fr\/parc-naturel-de-lalbufera\/#breadcrumb","itemListElement":[{"@type":"ListItem","position":1,"name":"Portada","item":"https:\/\/albuferanature.com\/fr\/"},{"@type":"ListItem","position":2,"name":"Parc Naturel de l&#8217;Albufera"}]},{"@type":"WebSite","@id":"https:\/\/albuferanature.com\/#website","url":"https:\/\/albuferanature.com\/","name":"ALBUFERA NATURE","description":"Ecoturismo responsable en el Parque Natural de la Albufera de Valencia","publisher":{"@id":"https:\/\/albuferanature.com\/#organization"},"alternateName":"paseos en barca por la albufera de valencia","potentialAction":[{"@type":"SearchAction","target":{"@type":"EntryPoint","urlTemplate":"https:\/\/albuferanature.com\/?s={search_term_string}"},"query-input":{"@type":"PropertyValueSpecification","valueRequired":true,"valueName":"search_term_string"}}],"inLanguage":"fr-FR"},{"@type":"Organization","@id":"https:\/\/albuferanature.com\/#organization","name":"Rutas en barca por la Albufera de Valencia","url":"https:\/\/albuferanature.com\/","logo":{"@type":"ImageObject","inLanguage":"fr-FR","@id":"https:\/\/albuferanature.com\/#\/schema\/logo\/image\/","url":"https:\/\/albuferanature.com\/wp-content\/uploads\/2023\/12\/cropped-albufera-favicon.png","contentUrl":"https:\/\/albuferanature.com\/wp-content\/uploads\/2023\/12\/cropped-albufera-favicon.png","width":512,"height":512,"caption":"Rutas en barca por la Albufera de Valencia"},"image":{"@id":"https:\/\/albuferanature.com\/#\/schema\/logo\/image\/"},"sameAs":["https:\/\/www.facebook.com\/AlbuferaNature\/","https:\/\/x.com\/albufera_nature","https:\/\/www.instagram.com\/albufera_nature\/"]}]}},"_links":{"self":[{"href":"https:\/\/albuferanature.com\/fr\/wp-json\/wp\/v2\/pages\/1554","targetHints":{"allow":["GET"]}}],"collection":[{"href":"https:\/\/albuferanature.com\/fr\/wp-json\/wp\/v2\/pages"}],"about":[{"href":"https:\/\/albuferanature.com\/fr\/wp-json\/wp\/v2\/types\/page"}],"author":[{"embeddable":true,"href":"https:\/\/albuferanature.com\/fr\/wp-json\/wp\/v2\/users\/1"}],"replies":[{"embeddable":true,"href":"https:\/\/albuferanature.com\/fr\/wp-json\/wp\/v2\/comments?post=1554"}],"version-history":[{"count":3,"href":"https:\/\/albuferanature.com\/fr\/wp-json\/wp\/v2\/pages\/1554\/revisions"}],"predecessor-version":[{"id":1634,"href":"https:\/\/albuferanature.com\/fr\/wp-json\/wp\/v2\/pages\/1554\/revisions\/1634"}],"wp:attachment":[{"href":"https:\/\/albuferanature.com\/fr\/wp-json\/wp\/v2\/media?parent=1554"}],"curies":[{"name":"wp","href":"https:\/\/api.w.org\/{rel}","templated":true}]}}