{"id":1515,"date":"2023-09-27T10:53:15","date_gmt":"2023-09-27T10:53:15","guid":{"rendered":"https:\/\/albuferanature.com\/excursions-privees-pour-les-groupes\/"},"modified":"2026-04-01T16:39:06","modified_gmt":"2026-04-01T16:39:06","slug":"excursions-privees-pour-les-groupes","status":"publish","type":"page","link":"https:\/\/albuferanature.com\/fr\/excursions-privees-pour-les-groupes\/","title":{"rendered":"Excursions priv\u00e9es pour les groupes"},"content":{"rendered":"\n<div class=\"wp-block-cover alignfull wp-duotone-unset-2\" style=\"margin-bottom:0;padding-top:0px\"><img loading=\"lazy\" decoding=\"async\" width=\"1440\" height=\"440\" class=\"wp-block-cover__image-background wp-image-818\" alt=\"Excursions priv\u00e9es pour les groupes\" src=\"https:\/\/albuferanature.com\/wp-content\/uploads\/2023\/10\/Albufera-Nature-header-02.jpg\" data-object-fit=\"cover\" srcset=\"https:\/\/albuferanature.com\/wp-content\/uploads\/2023\/10\/Albufera-Nature-header-02.jpg 1440w, https:\/\/albuferanature.com\/wp-content\/uploads\/2023\/10\/Albufera-Nature-header-02-300x92.jpg 300w, https:\/\/albuferanature.com\/wp-content\/uploads\/2023\/10\/Albufera-Nature-header-02-1024x313.jpg 1024w, https:\/\/albuferanature.com\/wp-content\/uploads\/2023\/10\/Albufera-Nature-header-02-768x235.jpg 768w\" sizes=\"auto, (max-width: 1440px) 100vw, 1440px\" \/><span aria-hidden=\"true\" class=\"wp-block-cover__background has-background-dim-0 has-background-dim\" style=\"background-color:#000000\"><\/span><div class=\"wp-block-cover__inner-container is-layout-flow wp-block-cover-is-layout-flow\">\n<div class=\"wp-block-group has-background is-content-justification-right is-layout-flex wp-container-core-group-is-layout-e96f0965 wp-block-group-is-layout-flex\" style=\"background-color:#00000000;padding-top:10px;padding-right:0;padding-bottom:0px;padding-left:0\"><style>html[dir=\"rtl\"] .wpml-language-switcher-block .wpml-ls-dropdown ul li.wp-block-navigation-submenu .wp-block-navigation-submenu__toggle img{margin-left:12px}html[dir=\"rtl\"] .wpml-language-switcher-block .wpml-ls-dropdown ul li.wp-block-navigation-submenu ul.isHorizontal li{text-align:right}html[dir=\"rtl\"] .wpml-language-switcher-block .wpml-ls-dropdown ul li.wp-block-navigation-submenu ul.isHorizontal li a img{margin-left:12px}.wpml-language-switcher-block{display:flex;box-sizing:border-box;width:100% !important}.wpml-language-switcher-block>.wp-block-navigation-item,.wpml-language-switcher-block>.wp-block-navigation-item>div{display:flex;width:100% !important}.wpml-language-switcher-block .wp-block-navigation__container{background:unset !important}.wpml-language-switcher-block .hide-arrow .wp-block-navigation__submenu-icon{display:none}.wpml-language-switcher-block .wpml-ls-dropdown .wp-block-navigation-submenu__toggle.wpml-ls-keyboard-focus ~ .wp-block-navigation__submenu-container,.wpml-language-switcher-block .wpml-ls-dropdown li.open-on-hover-click .wp-block-navigation-submenu__toggle:focus ~ .wp-block-navigation__submenu-container,.wpml-language-switcher-block .wpml-ls-dropdown li.open-on-hover-click .wp-block-navigation-submenu__toggle:focus-within ~ .wp-block-navigation__submenu-container,.wpml-language-switcher-block .wpml-ls-dropdown li.open-on-hover-click:focus-within>.wp-block-navigation__submenu-container{visibility:visible;opacity:1;display:block;overflow:visible}.wpml-language-switcher-block .wpml-ls-dropdown ul li button{padding:0}.wpml-language-switcher-block .wpml-ls-dropdown ul li button+.isHorizontal{min-width:inherit !important}.wpml-language-switcher-block .wpml-ls-dropdown ul li button+.isHorizontal li{width:inherit !important}.wpml-language-switcher-block .wpml-ls-dropdown ul li button+.isHorizontal li a{display:flex;align-items:center;min-width:max-content}.wpml-language-switcher-block .wpml-ls-dropdown ul li.wp-block-navigation-submenu ul.isHorizontal{margin:0;min-width:inherit !important}.wpml-language-switcher-block .wpml-ls-dropdown ul li.wp-block-navigation-submenu ul.isHorizontal li{width:inherit !important;text-align:left}.wpml-language-switcher-block .wpml-ls-dropdown ul li.wp-block-navigation-submenu ul.isHorizontal li a{display:flex;align-items:center;min-width:max-content}.wpml-language-switcher-block ul{list-style-type:none !important;padding:0 !important;width:100%}.wpml-language-switcher-block ul li{margin:0}.wpml-language-switcher-block ul li>a.wp-block-navigation-item__content:focus{outline:1px solid #2F7D92}.wpml-language-switcher-block ul li.is-focused{outline:1px solid #2F7D92}.wpml-language-switcher-block ul.wp-block-navigation__submenu-container{border:inherit !important;background-color:unset !important;min-width:unset !important}.wpml-language-switcher-block ul.wp-block-navigation__submenu-container .wp-block-navigation-item{border-radius:0 !important}.wpml-language-switcher-block ul.wp-block-navigation__submenu-container .wp-block-navigation-item a{display:flex;align-items:center;min-width:max-content;padding:1px}.wpml-language-switcher-block ul.horizontal-list{display:flex;flex-direction:row;align-items:center;justify-content:flex-start;margin:0 !important;gap:1em !important}.wpml-language-switcher-block ul.horizontal-list li{display:inline-block;margin:0;line-height:100%}.wpml-language-switcher-block ul.horizontal-list li a{line-height:100%}.wpml-language-switcher-block ul.center-justify{justify-content:center}.wpml-language-switcher-block ul.center-justify .wp-block-navigation-item{justify-content:center}.wpml-language-switcher-block ul.right-justify{justify-content:right}.wpml-language-switcher-block ul.right-justify .wp-block-navigation-item{justify-content:right}.wpml-language-switcher-block ul.space_between-justify{justify-content:space-between}.wpml-language-switcher-block ul.space_between-justify li>div{white-space:nowrap}.wpml-language-switcher-block .hasHoverColor:hover{color:var(--hover-color) !important}.wpml-language-switcher-block .hasHoverBackgroundColor:hover{background-color:var(--hover-background-color) !important}.wpml-language-switcher-block ul.isHorizontal{padding-left:0;list-style:none}.wpml-language-switcher-block ul.isHorizontal li{display:inline;margin-left:0}.wpml-language-switcher-block ul.isHorizontal li div{display:inline-block}.wpml-language-switcher-block ul.hasSpacing.isHorizontal li:not(:last-child){margin-right:var(--language-spacing) !important}.wpml-language-switcher-block ul.hasSpacing.isVertical li:not(:last-child){margin-bottom:var(--language-spacing) !important}.wpml-language-switcher-block ul.hasSpacing.isVertical .wp-block-navigation-item>div,.wpml-language-switcher-block ul.hasSpacing.isVertical .wp-block-navigation-item>div>a{display:inline-flex;align-items:center}.wpml-language-switcher-block .hasHoverColor:hover{color:var(--hover-color) !important}.wpml-language-switcher-block .hasHoverBackgroundColor:hover{background-color:var(--hover-background-color) !important}.wpml-language-switcher-block .hasFontSize{font-size:var(--font-size) !important}.wpml-language-switcher-block .hasLetterSpacing{letter-spacing:var(--letter-spacing) !important}.wpml-language-switcher-block .hasTextTransform{text-transform:var(--text-transform) !important}.wpml-language-switcher-block .hasFontFamily{font-family:var(--font-family) !important}.wpml-ls-flag{display:inline-block}.wpml-ls-flag-style-btn{border:0px transparent;padding-top:3px !important}.wpml-ls-flag-style-btn.black-bg{background-color:black}.wpml-ls-flag-style-btn.transparent-bg{background-color:transparent}.wpml-ls-control-row{border:solid 1px #949494;border-radius:2px;margin-bottom:8px}.wpml-ls-control-row-with-padding{padding:1px}.wpml-ls-number-control{max-width:100%;width:100%}.wpml-ls-slider-control-alert{margin-top:5px !important}.wpml-ls-slider .ant-slider-track{background-color:#3858E9}.wpml-ls-slider .ant-slider-handle{border:solid 1px black}.wpml-ls-control-blue{color:#2F7D92}.wpml-ls-number-with-unit-select select{color:#2F7D92;font-weight:700}.wpml-ls-control-grey{color:#757575}.wpml-ls-control-bg-grey{background-color:#a6a6a6}.wpml-ls-control-font{font-family:\"SF Pro Text\", sans-serif;font-style:normal;font-weight:400 !important;font-size:13px !important;line-height:140% !important}.wpml-ls-option-btn-col{padding:0.5px}.wpml-ls-no-borders{border:none}.ant-col-8.wpml-ls-option-btn-col{display:inline-flex}.wpml-ls-three-btn-row .wpml-ls-option-btn-wrap{padding-top:8px;padding-bottom:8px;white-space:normal;word-break:break-word}.wpml-ls-three-btn-row .ant-btn-no-height-less-padding{height:unset;padding-right:10px;padding-left:10px}.wpml-ls-full-width{width:100%}.wpml-ls-toggle-control .components-form-toggle.is-checked>.components-form-toggle__track{background-color:#2F7D92;border-color:#2F7D92}.wpml-ls-toggle-control .components-form-toggle.is-checked>.components-form-toggle__thumb{background-color:white}.wpml-ls-toggle-control .components-form-toggle>.components-form-toggle__track{background-color:white;border-color:#373737}.wpml-ls-toggle-control .components-form-toggle>.components-form-toggle__thumb{background-color:#373737}.ant-select-dropdown{min-width:45px !important;max-width:45px !important;width:45px !important}.wpml-ls-color-control{border:1px solid #DDDDDD;border-bottom:0px;padding:10px;box-sizing:border-box}.wpml-ls-color-control.wpml-ls-with-bottom-border{border-bottom:1px solid #DDDDDD}.wpml-ls-color-control .wpml-ls-icon-no-color:hover{cursor:pointer}.wpml-ls-color-control .component-color-indicator{width:25px;height:25px;box-shadow:0px 0px 2px 1px lightgrey}.wpml-ls-color-control .component-color-indicator:hover{cursor:pointer}.wpml-ls-color-control .wpml-ls-color-title{top:3px}.wpml-ls-dimension-control{border-top:solid 1px #e0e0e0}.wpml-ls-dimension-control .components-panel__arrow{visibility:hidden}.wpml-ls-panel-settings-dropdown-container{position:absolute;right:0px}.wpml-ls-icon-link{width:24px;height:24px;top:3px;border-radius:2px}.ant-input-number-handler-wrap{display:none !important}.ant-input-number-input{padding-right:0px !important;padding-left:3px !important}.block-editor-contrast-checker+.block-editor-contrast-checker{display:none}.current-language-item{display:flex;align-items:center;min-height:30px}.current-language-item .wp-block-navigation-item__content>div{display:flex;align-items:center}.wpml-ls-fontLetterCase-control button.components-button.has-icon{margin-right:0 !important;min-width:30px !important;height:30px !important}.wpml-ls-fontLetterSpacing-control div.components-input-control__container{top:4px}[data-wpml='language-item']:first-of-type{margin-top:5px !important}.wpml-ls-dimension-panel .components-panel__arrow{display:none}.wpml-ls-typography-panel .components-panel__arrow{display:none}.wpml-ls-panel-settings-dropdown-container>div>button>span.anticon-more{font-size:large;margin-right:10px}.wpml-ls-panel-settings-dropdown-container>div>button>span.anticon-plus{font-size:medium;margin-right:10px}.wpml-ls-color-panel .wpml-ls-color-panel-wrap button.components-button:focus{outline:2px solid #2F7D92;color:#2F7D92}.wpml-ls-color-panel .wpml-ls-color-panel-wrap button.components-button:hover{color:#2F7D92 !important}.wpml-ls-option-btn-wrap:focus{outline:4px solid #2F7D92}.wpml-ls-option-btn-wrap:hover:not(.wpml-ls-option-btn-wrap[data-selected=\"true\"]){outline:2px solid #2F7D92;color:#2F7D92 !important}.wpml-ls-toggle-control .components-toggle-control__label:hover{color:#2F7D92}.components-input-control__container:hover .components-input-control__backdrop{border-color:#2F7D92 !important}input.components-input-control__input:focus ~ .components-input-control__backdrop{outline:2px solid #2F7D92 !important}.components-toggle-group-control[role=\"radiogroup\"]:hover{border-color:#2F7D92}.components-toggle-group-control[role=\"radiogroup\"] .components-toggle-group-control-option-base[role=\"radio\"]:hover{color:#2F7D92}.components-toggle-group-control[role=\"radiogroup\"] .components-toggle-group-control-option-base[role=\"radio\"]:focus{color:#2F7D92;outline:2px solid #2F7D92}.ant-slider .ant-slider-handle:not(.ant-tooltip-open){background-color:#2F7D92 !important;border-color:#373737}.ant-slider:hover .ant-slider-handle:not(.ant-tooltip-open),.ant-slider .ant-slider-handle:focus{background-color:#373737 !important;border-color:#2F7D92}.wpml-ls-typography-panel .components-panel__body .ant-col{margin-bottom:12px}.wpml-ls-fontSize-control div[aria-label=\"Font size\"]{margin-bottom:12px}.wpml-ls-fontSize-control .wpml-ls-fontLetterSpacing-control{display:grid;place-items:center;align-self:center}\n\n<\/style><div id=\"\" class=\"wpml-language-switcher-block is-layout-flex is-responsive has-child-selected wp-block-navigation selectoridiomes\"><div class=\"block-editor-block-list__block wp-block wp-block-navigation-item has-link has-child wp-block-navigation-submenu\"><div class=\"wpml-ls-dropdown open-on-hover-click \"><ul class=\"wp-block-navigation__container\"><li class=\"wp-block-navigation-item has-child wp-block-navigation-submenu open-on-hover-click\"><div class=\"wp-block-navigation-item__content wp-block-navigation-submenu__toggle\" aria-expanded=\"false\"><span class=\"current-language-item\" style=\"display:flex;cursor:pointer\" data-wpml=\"current-language-item\"><div style=\"display:inline-block\" class=\"wp-block-navigation-item__content\"><div><img decoding=\"async\" alt=\"wpml-ls-flag\" class=\"wpml-ls-flag\" src=\"https:\/\/albuferanature.com\/wp-content\/plugins\/sitepress-multilingual-cms\/res\/flags\/fr.svg\" style=\"margin-right:4px;width:18px;height:12px;border-radius:50%;object-fit:cover\" size=\"24\" data-wpml=\"flag-url\"><span style=\"--font-family:;--font-size:16px\" data-wpml=\"label\" data-wpml-label-type=\"native\" class=\"wp-block-navigation-item__label  hasFontFamily hasFontSize\">FR<\/span><\/div><\/div><span class=\"wp-block-navigation__submenu-icon\"><svg xmlns=\"http:\/\/www.w3.org\/2000\/svg\" width=\"12\" height=\"12\" viewbox=\"0 0 12 12\" fill=\"none\" aria-hidden=\"true\" focusable=\"false\"><path d=\"M1.50002 4L6.00002 8L10.5 4\" stroke-width=\"1.5\"><\/path><\/svg><\/span><\/span><\/div><ul class=\"wp-block-navigation__submenu-container isHorizontal\" style=\"flex-wrap:nowrap\" data-is-drop-zone=\"true\"><li class=\"wp-block-navigation-item \" data-wpml=\"language-item\"><div><a class=\"wp-block-navigation-item__content\" style=\"--font-family:;--font-size:16px\" data-wpml=\"link\" href=\"https:\/\/albuferanature.com\/en\/\" aria-label=\"Passer &agrave; EN\"><img decoding=\"async\" alt=\"wpml-ls-flag\" class=\"wpml-ls-flag\" src=\"https:\/\/albuferanature.com\/wp-content\/plugins\/sitepress-multilingual-cms\/res\/flags\/en.svg\" style=\"margin-right:4px;width:18px;height:12px;border-radius:50%;object-fit:cover\" size=\"24\" data-wpml=\"flag-url\"><span style=\"--font-family:;--font-size:16px\" data-wpml=\"label\" data-wpml-label-type=\"native\" class=\"wp-block-navigation-item__label  hasFontFamily hasFontSize\">EN<\/span><\/a><\/div><\/li><li class=\"wp-block-navigation-item \" data-wpml=\"language-item\"><div><a class=\"wp-block-navigation-item__content\" style=\"--font-family:;--font-size:16px\" data-wpml=\"link\" href=\"https:\/\/albuferanature.com\/\" aria-label=\"Passer &agrave; ES\"><img decoding=\"async\" alt=\"wpml-ls-flag\" class=\"wpml-ls-flag\" src=\"https:\/\/albuferanature.com\/wp-content\/plugins\/sitepress-multilingual-cms\/res\/flags\/es.svg\" style=\"margin-right:4px;width:18px;height:12px;border-radius:50%;object-fit:cover\" size=\"24\" data-wpml=\"flag-url\"><span style=\"--font-family:;--font-size:16px\" data-wpml=\"label\" data-wpml-label-type=\"native\" class=\"wp-block-navigation-item__label  hasFontFamily hasFontSize\">ES<\/span><\/a><\/div><\/li><\/ul><\/li><\/ul><\/div><\/div><\/div>\n<\/div>\n\n\n\n<div class=\"wp-block-group has-background is-content-justification-space-between is-layout-flex wp-container-core-group-is-layout-3b2b1f03 wp-block-group-is-layout-flex\" style=\"background-color:#00000000;padding-top:20px;padding-bottom:20px;padding-left:0\">\n<div class=\"wp-block-group is-layout-constrained wp-block-group-is-layout-constrained\"><div class=\"wp-block-site-logo\"><a href=\"https:\/\/albuferanature.com\/fr\/\" class=\"custom-logo-link\" rel=\"home\"><img loading=\"lazy\" decoding=\"async\" width=\"220\" height=\"38\" src=\"https:\/\/albuferanature.com\/wp-content\/uploads\/2023\/09\/Albufera-Nature-logo-03.png\" class=\"custom-logo\" alt=\"Albufera Nature logo 03\" srcset=\"https:\/\/albuferanature.com\/wp-content\/uploads\/2023\/09\/Albufera-Nature-logo-03.png 442w, https:\/\/albuferanature.com\/wp-content\/uploads\/2023\/09\/Albufera-Nature-logo-03-300x52.png 300w\" sizes=\"auto, (max-width: 220px) 100vw, 220px\" \/><\/a><\/div><\/div>\n\n\n<nav class=\"has-text-color has-background-color is-responsive wp-block-navigation is-layout-flex wp-block-navigation-is-layout-flex\" aria-label=\"Navigation\" \n\t\t data-wp-interactive=\"core\/navigation\" data-wp-context='{\"overlayOpenedBy\":{\"click\":false,\"hover\":false,\"focus\":false},\"type\":\"overlay\",\"roleAttribute\":\"\",\"ariaLabel\":\"Menu\"}'><button aria-haspopup=\"dialog\" aria-label=\"Ouvrir le menu\" class=\"wp-block-navigation__responsive-container-open\" \n\t\t\t\tdata-wp-on--click=\"actions.openMenuOnClick\"\n\t\t\t\tdata-wp-on--keydown=\"actions.handleMenuKeydown\"\n\t\t\t><svg width=\"24\" height=\"24\" xmlns=\"http:\/\/www.w3.org\/2000\/svg\" viewBox=\"0 0 24 24\" aria-hidden=\"true\" focusable=\"false\"><path d=\"M4 7.5h16v1.5H4z\"><\/path><path d=\"M4 15h16v1.5H4z\"><\/path><\/svg><\/button>\n\t\t\t\t<div class=\"wp-block-navigation__responsive-container\"  id=\"modal-1\" \n\t\t\t\tdata-wp-class--has-modal-open=\"state.isMenuOpen\"\n\t\t\t\tdata-wp-class--is-menu-open=\"state.isMenuOpen\"\n\t\t\t\tdata-wp-watch=\"callbacks.initMenu\"\n\t\t\t\tdata-wp-on--keydown=\"actions.handleMenuKeydown\"\n\t\t\t\tdata-wp-on--focusout=\"actions.handleMenuFocusout\"\n\t\t\t\ttabindex=\"-1\"\n\t\t\t>\n\t\t\t\t\t<div class=\"wp-block-navigation__responsive-close\" tabindex=\"-1\">\n\t\t\t\t\t\t<div class=\"wp-block-navigation__responsive-dialog\" \n\t\t\t\tdata-wp-bind--aria-modal=\"state.ariaModal\"\n\t\t\t\tdata-wp-bind--aria-label=\"state.ariaLabel\"\n\t\t\t\tdata-wp-bind--role=\"state.roleAttribute\"\n\t\t\t>\n\t\t\t\t\t\t\t<button aria-label=\"Fermer le menu\" class=\"wp-block-navigation__responsive-container-close\" \n\t\t\t\tdata-wp-on--click=\"actions.closeMenuOnClick\"\n\t\t\t><svg xmlns=\"http:\/\/www.w3.org\/2000\/svg\" viewBox=\"0 0 24 24\" width=\"24\" height=\"24\" aria-hidden=\"true\" focusable=\"false\"><path d=\"m13.06 12 6.47-6.47-1.06-1.06L12 10.94 5.53 4.47 4.47 5.53 10.94 12l-6.47 6.47 1.06 1.06L12 13.06l6.47 6.47 1.06-1.06L13.06 12Z\"><\/path><\/svg><\/button>\n\t\t\t\t\t\t\t<div class=\"wp-block-navigation__responsive-container-content\" \n\t\t\t\tdata-wp-watch=\"callbacks.focusFirstElement\"\n\t\t\t id=\"modal-1-content\">\n\t\t\t\t\t\t\t\t<ul class=\"wp-block-navigation__container has-text-color has-background-color is-responsive wp-block-navigation\"><li class=\" wp-block-navigation-item wp-block-navigation-link\"><a class=\"wp-block-navigation-item__content\"  href=\"https:\/\/albuferanature.com\/fr\/nos-activites\/\"><span class=\"wp-block-navigation-item__label\">Nos Activit\u00e9s<\/span><\/a><\/li><li class=\" wp-block-navigation-item wp-block-navigation-link\"><a class=\"wp-block-navigation-item__content\"  href=\"https:\/\/albuferanature.com\/fr\/contactez-nous\/\"><span class=\"wp-block-navigation-item__label\">Contactez-nous<\/span><\/a><\/li><li class=\" wp-block-navigation-item wp-block-navigation-link\"><a class=\"wp-block-navigation-item__content\"  href=\"https:\/\/albuferanature.com\/fr\/parc-naturel-de-lalbufera\/\"><span class=\"wp-block-navigation-item__label\">Parc Naturel de l&rsquo;Albufera<\/span><\/a><\/li><li class=\" wp-block-navigation-item wp-block-navigation-link\"><a class=\"wp-block-navigation-item__content\"  href=\"https:\/\/albuferanature.com\/fr\/habitats-naturels-faune-et-flore\/\"><span class=\"wp-block-navigation-item__label\">Habitats naturels, faune et flore<\/span><\/a><\/li><\/ul>\n\t\t\t\t\t\t\t<\/div>\n\t\t\t\t\t\t<\/div>\n\t\t\t\t\t<\/div>\n\t\t\t\t<\/div><\/nav><\/div>\n\n\n\n<div class=\"wp-block-columns is-layout-flex wp-container-core-columns-is-layout-28f84493 wp-block-columns-is-layout-flex\">\n<div class=\"wp-block-column is-layout-flow wp-block-column-is-layout-flow\" style=\"flex-basis:100%\"><\/div>\n<\/div>\n\n\n\n<div style=\"height:50px\" aria-hidden=\"true\" class=\"wp-block-spacer\"><\/div>\n\n\n\n<h2 class=\"wp-block-heading alignwide has-white-color has-text-color\" style=\"font-style:normal;font-weight:500\">Excursions priv\u00e9es pour les groupes<\/h2>\n\n\n\n<h4 class=\"wp-block-heading alignwide has-white-color has-text-color\" style=\"font-style:normal;font-weight:500\">Activit\u00e9s<\/h4>\n\n\n\n<div style=\"height:150px\" aria-hidden=\"true\" class=\"wp-block-spacer\"><\/div>\n<\/div><\/div>\n\n\n\n<div class=\"wp-block-group alignfull has-primary-color has-text-color has-background has-link-color wp-elements-a62c77a50fd0d2ab55826af85d5c87d5 is-layout-flow wp-block-group-is-layout-flow\" style=\"background-color:#ebebeb;margin-top:0;margin-bottom:0;padding-top:6rem;padding-bottom:6rem\">\n<div class=\"wp-block-group alignwide is-layout-flow wp-block-group-is-layout-flow\">\n<div class=\"wp-block-columns is-layout-flex wp-container-core-columns-is-layout-28f84493 wp-block-columns-is-layout-flex\">\n<div class=\"wp-block-column is-layout-flow wp-block-column-is-layout-flow\" style=\"flex-basis:66.66%\">\n<h2 class=\"wp-block-heading\" style=\"font-style:normal;font-weight:500\">Excursions priv\u00e9es pour les groupes<\/h2>\n\n\n\n<p>Nous avons des packs disponibles avec diff\u00e9rentes activit\u00e9s pour les groupes qui vous permettront de profiter d&rsquo;une belle journ\u00e9e dans le parc naturel de l&rsquo;Albufera. <\/p>\n\n\n\n<h4 class=\"wp-block-heading has-large-font-size\" style=\"font-style:normal;font-weight:500\">Possibilit\u00e9 d\u2019engager un guide en anglais, fran\u00e7ais et italien.<\/h4>\n<\/div>\n\n\n\n<div class=\"wp-block-column is-layout-flow wp-block-column-is-layout-flow\" style=\"flex-basis:33.33%\"><\/div>\n<\/div>\n<\/div>\n<\/div>\n\n\n\n<div class=\"wp-block-group alignfull has-primary-color has-text-color has-background has-link-color wp-elements-e95f94d13c4115d83b40b3e19b3457bf is-layout-flow wp-block-group-is-layout-flow\" style=\"background-color:#d0cebb;margin-top:0;margin-bottom:0;padding-top:4%;padding-bottom:4%\">\n<div class=\"wp-block-group alignwide is-layout-flow wp-block-group-is-layout-flow\">\n<div class=\"wp-block-columns is-layout-flex wp-container-core-columns-is-layout-65a7aca3 wp-block-columns-is-layout-flex\">\n<div class=\"wp-block-column is-layout-flow wp-block-column-is-layout-flow\" style=\"flex-basis:66.66%\">\n<h3 class=\"wp-block-heading\" style=\"padding-right:0;font-style:normal;font-weight:500\">Bateau priv\u00e9<\/h3>\n\n\n\n<p>Profitez d\u2019une promenade sur le lac d\u2019une mani\u00e8re plus intime et relaxante avec votre partenaire ou vos compagnons pr\u00e9f\u00e9r\u00e9s.<\/p>\n\n\n\n<hr class=\"wp-block-separator has-text-color has-primary-color has-alpha-channel-opacity has-primary-background-color has-background is-style-wide\" style=\"margin-top:4%;margin-bottom:4%\"\/>\n\n\n\n<h4 class=\"wp-block-heading\" style=\"font-style:normal;font-weight:500\">\u00c0 partir de 100 \u20ac<\/h4>\n\n\n\n<div class=\"wp-block-buttons is-layout-flex wp-block-buttons-is-layout-flex\">\n<div class=\"wp-block-button\"><a class=\"wp-block-button__link wp-element-button\" href=\"https:\/\/albuferanature.com\/fr\/contactez-nous\/\">Faites votre r\u00e9servation<\/a><\/div>\n<\/div>\n<\/div>\n\n\n\n<div class=\"wp-block-column is-layout-flow wp-block-column-is-layout-flow\" style=\"flex-basis:33.33%\">\n<figure class=\"wp-block-image size-full has-custom-border is-style-rounded\"><img loading=\"lazy\" decoding=\"async\" width=\"760\" height=\"500\" src=\"https:\/\/albuferanature.com\/wp-content\/uploads\/2023\/10\/Albufera-nature-Familia-en-Barca.jpg\" alt=\"Bateau priv\u00e9\" class=\"wp-image-889\" style=\"border-style:none;border-width:0px;border-radius:20px\" srcset=\"https:\/\/albuferanature.com\/wp-content\/uploads\/2023\/10\/Albufera-nature-Familia-en-Barca.jpg 760w, https:\/\/albuferanature.com\/wp-content\/uploads\/2023\/10\/Albufera-nature-Familia-en-Barca-300x197.jpg 300w\" sizes=\"auto, (max-width: 760px) 100vw, 760px\" \/><\/figure>\n<\/div>\n<\/div>\n<\/div>\n<\/div>\n\n\n\n<div class=\"wp-block-group alignfull has-primary-color has-text-color has-background has-link-color wp-elements-faf1211dc935cff98b9c7a5ced3e1b50 is-layout-flow wp-container-core-group-is-layout-c0ae2b6b wp-block-group-is-layout-flow\" style=\"background-color:#dfdbab;margin-top:0;margin-bottom:0;padding-top:4%;padding-bottom:4%\">\n<div class=\"wp-block-group alignwide is-layout-flow wp-block-group-is-layout-flow\">\n<div class=\"wp-block-columns is-layout-flex wp-container-core-columns-is-layout-cf05694f wp-block-columns-is-layout-flex\">\n<div class=\"wp-block-column is-layout-flow wp-block-column-is-layout-flow\" style=\"flex-basis:66.66%\">\n<h3 class=\"wp-block-heading\" style=\"font-style:normal;font-weight:500\">Balade en bateau et itin\u00e9raire \u00e0 travers la Devesa<\/h3>\n\n\n\n<p>Forfait dirig\u00e9 aux groupes qui souhaitent vivre une exp\u00e9rience plus profonde dans le parc naturel afin de s\u2019impr\u00e9gner de la grande biodiversit\u00e9 concentr\u00e9e dans les deux excursions.&nbsp;<\/p>\n\n\n\n<p>Nous visiterons en bateau la r\u00e9serve naturelle d\u2019oiseaux du lac de La Albufera et l\u2019une des zones les plus pr\u00e9serv\u00e9es de la for\u00eat de Devesa, en marchant le long de l\u2019itin\u00e9raire botanique. Comme il ne pouvait en \u00eatre autrement, les deux excursions avec leurs explications respectives. Possibilit\u00e9 de choisir d\u2019autres itin\u00e9raires.&nbsp;<\/p>\n\n\n\n<hr class=\"wp-block-separator has-text-color has-primary-color has-alpha-channel-opacity has-primary-background-color has-background is-style-wide\" style=\"margin-top:4%;margin-bottom:4%\"\/>\n\n\n\n<h4 class=\"wp-block-heading\" style=\"font-style:normal;font-weight:500\">11 \u20ac par personne<\/h4>\n\n\n\n<p>(groupe minimum de 14 personnes)<\/p>\n\n\n\n<div class=\"wp-block-buttons is-layout-flex wp-block-buttons-is-layout-flex\">\n<div class=\"wp-block-button\"><a class=\"wp-block-button__link wp-element-button\" href=\"https:\/\/albuferanature.com\/fr\/contactez-nous\/\">Faites votre r\u00e9servation<\/a><\/div>\n<\/div>\n<\/div>\n\n\n\n<div class=\"wp-block-column is-layout-flow wp-block-column-is-layout-flow\" style=\"flex-basis:33.33%\">\n<figure class=\"wp-block-image size-full has-custom-border is-style-rounded\"><img loading=\"lazy\" decoding=\"async\" width=\"760\" height=\"500\" src=\"https:\/\/albuferanature.com\/wp-content\/uploads\/2023\/10\/Albufera-nature-Devesa-02.jpg\" alt=\"Balade en bateau et itin\u00e9raire \u00e0 travers la Devesa\" class=\"wp-image-902\" style=\"border-style:none;border-width:0px;border-radius:20px\" srcset=\"https:\/\/albuferanature.com\/wp-content\/uploads\/2023\/10\/Albufera-nature-Devesa-02.jpg 760w, https:\/\/albuferanature.com\/wp-content\/uploads\/2023\/10\/Albufera-nature-Devesa-02-300x197.jpg 300w\" sizes=\"auto, (max-width: 760px) 100vw, 760px\" \/><\/figure>\n<\/div>\n<\/div>\n<\/div>\n<\/div>\n\n\n\n<div class=\"wp-block-group alignfull has-primary-color has-text-color has-background has-link-color wp-elements-95eb7c6f7414d491cb6132a3d46fe182 is-layout-flow wp-block-group-is-layout-flow\" style=\"background-color:#dac7a0;margin-top:0;margin-bottom:0;padding-top:4rem;padding-bottom:4rem\">\n<div class=\"wp-block-group alignwide is-layout-flow wp-block-group-is-layout-flow\">\n<div class=\"wp-block-columns is-layout-flex wp-container-core-columns-is-layout-cf05694f wp-block-columns-is-layout-flex\">\n<div class=\"wp-block-column is-layout-flow wp-block-column-is-layout-flow\" style=\"flex-basis:66.66%\">\n<h3 class=\"wp-block-heading\" style=\"font-style:normal;font-weight:500\">Excursion en bateau, visite du mus\u00e9e et promenade \u00e0 travers la for\u00eat de la Devesa<\/h3>\n\n\n\n<p>Forfait complet o\u00f9 nous profiterons d\u2019environ deux heures d\u2019activit\u00e9s, parmi lesquelles nous visiterons la Casa de la Deman\u00e0, qui est un b\u00e2timent vieux de 3 si\u00e8cles, class\u00e9 comme bien d\u2019int\u00e9r\u00eat local par la Mairie de Valence, o\u00f9 les anciens postes de chasse du lac de La Albufera \u00e9taient autrefois vendus aux ench\u00e8res. Cette maison est aujourd\u2019hui adapt\u00e9e en mus\u00e9e. L\u2019excursion en bateau partira du port historique d\u2019El Saler et nous longerons le canal qui le communique avec le lac de La Albufera \u00e0 travers les rizi\u00e8res pour se terminer \u00e0 l\u2019embarcad\u00e8re du Mirador, et commencer \u00e0 partir de l\u00e0 la promenade \u00e0 travers la for\u00eat de La Devesa par son itin\u00e9raire botanique.<\/p>\n\n\n\n<hr class=\"wp-block-separator has-alpha-channel-opacity is-style-wide\" style=\"margin-top:4%;margin-bottom:4%\"\/>\n\n\n\n<h4 class=\"wp-block-heading\" style=\"font-style:normal;font-weight:500\">14 \u20ac par personne<\/h4>\n\n\n\n<p>(groupe minimum de 14 personnes)<\/p>\n\n\n\n<div class=\"wp-block-buttons is-layout-flex wp-block-buttons-is-layout-flex\">\n<div class=\"wp-block-button\"><a class=\"wp-block-button__link wp-element-button\" href=\"https:\/\/albuferanature.com\/fr\/contactez-nous\/\">Faites votre r\u00e9servation<\/a><\/div>\n<\/div>\n<\/div>\n\n\n\n<div class=\"wp-block-column is-layout-flow wp-block-column-is-layout-flow\" style=\"flex-basis:33.33%\">\n<figure class=\"wp-block-image size-full has-custom-border is-style-rounded\"><img loading=\"lazy\" decoding=\"async\" width=\"760\" height=\"500\" src=\"https:\/\/albuferanature.com\/wp-content\/uploads\/2023\/10\/Albufera-nature-Devesa-museo.jpg\" alt=\"Excursion en bateau, visite du mus\u00e9e et promenade \u00e0 travers la for\u00eat de la Devesa\" class=\"wp-image-904\" style=\"border-style:none;border-width:0px;border-radius:20px\" srcset=\"https:\/\/albuferanature.com\/wp-content\/uploads\/2023\/10\/Albufera-nature-Devesa-museo.jpg 760w, https:\/\/albuferanature.com\/wp-content\/uploads\/2023\/10\/Albufera-nature-Devesa-museo-300x197.jpg 300w\" sizes=\"auto, (max-width: 760px) 100vw, 760px\" \/><\/figure>\n<\/div>\n<\/div>\n<\/div>\n<\/div>\n\n\n\n<div class=\"wp-block-group alignfull has-primary-color has-text-color has-background has-link-color wp-elements-fbe10dcf15038dc61d8e547fd6a74962 is-layout-flow wp-container-core-group-is-layout-20eaabeb wp-block-group-is-layout-flow\" style=\"background-color:#d0cebb;margin-top:0;margin-bottom:0;padding-top:4rem;padding-bottom:4rem\">\n<div class=\"wp-block-group alignwide is-layout-flow wp-block-group-is-layout-flow\">\n<div class=\"wp-block-columns is-layout-flex wp-container-core-columns-is-layout-cf05694f wp-block-columns-is-layout-flex\">\n<div class=\"wp-block-column is-layout-flow wp-block-column-is-layout-flow\" style=\"flex-basis:66.66%\">\n<h3 class=\"wp-block-heading\" style=\"font-style:normal;font-weight:500\">Visite au \u00ab Tancat de La Pipa \u00bb<\/h3>\n\n\n\n<p>Le Tancat de La Pipa est une zone de r\u00e9serve ouverte au public o\u00f9 nous arriverons en bateau du \u00ab Mirador de La Albufera \u00bb, puis nous visiterons cette zone humide et nous reviendrons au point de d\u00e9part.&nbsp;<\/p>\n\n\n\n<p>Cette visite doit \u00eatre organis\u00e9e \u00e0 l\u2019avance.<\/p>\n\n\n\n<hr class=\"wp-block-separator has-alpha-channel-opacity is-style-wide\" style=\"margin-top:var(--wp--preset--spacing--60);margin-bottom:var(--wp--preset--spacing--60)\"\/>\n\n\n\n<h4 class=\"wp-block-heading\" style=\"font-style:normal;font-weight:500\">8 \u20ac par personne<\/h4>\n\n\n\n<p>(Groupe minimum de 14 personnes)<\/p>\n\n\n\n<div class=\"wp-block-buttons is-layout-flex wp-block-buttons-is-layout-flex\">\n<div class=\"wp-block-button\"><a class=\"wp-block-button__link wp-element-button\" href=\"https:\/\/albuferanature.com\/fr\/contactez-nous\/\">Faites votre r\u00e9servation<\/a><\/div>\n<\/div>\n<\/div>\n\n\n\n<div class=\"wp-block-column is-layout-flow wp-block-column-is-layout-flow\" style=\"flex-basis:33.33%\">\n<figure class=\"wp-block-image size-full has-custom-border is-style-rounded\"><img loading=\"lazy\" decoding=\"async\" width=\"760\" height=\"500\" src=\"https:\/\/albuferanature.com\/wp-content\/uploads\/2023\/10\/Albufera-nature-Tancat-de-la-Pipa.jpg\" alt=\"Visite au \u00ab Tancat de La Pipa \u00bb\" class=\"wp-image-906\" style=\"border-style:none;border-width:0px;border-radius:20px\" srcset=\"https:\/\/albuferanature.com\/wp-content\/uploads\/2023\/10\/Albufera-nature-Tancat-de-la-Pipa.jpg 760w, https:\/\/albuferanature.com\/wp-content\/uploads\/2023\/10\/Albufera-nature-Tancat-de-la-Pipa-300x197.jpg 300w\" sizes=\"auto, (max-width: 760px) 100vw, 760px\" \/><\/figure>\n<\/div>\n<\/div>\n<\/div>\n<\/div>\n\n\n\n<div class=\"wp-block-group alignfull has-primary-color has-text-color has-background has-link-color wp-elements-0bc30186212e9849de82075babe857e9 is-layout-flow wp-block-group-is-layout-flow\" style=\"background-color:#dfdbab;margin-top:0;margin-bottom:0;padding-top:4rem;padding-bottom:4rem\">\n<div class=\"wp-block-group alignwide is-layout-flow wp-block-group-is-layout-flow\">\n<div class=\"wp-block-columns is-layout-flex wp-container-core-columns-is-layout-28f84493 wp-block-columns-is-layout-flex\">\n<div class=\"wp-block-column is-layout-flow wp-block-column-is-layout-flow\" style=\"flex-basis:66.66%\">\n<h3 class=\"wp-block-heading\" style=\"font-style:normal;font-weight:500\">Visiter les rizi\u00e8res<\/h3>\n\n\n\n<p>Route en bateau \u00e0 travers le marais le long de la \u00ab carrera del Saler \u00bb, un canal qui communique le village \u00ab El Saler \u00bb de son port jusqu\u00b4au lac, o\u00f9 nous verrons les rizi\u00e8res et leurs environs.<\/p>\n\n\n\n<hr class=\"wp-block-separator has-alpha-channel-opacity is-style-wide\"\/>\n\n\n\n<h4 class=\"wp-block-heading\" style=\"font-style:normal;font-weight:500\">7 \u20ac par personne<\/h4>\n\n\n\n<p>(groupe minimum de 14 personnes)<\/p>\n\n\n\n<div class=\"wp-block-buttons is-layout-flex wp-block-buttons-is-layout-flex\">\n<div class=\"wp-block-button\"><a class=\"wp-block-button__link wp-element-button\" href=\"https:\/\/albuferanature.com\/fr\/contactez-nous\/\">Faites votre r\u00e9servation<\/a><\/div>\n<\/div>\n\n\n\n<div style=\"height:5px\" aria-hidden=\"true\" class=\"wp-block-spacer\"><\/div>\n<\/div>\n\n\n\n<div class=\"wp-block-column is-layout-flow wp-block-column-is-layout-flow\" style=\"flex-basis:33.33%\">\n<figure class=\"wp-block-image size-full has-custom-border is-style-rounded\"><img loading=\"lazy\" decoding=\"async\" width=\"760\" height=\"500\" src=\"https:\/\/albuferanature.com\/wp-content\/uploads\/2023\/10\/Albufera-nature-Arrozal.jpg\" alt=\"Visiter les rizi\u00e8res\" class=\"wp-image-908\" style=\"border-style:none;border-width:0px;border-radius:20px\" srcset=\"https:\/\/albuferanature.com\/wp-content\/uploads\/2023\/10\/Albufera-nature-Arrozal.jpg 760w, https:\/\/albuferanature.com\/wp-content\/uploads\/2023\/10\/Albufera-nature-Arrozal-300x197.jpg 300w\" sizes=\"auto, (max-width: 760px) 100vw, 760px\" \/><\/figure>\n<\/div>\n<\/div>\n<\/div>\n<\/div>\n\n\n\n<div class=\"wp-block-group alignfull has-text-color has-background is-layout-constrained wp-container-core-group-is-layout-291338e5 wp-block-group-is-layout-constrained\" style=\"color:#fffdc7;background-color:#474d4b;margin-top:0;padding-top:2.5em;padding-right:2.5em;padding-bottom:2.5em;padding-left:2.5em\">\n<h4 class=\"wp-block-heading has-text-align-center\" id=\"schedule-a-visit\" style=\"font-style:normal;font-weight:500\"><strong>Plongez dans le parc naturel et connaissez-le \u00e0 travers les diff\u00e9rentes activit\u00e9s que nous proposons<\/strong><\/h4>\n\n\n\n<div style=\"height:30px\" aria-hidden=\"true\" class=\"wp-block-spacer\"><\/div>\n\n\n\n<div class=\"wp-block-buttons is-content-justification-center is-layout-flex wp-container-core-buttons-is-layout-563154ed wp-block-buttons-is-layout-flex\" style=\"margin-top:0;margin-bottom:0\">\n<div class=\"wp-block-button\"><a class=\"wp-block-button__link has-background-color has-text-color has-background has-text-align-center wp-element-button\" href=\"https:\/\/albuferanature.com\/fr\/nos-activites\/\" style=\"border-width:2px;background-color:#00000000\">Activit\u00e9s<\/a><\/div>\n<\/div>\n<\/div>\n\n\n\n<div class=\"wp-block-group alignfull has-background-color has-white-color has-text-color has-background has-link-color wp-elements-e9108c6e80c53fd69f35fe9cbe53f553 is-layout-flow wp-container-core-group-is-layout-f5c6050b wp-block-group-is-layout-flow\" style=\"background-color:#121c1c;min-height:40vh;margin-top:0;margin-bottom:0;padding-top:var(--wp--preset--spacing--60);padding-right:var(--wp--preset--spacing--20);padding-bottom:var(--wp--preset--spacing--60);padding-left:var(--wp--preset--spacing--20)\">\n<div class=\"wp-block-columns alignwide has-small-font-size is-layout-flex wp-container-core-columns-is-layout-f3d9e646 wp-block-columns-is-layout-flex\" style=\"padding-right:2em;padding-left:2em\">\n<div class=\"wp-block-column is-layout-flow wp-block-column-is-layout-flow\" style=\"padding-top:0;padding-right:0;padding-bottom:0;padding-left:0\">\n<h4 class=\"wp-block-heading has-text-align-left has-medium-font-size\" style=\"font-style:normal;font-weight:500;text-transform:uppercase\">Albufera Nature<\/h4>\n\n\n\n<p class=\"has-text-align-left\">Nous sommes originaires du parc naturel de l&rsquo;Albufera et notre objectif est que les visiteurs du parc repartent avec des informations et une culture de l&rsquo;Albuferenca.<br><\/p>\n\n\n\n<p>Albufera Nature \u00ae 2023<\/p>\n\n\n\n<div style=\"height:24px\" aria-hidden=\"true\" class=\"wp-block-spacer\"><\/div>\n<\/div>\n\n\n\n<div class=\"wp-block-column is-layout-flow wp-block-column-is-layout-flow\">\n<h4 class=\"wp-block-heading has-text-align-left has-medium-font-size\" style=\"font-style:normal;font-weight:500;text-transform:uppercase\">Activities<\/h4>\n\n\n<nav class=\"has-small-font-size  is-vertical no-wrap wp-block-navigation is-nowrap is-layout-flex wp-container-core-navigation-is-layout-9bc6ff26 wp-block-navigation-is-layout-flex\" aria-label=\"Navegaci\u00f3n Footer EN\"><ul class=\"wp-block-navigation__container has-small-font-size  is-vertical no-wrap wp-block-navigation has-small-font-size\"><li class=\"has-small-font-size wp-block-navigation-item wp-block-navigation-link\"><a class=\"wp-block-navigation-item__content\"  href=\"\/fr\/excursions-en-bateau-couchers-de-soleil\/\"><span class=\"wp-block-navigation-item__label\">Excursions en bateau + couchers de soleil <\/span><\/a><\/li><li class=\"has-small-font-size wp-block-navigation-item wp-block-navigation-link\"><a class=\"wp-block-navigation-item__content\"  href=\"\/fr\/excursions-pour-les-ecoles\/\"><span class=\"wp-block-navigation-item__label\">Excursions pour les \u00e9coles<\/span><\/a><\/li><li class=\"has-small-font-size wp-block-navigation-item wp-block-navigation-link\"><a class=\"wp-block-navigation-item__content\"  href=\"\/fr\/excursions-privees-pour-les-groupes\/\"><span class=\"wp-block-navigation-item__label\">Excursions priv\u00e9es pour les groupes<\/span><\/a><\/li><li class=\"has-small-font-size wp-block-navigation-item wp-block-navigation-link\"><a class=\"wp-block-navigation-item__content\"  href=\"\/fr\/evenements-pour-les-couples-et-les-groupes\/\"><span class=\"wp-block-navigation-item__label\">\u00c9v\u00e9nements pour les couples et les groupes<\/span><\/a><\/li><li class=\"has-small-font-size wp-block-navigation-item wp-block-navigation-link\"><a class=\"wp-block-navigation-item__content\"  href=\"\/fr\/tourisme-ornithologique\/\"><span class=\"wp-block-navigation-item__label\">Tourisme ornithologique<\/span><\/a><\/li><li class=\"has-small-font-size wp-block-navigation-item wp-block-navigation-link\"><a class=\"wp-block-navigation-item__content\"  href=\"\/fr\/seances-photo\/\"><span class=\"wp-block-navigation-item__label\">S\u00e9ances photo<\/span><\/a><\/li><\/ul><\/nav>\n\n\n<div style=\"height:24px\" aria-hidden=\"true\" class=\"wp-block-spacer\"><\/div>\n<\/div>\n\n\n\n<div class=\"wp-block-column is-layout-flow wp-block-column-is-layout-flow\">\n<h4 class=\"wp-block-heading has-text-align-left has-medium-font-size\" style=\"font-style:normal;font-weight:500;text-transform:uppercase\">Parc Naturel de l&rsquo;Albufera<\/h4>\n\n\n<nav class=\"has-small-font-size  is-vertical no-wrap wp-block-navigation is-nowrap is-layout-flex wp-container-core-navigation-is-layout-9bc6ff26 wp-block-navigation-is-layout-flex\" aria-label=\"Navegaci\u00f3n ES\"><ul class=\"wp-block-navigation__container has-small-font-size  is-vertical no-wrap wp-block-navigation has-small-font-size\"><li class=\"has-small-font-size wp-block-navigation-item wp-block-navigation-link\"><a class=\"wp-block-navigation-item__content\"  href=\"https:\/\/albuferanature.com\/fr\/nos-activites\/\"><span class=\"wp-block-navigation-item__label\">Nos Activit\u00e9s<\/span><\/a><\/li><li class=\"has-small-font-size wp-block-navigation-item wp-block-navigation-link\"><a class=\"wp-block-navigation-item__content\"  href=\"https:\/\/albuferanature.com\/fr\/contactez-nous\/\"><span class=\"wp-block-navigation-item__label\">Contact et r\u00e9servations<\/span><\/a><\/li><li class=\"has-small-font-size wp-block-navigation-item wp-block-navigation-link\"><a class=\"wp-block-navigation-item__content\"  href=\"https:\/\/albuferanature.com\/fr\/parc-naturel-de-lalbufera\/\"><span class=\"wp-block-navigation-item__label\">Parc Naturel de l\u2019Albufera<\/span><\/a><\/li><li class=\"has-small-font-size wp-block-navigation-item wp-block-navigation-link\"><a class=\"wp-block-navigation-item__content\"  href=\"https:\/\/albuferanature.com\/fr\/habitats-naturels-faune-et-flore\/\"><span class=\"wp-block-navigation-item__label\">Habitats <\/span><\/a><\/li><\/ul><\/nav>\n\n\n<div style=\"height:24px\" aria-hidden=\"true\" class=\"wp-block-spacer\"><\/div>\n<\/div>\n\n\n\n<div class=\"wp-block-column is-layout-flow wp-block-column-is-layout-flow\">\n<h4 class=\"wp-block-heading has-text-align-left has-medium-font-size\" style=\"font-style:normal;font-weight:500;text-transform:uppercase\">Suivez-nous<\/h4>\n\n\n\n<div class=\"wp-block-group is-vertical is-content-justification-left is-layout-flex wp-container-core-group-is-layout-32091062 wp-block-group-is-layout-flex\">\n<p><a href=\"https:\/\/www.facebook.com\/AlbuferaNature\/\" data-type=\"link\" data-id=\"https:\/\/www.facebook.com\/AlbuferaNature\/\" target=\"_blank\" rel=\"noreferrer noopener\">Facebook<\/a><\/p>\n\n\n\n<p><a href=\"https:\/\/www.instagram.com\/albufera_nature\/\" data-type=\"link\" data-id=\"https:\/\/www.instagram.com\/albufera_nature\/\" target=\"_blank\" rel=\"noreferrer noopener\">Instagram<\/a><\/p>\n\n\n\n<p><a href=\"https:\/\/twitter.com\/albufera_nature\" target=\"_blank\" rel=\"noreferrer noopener\">Twitter<\/a><\/p>\n<\/div>\n\n\n\n<div style=\"height:24px\" aria-hidden=\"true\" class=\"wp-block-spacer\"><\/div>\n<\/div>\n<\/div>\n\n\n\n<div class=\"wp-block-group has-background-background-color has-background is-content-justification-center is-nowrap is-layout-flex wp-container-core-group-is-layout-23441af8 wp-block-group-is-layout-flex\">\n<figure class=\"wp-block-image size-large\"><img loading=\"lazy\" decoding=\"async\" width=\"1024\" height=\"103\" src=\"https:\/\/albuferanature.com\/wp-content\/uploads\/2023\/10\/kit-digital-albufera-nature-1024x103.png\" alt=\"\" class=\"wp-image-1130\" style=\"aspect-ratio:12.962025316455696;object-fit:contain\" srcset=\"https:\/\/albuferanature.com\/wp-content\/uploads\/2023\/10\/kit-digital-albufera-nature-1024x103.png 1024w, https:\/\/albuferanature.com\/wp-content\/uploads\/2023\/10\/kit-digital-albufera-nature-300x30.png 300w, https:\/\/albuferanature.com\/wp-content\/uploads\/2023\/10\/kit-digital-albufera-nature-768x78.png 768w, https:\/\/albuferanature.com\/wp-content\/uploads\/2023\/10\/kit-digital-albufera-nature.png 1535w\" sizes=\"auto, (max-width: 1024px) 100vw, 1024px\" \/><\/figure>\n<\/div>\n<\/div>\n","protected":false},"excerpt":{"rendered":"<p>Excursions priv\u00e9es pour les groupes Nous avons des packs disponibles avec diff\u00e9rentes activit\u00e9s pour les groupes qui vous permettront de profiter d&rsquo;une belle journ\u00e9e dans le parc naturel de l&rsquo;Albufera. Possibilit\u00e9 d\u2019engager un guide en anglais, fran\u00e7ais et italien. Bateau priv\u00e9 Profitez d\u2019une promenade sur le lac d\u2019une mani\u00e8re plus intime et relaxante avec votre [&hellip;]<\/p>\n","protected":false},"author":1,"featured_media":0,"parent":0,"menu_order":0,"comment_status":"closed","ping_status":"closed","template":"blank","meta":{"footnotes":""},"class_list":["post-1515","page","type-page","status-publish","hentry"],"yoast_head":"<!-- This site is optimized with the Yoast SEO plugin v27.3 - https:\/\/yoast.com\/product\/yoast-seo-wordpress\/ -->\n<title>Excursions priv\u00e9es pour les groupes - ALBUFERA NATURE<\/title>\n<meta name=\"description\" content=\"Nous avons des packs disponibles avec des activit\u00e9s pour les groupes et profiter d&#039;une balade en \u00ab albuferenc \u00bb (bateau traditionnel du lac de L\u2019Albufera).\" \/>\n<meta name=\"robots\" content=\"index, follow, max-snippet:-1, max-image-preview:large, max-video-preview:-1\" \/>\n<link rel=\"canonical\" href=\"https:\/\/albuferanature.com\/fr\/excursions-privees-pour-les-groupes\/\" \/>\n<meta property=\"og:locale\" content=\"fr_FR\" \/>\n<meta property=\"og:type\" content=\"article\" \/>\n<meta property=\"og:title\" content=\"Excursions priv\u00e9es pour les groupes - ALBUFERA NATURE\" \/>\n<meta property=\"og:description\" content=\"Nous avons des packs disponibles avec des activit\u00e9s pour les groupes et profiter d&#039;une balade en \u00ab albuferenc \u00bb (bateau traditionnel du lac de L\u2019Albufera).\" \/>\n<meta property=\"og:url\" content=\"https:\/\/albuferanature.com\/fr\/excursions-privees-pour-les-groupes\/\" \/>\n<meta property=\"og:site_name\" content=\"ALBUFERA NATURE\" \/>\n<meta property=\"article:publisher\" content=\"https:\/\/www.facebook.com\/AlbuferaNature\/\" \/>\n<meta property=\"article:modified_time\" content=\"2026-04-01T16:39:06+00:00\" \/>\n<meta property=\"og:image\" content=\"https:\/\/albuferanature.com\/wp-content\/uploads\/2023\/10\/Albufera-Nature-header-02.jpg\" \/>\n<meta name=\"twitter:card\" content=\"summary_large_image\" \/>\n<meta name=\"twitter:site\" content=\"@albufera_nature\" \/>\n<meta name=\"twitter:label1\" content=\"Dur\u00e9e de lecture estim\u00e9e\" \/>\n\t<meta name=\"twitter:data1\" content=\"7 minutes\" \/>\n<script type=\"application\/ld+json\" class=\"yoast-schema-graph\">{\"@context\":\"https:\\\/\\\/schema.org\",\"@graph\":[{\"@type\":\"WebPage\",\"@id\":\"https:\\\/\\\/albuferanature.com\\\/fr\\\/excursions-privees-pour-les-groupes\\\/\",\"url\":\"https:\\\/\\\/albuferanature.com\\\/fr\\\/excursions-privees-pour-les-groupes\\\/\",\"name\":\"Excursions priv\u00e9es pour les groupes - ALBUFERA NATURE\",\"isPartOf\":{\"@id\":\"https:\\\/\\\/albuferanature.com\\\/#website\"},\"primaryImageOfPage\":{\"@id\":\"https:\\\/\\\/albuferanature.com\\\/fr\\\/excursions-privees-pour-les-groupes\\\/#primaryimage\"},\"image\":{\"@id\":\"https:\\\/\\\/albuferanature.com\\\/fr\\\/excursions-privees-pour-les-groupes\\\/#primaryimage\"},\"thumbnailUrl\":\"https:\\\/\\\/albuferanature.com\\\/wp-content\\\/uploads\\\/2023\\\/10\\\/Albufera-Nature-header-02.jpg\",\"datePublished\":\"2023-09-27T10:53:15+00:00\",\"dateModified\":\"2026-04-01T16:39:06+00:00\",\"description\":\"Nous avons des packs disponibles avec des activit\u00e9s pour les groupes et profiter d'une balade en \u00ab albuferenc \u00bb (bateau traditionnel du lac de L\u2019Albufera).\",\"breadcrumb\":{\"@id\":\"https:\\\/\\\/albuferanature.com\\\/fr\\\/excursions-privees-pour-les-groupes\\\/#breadcrumb\"},\"inLanguage\":\"fr-FR\",\"potentialAction\":[{\"@type\":\"ReadAction\",\"target\":[\"https:\\\/\\\/albuferanature.com\\\/fr\\\/excursions-privees-pour-les-groupes\\\/\"]}]},{\"@type\":\"ImageObject\",\"inLanguage\":\"fr-FR\",\"@id\":\"https:\\\/\\\/albuferanature.com\\\/fr\\\/excursions-privees-pour-les-groupes\\\/#primaryimage\",\"url\":\"https:\\\/\\\/albuferanature.com\\\/wp-content\\\/uploads\\\/2023\\\/10\\\/Albufera-Nature-header-02.jpg\",\"contentUrl\":\"https:\\\/\\\/albuferanature.com\\\/wp-content\\\/uploads\\\/2023\\\/10\\\/Albufera-Nature-header-02.jpg\"},{\"@type\":\"BreadcrumbList\",\"@id\":\"https:\\\/\\\/albuferanature.com\\\/fr\\\/excursions-privees-pour-les-groupes\\\/#breadcrumb\",\"itemListElement\":[{\"@type\":\"ListItem\",\"position\":1,\"name\":\"Portada\",\"item\":\"https:\\\/\\\/albuferanature.com\\\/fr\\\/\"},{\"@type\":\"ListItem\",\"position\":2,\"name\":\"Excursions priv\u00e9es pour les groupes\"}]},{\"@type\":\"WebSite\",\"@id\":\"https:\\\/\\\/albuferanature.com\\\/#website\",\"url\":\"https:\\\/\\\/albuferanature.com\\\/\",\"name\":\"ALBUFERA NATURE\",\"description\":\"Ecoturismo responsable en el Parque Natural de la Albufera de Valencia\",\"publisher\":{\"@id\":\"https:\\\/\\\/albuferanature.com\\\/#organization\"},\"alternateName\":\"paseos en barca por la albufera de valencia\",\"potentialAction\":[{\"@type\":\"SearchAction\",\"target\":{\"@type\":\"EntryPoint\",\"urlTemplate\":\"https:\\\/\\\/albuferanature.com\\\/?s={search_term_string}\"},\"query-input\":{\"@type\":\"PropertyValueSpecification\",\"valueRequired\":true,\"valueName\":\"search_term_string\"}}],\"inLanguage\":\"fr-FR\"},{\"@type\":\"Organization\",\"@id\":\"https:\\\/\\\/albuferanature.com\\\/#organization\",\"name\":\"Rutas en barca por la Albufera de Valencia\",\"url\":\"https:\\\/\\\/albuferanature.com\\\/\",\"logo\":{\"@type\":\"ImageObject\",\"inLanguage\":\"fr-FR\",\"@id\":\"https:\\\/\\\/albuferanature.com\\\/#\\\/schema\\\/logo\\\/image\\\/\",\"url\":\"https:\\\/\\\/albuferanature.com\\\/wp-content\\\/uploads\\\/2023\\\/12\\\/cropped-albufera-favicon.png\",\"contentUrl\":\"https:\\\/\\\/albuferanature.com\\\/wp-content\\\/uploads\\\/2023\\\/12\\\/cropped-albufera-favicon.png\",\"width\":512,\"height\":512,\"caption\":\"Rutas en barca por la Albufera de Valencia\"},\"image\":{\"@id\":\"https:\\\/\\\/albuferanature.com\\\/#\\\/schema\\\/logo\\\/image\\\/\"},\"sameAs\":[\"https:\\\/\\\/www.facebook.com\\\/AlbuferaNature\\\/\",\"https:\\\/\\\/x.com\\\/albufera_nature\",\"https:\\\/\\\/www.instagram.com\\\/albufera_nature\\\/\"]}]}<\/script>\n<!-- \/ Yoast SEO plugin. -->","yoast_head_json":{"title":"Excursions priv\u00e9es pour les groupes - ALBUFERA NATURE","description":"Nous avons des packs disponibles avec des activit\u00e9s pour les groupes et profiter d'une balade en \u00ab albuferenc \u00bb (bateau traditionnel du lac de L\u2019Albufera).","robots":{"index":"index","follow":"follow","max-snippet":"max-snippet:-1","max-image-preview":"max-image-preview:large","max-video-preview":"max-video-preview:-1"},"canonical":"https:\/\/albuferanature.com\/fr\/excursions-privees-pour-les-groupes\/","og_locale":"fr_FR","og_type":"article","og_title":"Excursions priv\u00e9es pour les groupes - ALBUFERA NATURE","og_description":"Nous avons des packs disponibles avec des activit\u00e9s pour les groupes et profiter d'une balade en \u00ab albuferenc \u00bb (bateau traditionnel du lac de L\u2019Albufera).","og_url":"https:\/\/albuferanature.com\/fr\/excursions-privees-pour-les-groupes\/","og_site_name":"ALBUFERA NATURE","article_publisher":"https:\/\/www.facebook.com\/AlbuferaNature\/","article_modified_time":"2026-04-01T16:39:06+00:00","og_image":[{"url":"https:\/\/albuferanature.com\/wp-content\/uploads\/2023\/10\/Albufera-Nature-header-02.jpg","type":"","width":"","height":""}],"twitter_card":"summary_large_image","twitter_site":"@albufera_nature","twitter_misc":{"Dur\u00e9e de lecture estim\u00e9e":"7 minutes"},"schema":{"@context":"https:\/\/schema.org","@graph":[{"@type":"WebPage","@id":"https:\/\/albuferanature.com\/fr\/excursions-privees-pour-les-groupes\/","url":"https:\/\/albuferanature.com\/fr\/excursions-privees-pour-les-groupes\/","name":"Excursions priv\u00e9es pour les groupes - ALBUFERA NATURE","isPartOf":{"@id":"https:\/\/albuferanature.com\/#website"},"primaryImageOfPage":{"@id":"https:\/\/albuferanature.com\/fr\/excursions-privees-pour-les-groupes\/#primaryimage"},"image":{"@id":"https:\/\/albuferanature.com\/fr\/excursions-privees-pour-les-groupes\/#primaryimage"},"thumbnailUrl":"https:\/\/albuferanature.com\/wp-content\/uploads\/2023\/10\/Albufera-Nature-header-02.jpg","datePublished":"2023-09-27T10:53:15+00:00","dateModified":"2026-04-01T16:39:06+00:00","description":"Nous avons des packs disponibles avec des activit\u00e9s pour les groupes et profiter d'une balade en \u00ab albuferenc \u00bb (bateau traditionnel du lac de L\u2019Albufera).","breadcrumb":{"@id":"https:\/\/albuferanature.com\/fr\/excursions-privees-pour-les-groupes\/#breadcrumb"},"inLanguage":"fr-FR","potentialAction":[{"@type":"ReadAction","target":["https:\/\/albuferanature.com\/fr\/excursions-privees-pour-les-groupes\/"]}]},{"@type":"ImageObject","inLanguage":"fr-FR","@id":"https:\/\/albuferanature.com\/fr\/excursions-privees-pour-les-groupes\/#primaryimage","url":"https:\/\/albuferanature.com\/wp-content\/uploads\/2023\/10\/Albufera-Nature-header-02.jpg","contentUrl":"https:\/\/albuferanature.com\/wp-content\/uploads\/2023\/10\/Albufera-Nature-header-02.jpg"},{"@type":"BreadcrumbList","@id":"https:\/\/albuferanature.com\/fr\/excursions-privees-pour-les-groupes\/#breadcrumb","itemListElement":[{"@type":"ListItem","position":1,"name":"Portada","item":"https:\/\/albuferanature.com\/fr\/"},{"@type":"ListItem","position":2,"name":"Excursions priv\u00e9es pour les groupes"}]},{"@type":"WebSite","@id":"https:\/\/albuferanature.com\/#website","url":"https:\/\/albuferanature.com\/","name":"ALBUFERA NATURE","description":"Ecoturismo responsable en el Parque Natural de la Albufera de Valencia","publisher":{"@id":"https:\/\/albuferanature.com\/#organization"},"alternateName":"paseos en barca por la albufera de valencia","potentialAction":[{"@type":"SearchAction","target":{"@type":"EntryPoint","urlTemplate":"https:\/\/albuferanature.com\/?s={search_term_string}"},"query-input":{"@type":"PropertyValueSpecification","valueRequired":true,"valueName":"search_term_string"}}],"inLanguage":"fr-FR"},{"@type":"Organization","@id":"https:\/\/albuferanature.com\/#organization","name":"Rutas en barca por la Albufera de Valencia","url":"https:\/\/albuferanature.com\/","logo":{"@type":"ImageObject","inLanguage":"fr-FR","@id":"https:\/\/albuferanature.com\/#\/schema\/logo\/image\/","url":"https:\/\/albuferanature.com\/wp-content\/uploads\/2023\/12\/cropped-albufera-favicon.png","contentUrl":"https:\/\/albuferanature.com\/wp-content\/uploads\/2023\/12\/cropped-albufera-favicon.png","width":512,"height":512,"caption":"Rutas en barca por la Albufera de Valencia"},"image":{"@id":"https:\/\/albuferanature.com\/#\/schema\/logo\/image\/"},"sameAs":["https:\/\/www.facebook.com\/AlbuferaNature\/","https:\/\/x.com\/albufera_nature","https:\/\/www.instagram.com\/albufera_nature\/"]}]}},"_links":{"self":[{"href":"https:\/\/albuferanature.com\/fr\/wp-json\/wp\/v2\/pages\/1515","targetHints":{"allow":["GET"]}}],"collection":[{"href":"https:\/\/albuferanature.com\/fr\/wp-json\/wp\/v2\/pages"}],"about":[{"href":"https:\/\/albuferanature.com\/fr\/wp-json\/wp\/v2\/types\/page"}],"author":[{"embeddable":true,"href":"https:\/\/albuferanature.com\/fr\/wp-json\/wp\/v2\/users\/1"}],"replies":[{"embeddable":true,"href":"https:\/\/albuferanature.com\/fr\/wp-json\/wp\/v2\/comments?post=1515"}],"version-history":[{"count":4,"href":"https:\/\/albuferanature.com\/fr\/wp-json\/wp\/v2\/pages\/1515\/revisions"}],"predecessor-version":[{"id":1903,"href":"https:\/\/albuferanature.com\/fr\/wp-json\/wp\/v2\/pages\/1515\/revisions\/1903"}],"wp:attachment":[{"href":"https:\/\/albuferanature.com\/fr\/wp-json\/wp\/v2\/media?parent=1515"}],"curies":[{"name":"wp","href":"https:\/\/api.w.org\/{rel}","templated":true}]}}