{"id":1452,"date":"2023-07-31T11:13:51","date_gmt":"2023-07-31T11:13:51","guid":{"rendered":"https:\/\/albuferanature.com\/inicio\/"},"modified":"2024-09-27T10:27:22","modified_gmt":"2024-09-27T10:27:22","slug":"inicio","status":"publish","type":"page","link":"https:\/\/albuferanature.com\/fr\/","title":{"rendered":"Parque Natural de la Albufera"},"content":{"rendered":"\n<div class=\"wp-block-columns alignfull is-layout-flex wp-container-core-columns-is-layout-28f84493 wp-block-columns-is-layout-flex\">\n<div class=\"wp-block-column is-layout-flow wp-block-column-is-layout-flow\" style=\"flex-basis:100%\">\n<div class=\"wp-block-cover alignfull over-dark wp-duotone-unset-3\" style=\"margin-bottom:0;padding-top:0px\"><span aria-hidden=\"true\" class=\"wp-block-cover__background has-background-dim-0 has-background-dim\" style=\"background-color:#000000\"><\/span><img loading=\"lazy\" decoding=\"async\" width=\"1448\" height=\"972\" class=\"wp-block-cover__image-background wp-image-1136\" alt=\"Paseos en barca y rutas guiadas\nAlbufera Nature\" src=\"https:\/\/albuferanature.com\/wp-content\/uploads\/2023\/10\/Vistas-de-la-Mata-del-Fang-Laguna-de-lAlbufera-3.JPG.jpg\" data-object-fit=\"cover\" srcset=\"https:\/\/albuferanature.com\/wp-content\/uploads\/2023\/10\/Vistas-de-la-Mata-del-Fang-Laguna-de-lAlbufera-3.JPG.jpg 1448w, https:\/\/albuferanature.com\/wp-content\/uploads\/2023\/10\/Vistas-de-la-Mata-del-Fang-Laguna-de-lAlbufera-3.JPG-300x201.jpg 300w, https:\/\/albuferanature.com\/wp-content\/uploads\/2023\/10\/Vistas-de-la-Mata-del-Fang-Laguna-de-lAlbufera-3.JPG-1024x687.jpg 1024w, https:\/\/albuferanature.com\/wp-content\/uploads\/2023\/10\/Vistas-de-la-Mata-del-Fang-Laguna-de-lAlbufera-3.JPG-768x516.jpg 768w\" sizes=\"auto, (max-width: 1448px) 100vw, 1448px\" \/><div class=\"wp-block-cover__inner-container is-layout-flow wp-block-cover-is-layout-flow\">\n<div class=\"wp-block-group has-background is-content-justification-right is-layout-flex wp-container-core-group-is-layout-e96f0965 wp-block-group-is-layout-flex\" style=\"background-color:#00000000;padding-top:10px;padding-right:0;padding-bottom:0px;padding-left:0\"><style>html[dir=\"rtl\"] .wpml-language-switcher-block .wpml-ls-dropdown ul li.wp-block-navigation-submenu .wp-block-navigation-submenu__toggle img{margin-left:12px}html[dir=\"rtl\"] .wpml-language-switcher-block .wpml-ls-dropdown ul li.wp-block-navigation-submenu ul.isHorizontal li{text-align:right}html[dir=\"rtl\"] .wpml-language-switcher-block .wpml-ls-dropdown ul li.wp-block-navigation-submenu ul.isHorizontal li a img{margin-left:12px}.wpml-language-switcher-block{display:flex;box-sizing:border-box;width:100% !important}.wpml-language-switcher-block>.wp-block-navigation-item,.wpml-language-switcher-block>.wp-block-navigation-item>div{display:flex;width:100% !important}.wpml-language-switcher-block .wp-block-navigation__container{background:unset !important}.wpml-language-switcher-block .hide-arrow .wp-block-navigation__submenu-icon{display:none}.wpml-language-switcher-block .wpml-ls-dropdown .wp-block-navigation-submenu__toggle.wpml-ls-keyboard-focus ~ .wp-block-navigation__submenu-container,.wpml-language-switcher-block .wpml-ls-dropdown li.open-on-hover-click .wp-block-navigation-submenu__toggle:focus ~ .wp-block-navigation__submenu-container,.wpml-language-switcher-block .wpml-ls-dropdown li.open-on-hover-click .wp-block-navigation-submenu__toggle:focus-within ~ .wp-block-navigation__submenu-container,.wpml-language-switcher-block .wpml-ls-dropdown li.open-on-hover-click:focus-within>.wp-block-navigation__submenu-container{visibility:visible;opacity:1;display:block;overflow:visible}.wpml-language-switcher-block .wpml-ls-dropdown ul li button{padding:0}.wpml-language-switcher-block .wpml-ls-dropdown ul li button+.isHorizontal{min-width:inherit !important}.wpml-language-switcher-block .wpml-ls-dropdown ul li button+.isHorizontal li{width:inherit !important}.wpml-language-switcher-block .wpml-ls-dropdown ul li button+.isHorizontal li a{display:flex;align-items:center;min-width:max-content}.wpml-language-switcher-block .wpml-ls-dropdown ul li.wp-block-navigation-submenu ul.isHorizontal{margin:0;min-width:inherit !important}.wpml-language-switcher-block .wpml-ls-dropdown ul li.wp-block-navigation-submenu ul.isHorizontal li{width:inherit !important;text-align:left}.wpml-language-switcher-block .wpml-ls-dropdown ul li.wp-block-navigation-submenu ul.isHorizontal li a{display:flex;align-items:center;min-width:max-content}.wpml-language-switcher-block ul{list-style-type:none !important;padding:0 !important;width:100%}.wpml-language-switcher-block ul li{margin:0}.wpml-language-switcher-block ul li>a.wp-block-navigation-item__content:focus{outline:1px solid #2F7D92}.wpml-language-switcher-block ul li.is-focused{outline:1px solid #2F7D92}.wpml-language-switcher-block ul.wp-block-navigation__submenu-container{border:inherit !important;background-color:unset !important;min-width:unset !important}.wpml-language-switcher-block ul.wp-block-navigation__submenu-container .wp-block-navigation-item{border-radius:0 !important}.wpml-language-switcher-block ul.wp-block-navigation__submenu-container .wp-block-navigation-item a{display:flex;align-items:center;min-width:max-content;padding:1px}.wpml-language-switcher-block ul.horizontal-list{display:flex;flex-direction:row;align-items:center;justify-content:flex-start;margin:0 !important;gap:1em !important}.wpml-language-switcher-block ul.horizontal-list li{display:inline-block;margin:0;line-height:100%}.wpml-language-switcher-block ul.horizontal-list li a{line-height:100%}.wpml-language-switcher-block ul.center-justify{justify-content:center}.wpml-language-switcher-block ul.center-justify .wp-block-navigation-item{justify-content:center}.wpml-language-switcher-block ul.right-justify{justify-content:right}.wpml-language-switcher-block ul.right-justify .wp-block-navigation-item{justify-content:right}.wpml-language-switcher-block ul.space_between-justify{justify-content:space-between}.wpml-language-switcher-block ul.space_between-justify li>div{white-space:nowrap}.wpml-language-switcher-block .hasHoverColor:hover{color:var(--hover-color) !important}.wpml-language-switcher-block .hasHoverBackgroundColor:hover{background-color:var(--hover-background-color) !important}.wpml-language-switcher-block ul.isHorizontal{padding-left:0;list-style:none}.wpml-language-switcher-block ul.isHorizontal li{display:inline;margin-left:0}.wpml-language-switcher-block ul.isHorizontal li div{display:inline-block}.wpml-language-switcher-block ul.hasSpacing.isHorizontal li:not(:last-child){margin-right:var(--language-spacing) !important}.wpml-language-switcher-block ul.hasSpacing.isVertical li:not(:last-child){margin-bottom:var(--language-spacing) !important}.wpml-language-switcher-block ul.hasSpacing.isVertical .wp-block-navigation-item>div,.wpml-language-switcher-block ul.hasSpacing.isVertical .wp-block-navigation-item>div>a{display:inline-flex;align-items:center}.wpml-language-switcher-block .hasHoverColor:hover{color:var(--hover-color) !important}.wpml-language-switcher-block .hasHoverBackgroundColor:hover{background-color:var(--hover-background-color) !important}.wpml-language-switcher-block .hasFontSize{font-size:var(--font-size) !important}.wpml-language-switcher-block .hasLetterSpacing{letter-spacing:var(--letter-spacing) !important}.wpml-language-switcher-block .hasTextTransform{text-transform:var(--text-transform) !important}.wpml-language-switcher-block .hasFontFamily{font-family:var(--font-family) !important}.wpml-ls-flag{display:inline-block}.wpml-ls-flag-style-btn{border:0px transparent;padding-top:3px !important}.wpml-ls-flag-style-btn.black-bg{background-color:black}.wpml-ls-flag-style-btn.transparent-bg{background-color:transparent}.wpml-ls-control-row{border:solid 1px #949494;border-radius:2px;margin-bottom:8px}.wpml-ls-control-row-with-padding{padding:1px}.wpml-ls-number-control{max-width:100%;width:100%}.wpml-ls-slider-control-alert{margin-top:5px !important}.wpml-ls-slider .ant-slider-track{background-color:#3858E9}.wpml-ls-slider .ant-slider-handle{border:solid 1px black}.wpml-ls-control-blue{color:#2F7D92}.wpml-ls-number-with-unit-select select{color:#2F7D92;font-weight:700}.wpml-ls-control-grey{color:#757575}.wpml-ls-control-bg-grey{background-color:#a6a6a6}.wpml-ls-control-font{font-family:\"SF Pro Text\", sans-serif;font-style:normal;font-weight:400 !important;font-size:13px !important;line-height:140% !important}.wpml-ls-option-btn-col{padding:0.5px}.wpml-ls-no-borders{border:none}.ant-col-8.wpml-ls-option-btn-col{display:inline-flex}.wpml-ls-three-btn-row .wpml-ls-option-btn-wrap{padding-top:8px;padding-bottom:8px;white-space:normal;word-break:break-word}.wpml-ls-three-btn-row .ant-btn-no-height-less-padding{height:unset;padding-right:10px;padding-left:10px}.wpml-ls-full-width{width:100%}.wpml-ls-toggle-control .components-form-toggle.is-checked>.components-form-toggle__track{background-color:#2F7D92;border-color:#2F7D92}.wpml-ls-toggle-control .components-form-toggle.is-checked>.components-form-toggle__thumb{background-color:white}.wpml-ls-toggle-control .components-form-toggle>.components-form-toggle__track{background-color:white;border-color:#373737}.wpml-ls-toggle-control .components-form-toggle>.components-form-toggle__thumb{background-color:#373737}.ant-select-dropdown{min-width:45px !important;max-width:45px !important;width:45px !important}.wpml-ls-color-control{border:1px solid #DDDDDD;border-bottom:0px;padding:10px;box-sizing:border-box}.wpml-ls-color-control.wpml-ls-with-bottom-border{border-bottom:1px solid #DDDDDD}.wpml-ls-color-control .wpml-ls-icon-no-color:hover{cursor:pointer}.wpml-ls-color-control .component-color-indicator{width:25px;height:25px;box-shadow:0px 0px 2px 1px lightgrey}.wpml-ls-color-control .component-color-indicator:hover{cursor:pointer}.wpml-ls-color-control .wpml-ls-color-title{top:3px}.wpml-ls-dimension-control{border-top:solid 1px #e0e0e0}.wpml-ls-dimension-control .components-panel__arrow{visibility:hidden}.wpml-ls-panel-settings-dropdown-container{position:absolute;right:0px}.wpml-ls-icon-link{width:24px;height:24px;top:3px;border-radius:2px}.ant-input-number-handler-wrap{display:none !important}.ant-input-number-input{padding-right:0px !important;padding-left:3px !important}.block-editor-contrast-checker+.block-editor-contrast-checker{display:none}.current-language-item{display:flex;align-items:center;min-height:30px}.current-language-item .wp-block-navigation-item__content>div{display:flex;align-items:center}.wpml-ls-fontLetterCase-control button.components-button.has-icon{margin-right:0 !important;min-width:30px !important;height:30px !important}.wpml-ls-fontLetterSpacing-control div.components-input-control__container{top:4px}[data-wpml='language-item']:first-of-type{margin-top:5px !important}.wpml-ls-dimension-panel .components-panel__arrow{display:none}.wpml-ls-typography-panel .components-panel__arrow{display:none}.wpml-ls-panel-settings-dropdown-container>div>button>span.anticon-more{font-size:large;margin-right:10px}.wpml-ls-panel-settings-dropdown-container>div>button>span.anticon-plus{font-size:medium;margin-right:10px}.wpml-ls-color-panel .wpml-ls-color-panel-wrap button.components-button:focus{outline:2px solid #2F7D92;color:#2F7D92}.wpml-ls-color-panel .wpml-ls-color-panel-wrap button.components-button:hover{color:#2F7D92 !important}.wpml-ls-option-btn-wrap:focus{outline:4px solid #2F7D92}.wpml-ls-option-btn-wrap:hover:not(.wpml-ls-option-btn-wrap[data-selected=\"true\"]){outline:2px solid #2F7D92;color:#2F7D92 !important}.wpml-ls-toggle-control .components-toggle-control__label:hover{color:#2F7D92}.components-input-control__container:hover .components-input-control__backdrop{border-color:#2F7D92 !important}input.components-input-control__input:focus ~ .components-input-control__backdrop{outline:2px solid #2F7D92 !important}.components-toggle-group-control[role=\"radiogroup\"]:hover{border-color:#2F7D92}.components-toggle-group-control[role=\"radiogroup\"] .components-toggle-group-control-option-base[role=\"radio\"]:hover{color:#2F7D92}.components-toggle-group-control[role=\"radiogroup\"] .components-toggle-group-control-option-base[role=\"radio\"]:focus{color:#2F7D92;outline:2px solid #2F7D92}.ant-slider .ant-slider-handle:not(.ant-tooltip-open){background-color:#2F7D92 !important;border-color:#373737}.ant-slider:hover .ant-slider-handle:not(.ant-tooltip-open),.ant-slider .ant-slider-handle:focus{background-color:#373737 !important;border-color:#2F7D92}.wpml-ls-typography-panel .components-panel__body .ant-col{margin-bottom:12px}.wpml-ls-fontSize-control div[aria-label=\"Font size\"]{margin-bottom:12px}.wpml-ls-fontSize-control .wpml-ls-fontLetterSpacing-control{display:grid;place-items:center;align-self:center}\n\n<\/style><div id=\"\" class=\"wpml-language-switcher-block is-layout-flex is-responsive has-child-selected wp-block-navigation selectoridiomes\"><div class=\"block-editor-block-list__block wp-block wp-block-navigation-item has-link has-child wp-block-navigation-submenu\"><div class=\"wpml-ls-dropdown open-on-hover-click \"><ul class=\"wp-block-navigation__container\"><li class=\"wp-block-navigation-item has-child wp-block-navigation-submenu open-on-hover-click\"><div class=\"wp-block-navigation-item__content wp-block-navigation-submenu__toggle\" aria-expanded=\"false\"><span class=\"current-language-item\" style=\"display:flex;cursor:pointer\" data-wpml=\"current-language-item\"><div style=\"display:inline-block\" class=\"wp-block-navigation-item__content\"><div><img decoding=\"async\" alt=\"wpml-ls-flag\" class=\"wpml-ls-flag\" src=\"https:\/\/albuferanature.com\/wp-content\/plugins\/sitepress-multilingual-cms\/res\/flags\/fr.svg\" style=\"margin-right:4px;width:18px;height:12px;border-radius:50%;object-fit:cover\" size=\"24\" data-wpml=\"flag-url\"><span style=\"--font-family:;--font-size:16px\" data-wpml=\"label\" data-wpml-label-type=\"native\" class=\"wp-block-navigation-item__label  hasFontFamily hasFontSize\">FR<\/span><\/div><\/div><span class=\"wp-block-navigation__submenu-icon\"><svg xmlns=\"http:\/\/www.w3.org\/2000\/svg\" width=\"12\" height=\"12\" viewbox=\"0 0 12 12\" fill=\"none\" aria-hidden=\"true\" focusable=\"false\"><path d=\"M1.50002 4L6.00002 8L10.5 4\" stroke-width=\"1.5\"><\/path><\/svg><\/span><\/span><\/div><ul class=\"wp-block-navigation__submenu-container isHorizontal\" style=\"flex-wrap:nowrap\" data-is-drop-zone=\"true\"><li class=\"wp-block-navigation-item \" data-wpml=\"language-item\"><div><a class=\"wp-block-navigation-item__content\" style=\"--font-family:;--font-size:16px\" data-wpml=\"link\" href=\"https:\/\/albuferanature.com\/en\/\" aria-label=\"Passer &agrave; EN\"><img decoding=\"async\" alt=\"wpml-ls-flag\" class=\"wpml-ls-flag\" src=\"https:\/\/albuferanature.com\/wp-content\/plugins\/sitepress-multilingual-cms\/res\/flags\/en.svg\" style=\"margin-right:4px;width:18px;height:12px;border-radius:50%;object-fit:cover\" size=\"24\" data-wpml=\"flag-url\"><span style=\"--font-family:;--font-size:16px\" data-wpml=\"label\" data-wpml-label-type=\"native\" class=\"wp-block-navigation-item__label  hasFontFamily hasFontSize\">EN<\/span><\/a><\/div><\/li><li class=\"wp-block-navigation-item \" data-wpml=\"language-item\"><div><a class=\"wp-block-navigation-item__content\" style=\"--font-family:;--font-size:16px\" data-wpml=\"link\" href=\"https:\/\/albuferanature.com\/\" aria-label=\"Passer &agrave; ES\"><img decoding=\"async\" alt=\"wpml-ls-flag\" class=\"wpml-ls-flag\" src=\"https:\/\/albuferanature.com\/wp-content\/plugins\/sitepress-multilingual-cms\/res\/flags\/es.svg\" style=\"margin-right:4px;width:18px;height:12px;border-radius:50%;object-fit:cover\" size=\"24\" data-wpml=\"flag-url\"><span style=\"--font-family:;--font-size:16px\" data-wpml=\"label\" data-wpml-label-type=\"native\" class=\"wp-block-navigation-item__label  hasFontFamily hasFontSize\">ES<\/span><\/a><\/div><\/li><\/ul><\/li><\/ul><\/div><\/div><\/div>\n<\/div>\n\n\n\n<div class=\"wp-block-group has-background is-content-justification-space-between is-layout-flex wp-container-core-group-is-layout-3b2b1f03 wp-block-group-is-layout-flex\" style=\"background-color:#00000000;padding-top:20px;padding-bottom:20px;padding-left:0\">\n<div class=\"wp-block-group is-layout-constrained wp-block-group-is-layout-constrained\"><div class=\"wp-block-site-logo\"><a href=\"https:\/\/albuferanature.com\/fr\/\" class=\"custom-logo-link\" rel=\"home\"><img loading=\"lazy\" decoding=\"async\" width=\"220\" height=\"38\" src=\"https:\/\/albuferanature.com\/wp-content\/uploads\/2023\/09\/Albufera-Nature-logo-03.png\" class=\"custom-logo\" alt=\"Albufera Nature logo 03\" srcset=\"https:\/\/albuferanature.com\/wp-content\/uploads\/2023\/09\/Albufera-Nature-logo-03.png 442w, https:\/\/albuferanature.com\/wp-content\/uploads\/2023\/09\/Albufera-Nature-logo-03-300x52.png 300w\" sizes=\"auto, (max-width: 220px) 100vw, 220px\" \/><\/a><\/div><\/div>\n\n\n<nav class=\"has-text-color has-background-color is-responsive wp-block-navigation is-layout-flex wp-block-navigation-is-layout-flex\" aria-label=\"Navigation\" \n\t\t data-wp-interactive=\"core\/navigation\" data-wp-context='{\"overlayOpenedBy\":{\"click\":false,\"hover\":false,\"focus\":false},\"type\":\"overlay\",\"roleAttribute\":\"\",\"ariaLabel\":\"Menu\"}'><button aria-haspopup=\"dialog\" aria-label=\"Ouvrir le menu\" class=\"wp-block-navigation__responsive-container-open\" \n\t\t\t\tdata-wp-on--click=\"actions.openMenuOnClick\"\n\t\t\t\tdata-wp-on--keydown=\"actions.handleMenuKeydown\"\n\t\t\t><svg width=\"24\" height=\"24\" xmlns=\"http:\/\/www.w3.org\/2000\/svg\" viewBox=\"0 0 24 24\" aria-hidden=\"true\" focusable=\"false\"><path d=\"M4 7.5h16v1.5H4z\"><\/path><path d=\"M4 15h16v1.5H4z\"><\/path><\/svg><\/button>\n\t\t\t\t<div class=\"wp-block-navigation__responsive-container\"  id=\"modal-1\" \n\t\t\t\tdata-wp-class--has-modal-open=\"state.isMenuOpen\"\n\t\t\t\tdata-wp-class--is-menu-open=\"state.isMenuOpen\"\n\t\t\t\tdata-wp-watch=\"callbacks.initMenu\"\n\t\t\t\tdata-wp-on--keydown=\"actions.handleMenuKeydown\"\n\t\t\t\tdata-wp-on--focusout=\"actions.handleMenuFocusout\"\n\t\t\t\ttabindex=\"-1\"\n\t\t\t>\n\t\t\t\t\t<div class=\"wp-block-navigation__responsive-close\" tabindex=\"-1\">\n\t\t\t\t\t\t<div class=\"wp-block-navigation__responsive-dialog\" \n\t\t\t\tdata-wp-bind--aria-modal=\"state.ariaModal\"\n\t\t\t\tdata-wp-bind--aria-label=\"state.ariaLabel\"\n\t\t\t\tdata-wp-bind--role=\"state.roleAttribute\"\n\t\t\t>\n\t\t\t\t\t\t\t<button aria-label=\"Fermer le menu\" class=\"wp-block-navigation__responsive-container-close\" \n\t\t\t\tdata-wp-on--click=\"actions.closeMenuOnClick\"\n\t\t\t><svg xmlns=\"http:\/\/www.w3.org\/2000\/svg\" viewBox=\"0 0 24 24\" width=\"24\" height=\"24\" aria-hidden=\"true\" focusable=\"false\"><path d=\"m13.06 12 6.47-6.47-1.06-1.06L12 10.94 5.53 4.47 4.47 5.53 10.94 12l-6.47 6.47 1.06 1.06L12 13.06l6.47 6.47 1.06-1.06L13.06 12Z\"><\/path><\/svg><\/button>\n\t\t\t\t\t\t\t<div class=\"wp-block-navigation__responsive-container-content\" \n\t\t\t\tdata-wp-watch=\"callbacks.focusFirstElement\"\n\t\t\t id=\"modal-1-content\">\n\t\t\t\t\t\t\t\t<ul class=\"wp-block-navigation__container has-text-color has-background-color is-responsive wp-block-navigation\"><li class=\" wp-block-navigation-item wp-block-navigation-link\"><a class=\"wp-block-navigation-item__content\"  href=\"https:\/\/albuferanature.com\/fr\/nos-activites\/\"><span class=\"wp-block-navigation-item__label\">Nos Activit\u00e9s<\/span><\/a><\/li><li class=\" wp-block-navigation-item wp-block-navigation-link\"><a class=\"wp-block-navigation-item__content\"  href=\"https:\/\/albuferanature.com\/fr\/contactez-nous\/\"><span class=\"wp-block-navigation-item__label\">Contactez-nous<\/span><\/a><\/li><li class=\" wp-block-navigation-item wp-block-navigation-link\"><a class=\"wp-block-navigation-item__content\"  href=\"https:\/\/albuferanature.com\/fr\/parc-naturel-de-lalbufera\/\"><span class=\"wp-block-navigation-item__label\">Parc Naturel de l&rsquo;Albufera<\/span><\/a><\/li><li class=\" wp-block-navigation-item wp-block-navigation-link\"><a class=\"wp-block-navigation-item__content\"  href=\"https:\/\/albuferanature.com\/fr\/habitats-naturels-faune-et-flore\/\"><span class=\"wp-block-navigation-item__label\">Habitats naturels, faune et flore<\/span><\/a><\/li><\/ul>\n\t\t\t\t\t\t\t<\/div>\n\t\t\t\t\t\t<\/div>\n\t\t\t\t\t<\/div>\n\t\t\t\t<\/div><\/nav><\/div>\n\n\n\n<div style=\"height:40px\" aria-hidden=\"true\" class=\"wp-block-spacer\"><\/div>\n\n\n\n<h1 class=\"wp-block-heading alignwide has-white-color has-text-color\" style=\"font-style:normal;font-weight:600\">Excursions en bateau et itin\u00e9raires guid\u00e9s<\/h1>\n\n\n\n<div style=\"height:5px\" aria-hidden=\"true\" class=\"wp-block-spacer\"><\/div>\n\n\n\n<figure class=\"wp-block-image size-full\"><img loading=\"lazy\" decoding=\"async\" width=\"356\" height=\"77\" src=\"https:\/\/albuferanature.com\/wp-content\/uploads\/2023\/09\/Albufera-Nature-logo-texto.png\" alt=\"logo albufera nature\" class=\"wp-image-603\" srcset=\"https:\/\/albuferanature.com\/wp-content\/uploads\/2023\/09\/Albufera-Nature-logo-texto.png 356w, https:\/\/albuferanature.com\/wp-content\/uploads\/2023\/09\/Albufera-Nature-logo-texto-300x65.png 300w\" sizes=\"auto, (max-width: 356px) 100vw, 356px\" \/><\/figure>\n\n\n\n<h2 class=\"wp-block-heading alignwide has-white-color has-text-color has-x-large-font-size\" style=\"margin-top:0;margin-bottom:0;padding-top:0;padding-bottom:0;font-style:normal;font-weight:600\">Parc Naturel de l&rsquo;Albufera de Valence<\/h2>\n\n\n\n<div style=\"height:5px\" aria-hidden=\"true\" class=\"wp-block-spacer\"><\/div>\n\n\n\n<div class=\"wp-block-columns alignwide is-layout-flex wp-container-core-columns-is-layout-28f84493 wp-block-columns-is-layout-flex\">\n<div class=\"wp-block-column is-layout-flow wp-block-column-is-layout-flow\" style=\"flex-basis:60%\">\n<div class=\"wp-block-buttons is-layout-flex wp-block-buttons-is-layout-flex\">\n<div class=\"wp-block-button is-style-outline is-style-outline--2\" style=\"font-style:normal;font-weight:600\"><a class=\"wp-block-button__link has-text-color has-background wp-element-button\" href=\"https:\/\/albuferanature.com\/fr\/nos-activites\/\" style=\"color:#ffffff;background-color:#00000000\">Tous les itin\u00e9raires<\/a><\/div>\n<\/div>\n<\/div>\n\n\n\n<div class=\"wp-block-column is-layout-flow wp-block-column-is-layout-flow\"><\/div>\n<\/div>\n\n\n\n<div style=\"height:100px\" aria-hidden=\"true\" class=\"wp-block-spacer\"><\/div>\n<\/div><\/div>\n<\/div>\n<\/div>\n\n\n\n<div class=\"wp-block-columns alignfull are-vertically-aligned-center no-gap is-layout-flex wp-container-core-columns-is-layout-bd922346 wp-block-columns-is-layout-flex\" style=\"margin-top:0;margin-bottom:0;padding-top:0;padding-right:0;padding-bottom:0;padding-left:0\">\n<div class=\"wp-block-column is-vertically-aligned-center has-background is-layout-flow wp-container-core-column-is-layout-52e1b167 wp-block-column-is-layout-flow\" style=\"background-color:#6b6957;padding-top:1em;padding-right:1em;padding-bottom:1.5em;padding-left:1em\">\n<figure class=\"wp-block-image aligncenter size-full\"><a href=\"https:\/\/albuferanature.com\/fr\/habitats-naturels-faune-et-flore\/#lago\"><img loading=\"lazy\" decoding=\"async\" width=\"80\" height=\"80\" src=\"https:\/\/albuferanature.com\/wp-content\/uploads\/2023\/08\/albufera-pez-1.png\" alt=\"icono pez\" class=\"wp-image-248\"\/><\/a><\/figure>\n\n\n\n<h4 class=\"wp-block-heading has-text-align-center has-background-color has-text-color has-large-font-size\" style=\"font-style:normal;font-weight:600\">Le lac<\/h4>\n<\/div>\n\n\n\n<div class=\"wp-block-column is-vertically-aligned-center has-background is-layout-flow wp-container-core-column-is-layout-505f0d17 wp-block-column-is-layout-flow\" style=\"background-color:#555336;padding-top:1em;padding-right:1em;padding-bottom:1.5em;padding-left:1em\">\n<figure class=\"wp-block-image aligncenter size-full\"><a href=\"https:\/\/albuferanature.com\/fr\/habitats-naturels-faune-et-flore\/#marjal\"><img loading=\"lazy\" decoding=\"async\" width=\"80\" height=\"80\" src=\"https:\/\/albuferanature.com\/wp-content\/uploads\/2023\/09\/Albufera-Nature-icono-arroz.png\" alt=\"icono arroz\" class=\"wp-image-636\"\/><\/a><\/figure>\n\n\n\n<h4 class=\"wp-block-heading has-text-align-center has-background-color has-text-color has-large-font-size\" style=\"font-style:normal;font-weight:500\">La Marjal<\/h4>\n<\/div>\n\n\n\n<div class=\"wp-block-column is-vertically-aligned-center has-background is-layout-flow wp-container-core-column-is-layout-505f0d17 wp-block-column-is-layout-flow\" style=\"background-color:#474d4b;padding-top:1em;padding-right:1em;padding-bottom:1.5em;padding-left:1em\">\n<figure class=\"wp-block-image aligncenter size-full\"><a href=\"https:\/\/albuferanature.com\/fr\/habitats-naturels-faune-et-flore\/#devesa\"><img loading=\"lazy\" decoding=\"async\" width=\"80\" height=\"80\" src=\"https:\/\/albuferanature.com\/wp-content\/uploads\/2023\/08\/Albufera-Nature-icono-duna-1.png\" alt=\"icono duna\" class=\"wp-image-253\"\/><\/a><\/figure>\n\n\n\n<h4 class=\"wp-block-heading has-text-align-center has-background-color has-text-color has-large-font-size\" style=\"font-style:normal;font-weight:500\">La Devesa<\/h4>\n<\/div>\n\n\n\n<div class=\"wp-block-column is-vertically-aligned-center has-background-color has-text-color has-background is-layout-flow wp-container-core-column-is-layout-52e1b167 wp-block-column-is-layout-flow\" style=\"background-color:#b0a277;padding-top:1em;padding-right:1em;padding-bottom:1.5em;padding-left:1em\">\n<figure class=\"wp-block-image aligncenter size-full\"><a href=\"https:\/\/albuferanature.com\/fr\/habitats-naturels-faune-et-flore\/#aves\"><img loading=\"lazy\" decoding=\"async\" width=\"80\" height=\"80\" src=\"https:\/\/albuferanature.com\/wp-content\/uploads\/2023\/09\/Albufera-Nature-icono-pajaro-02.png\" alt=\"icono naturaleza\" class=\"wp-image-350\"\/><\/a><\/figure>\n\n\n\n<h4 class=\"wp-block-heading has-text-align-center has-large-font-size\" style=\"font-style:normal;font-weight:500\">+350 oiseaux<\/h4>\n<\/div>\n<\/div>\n\n\n\n<div class=\"wp-block-cover alignfull is-light\" style=\"margin-top:0;margin-bottom:0;padding-top:0px;padding-right:0px;padding-bottom:0px;padding-left:0px;min-height:300px;aspect-ratio:unset;\"><span aria-hidden=\"true\" class=\"wp-block-cover__background has-background-dim-100 has-background-dim\" style=\"background-color:#ebebeb\"><\/span><div class=\"wp-block-cover__inner-container is-layout-constrained wp-container-core-cover-is-layout-94d0fbc5 wp-block-cover-is-layout-constrained\">\n<div aria-hidden=\"true\" class=\"wp-block-spacer\"><\/div>\n\n\n\n<figure class=\"wp-block-image aligncenter size-full\"><img loading=\"lazy\" decoding=\"async\" width=\"355\" height=\"77\" src=\"https:\/\/albuferanature.com\/wp-content\/uploads\/2023\/09\/Albufera-Nature-logo-texto-verde.png\" alt=\"campo arroz albufera\" class=\"wp-image-680\" srcset=\"https:\/\/albuferanature.com\/wp-content\/uploads\/2023\/09\/Albufera-Nature-logo-texto-verde.png 355w, https:\/\/albuferanature.com\/wp-content\/uploads\/2023\/09\/Albufera-Nature-logo-texto-verde-300x65.png 300w\" sizes=\"auto, (max-width: 355px) 100vw, 355px\" \/><\/figure>\n\n\n\n<div style=\"height:15px\" aria-hidden=\"true\" class=\"wp-block-spacer\"><\/div>\n\n\n\n<div class=\"wp-block-columns is-layout-flex wp-container-core-columns-is-layout-7d874bf9 wp-block-columns-is-layout-flex\" style=\"margin-top:0;margin-bottom:0;padding-top:0;padding-bottom:0\">\n<div class=\"wp-block-column is-layout-flow wp-block-column-is-layout-flow\">\n<p class=\"has-text-align-center\" style=\"padding-top:0;padding-bottom:0\">\u00c9cotourisme responsable dans le Parc Naturel de l&rsquo;Albufera de Valence, cr\u00e9\u00e9 avec tout l&rsquo;amour des autochtones du Parc Naturel pour faire conna\u00eetre ce lieu fantastique comme il le m\u00e9rite.<\/p>\n<\/div>\n<\/div>\n<\/div><\/div>\n\n\n\n<h2 class=\"wp-block-heading has-text-align-center\" style=\"margin-top:0;margin-right:0;margin-bottom:0;margin-left:0;padding-top:1em;padding-right:1em;padding-bottom:0.5em;padding-left:1em;font-style:normal;font-weight:600\">Nos activit\u00e9s<\/h2>\n\n\n\n<div class=\"wp-block-columns alignfull is-layout-flex wp-container-core-columns-is-layout-13fabc66 wp-block-columns-is-layout-flex\" style=\"padding-right:6%;padding-left:6%\">\n<div class=\"wp-block-column has-text-color has-background has-link-color wp-elements-0fc79c6e7fecbc8f957b49d5b1011c61 is-layout-flow wp-block-column-is-layout-flow\" style=\"color:#000000;background-color:#d0cebb;padding-top:2em;padding-right:2em;padding-bottom:2em;padding-left:2em\">\n<figure class=\"wp-block-image size-full\"><a href=\"https:\/\/albuferanature.com\/fr\/excursions-en-bateau-couchers-de-soleil\/\"><img loading=\"lazy\" decoding=\"async\" width=\"760\" height=\"500\" src=\"https:\/\/albuferanature.com\/wp-content\/uploads\/2023\/09\/Albufera-Nature-actividad-puestas-de-sol.jpg\" alt=\"Paseos en barca +\u00a0Puestas de sol\" class=\"wp-image-371\" srcset=\"https:\/\/albuferanature.com\/wp-content\/uploads\/2023\/09\/Albufera-Nature-actividad-puestas-de-sol.jpg 760w, https:\/\/albuferanature.com\/wp-content\/uploads\/2023\/09\/Albufera-Nature-actividad-puestas-de-sol-300x197.jpg 300w\" sizes=\"auto, (max-width: 760px) 100vw, 760px\" \/><\/a><\/figure>\n\n\n\n<h4 class=\"wp-block-heading has-text-align-center\" id=\"single\" style=\"font-style:normal;font-weight:400\">Promenades en bateau + couchers de soleil<\/h4>\n\n\n\n<p class=\"has-text-align-center has-normal-font-size\" style=\"line-height:1.5\">Profitez d&rsquo;une promenade guid\u00e9e en bateau sur le lac d&rsquo;Albufera tout en admirant des couchers de soleil uniques \u00e0 Valence.<\/p>\n\n\n\n<div class=\"wp-block-buttons alignfull is-horizontal is-content-justification-center is-layout-flex wp-container-core-buttons-is-layout-03627597 wp-block-buttons-is-layout-flex\">\n<div class=\"wp-block-button has-custom-width wp-block-button__width-100\"><a class=\"wp-block-button__link has-white-color has-text-color has-background wp-element-button\" href=\"https:\/\/albuferanature.com\/fr\/excursions-en-bateau-couchers-de-soleil\/\" style=\"background-color:#474d4b\" target=\"_blank\" rel=\"noreferrer noopener\">Plus d&rsquo;informations<\/a><\/div>\n<\/div>\n<\/div>\n\n\n\n<div class=\"wp-block-column has-foreground-color has-text-color has-background has-link-color wp-elements-378e83f930d1292f12cb4cdbcf725843 is-layout-flow wp-block-column-is-layout-flow\" style=\"background-color:#dfdbab;padding-top:2em;padding-right:2em;padding-bottom:2em;padding-left:2em\">\n<figure class=\"wp-block-image size-full\"><a href=\"https:\/\/albuferanature.com\/fr\/excursions-pour-les-ecoles\/\"><img loading=\"lazy\" decoding=\"async\" width=\"760\" height=\"500\" src=\"https:\/\/albuferanature.com\/wp-content\/uploads\/2023\/10\/Albufera-Nature_colegios.jpg\" alt=\"Excursiones para colegios\" class=\"wp-image-729\" srcset=\"https:\/\/albuferanature.com\/wp-content\/uploads\/2023\/10\/Albufera-Nature_colegios.jpg 760w, https:\/\/albuferanature.com\/wp-content\/uploads\/2023\/10\/Albufera-Nature_colegios-300x197.jpg 300w\" sizes=\"auto, (max-width: 760px) 100vw, 760px\" \/><\/a><\/figure>\n\n\n\n<h4 class=\"wp-block-heading has-text-align-center\" id=\"family\" style=\"font-style:normal;font-weight:400\">Excursions pour les \u00e9coles<\/h4>\n\n\n\n<p class=\"has-text-align-center has-normal-font-size\" style=\"line-height:1.5\">Diff\u00e9rents groupes d&rsquo;activit\u00e9s pour que les \u00e9tudiants puissent passer une belle journ\u00e9e en profitant d&rsquo;un environnement naturel, en y vivant et en apprenant tout ce qui est possible sur le parc naturel de l&rsquo;Albufera et sa culture.<\/p>\n\n\n\n<div class=\"wp-block-buttons alignfull is-horizontal is-content-justification-center is-layout-flex wp-container-core-buttons-is-layout-03627597 wp-block-buttons-is-layout-flex\">\n<div class=\"wp-block-button has-custom-width wp-block-button__width-100 is-style-fill\"><a class=\"wp-block-button__link has-white-color has-text-color has-background wp-element-button\" href=\"https:\/\/albuferanature.com\/fr\/excursions-pour-les-ecoles\/\" style=\"background-color:#474d4b\" target=\"_blank\" rel=\"noreferrer noopener\">Plus d&rsquo;informations<\/a><\/div>\n<\/div>\n<\/div>\n\n\n\n<div class=\"wp-block-column has-text-color has-background has-link-color wp-elements-9c49636b2448ee88c1506eb890393a6a is-layout-flow wp-block-column-is-layout-flow\" style=\"color:#000000;background-color:#dac7a0;padding-top:2em;padding-right:2em;padding-bottom:2em;padding-left:2em\">\n<figure class=\"wp-block-image size-full\"><a href=\"https:\/\/albuferanature.com\/fr\/excursions-privees-pour-les-groupes\/\"><img loading=\"lazy\" decoding=\"async\" width=\"760\" height=\"500\" src=\"https:\/\/albuferanature.com\/wp-content\/uploads\/2023\/10\/Albufera-nature-Familia-en-Barca.jpg\" alt=\"Excursiones privadas para grupos\" class=\"wp-image-889\" srcset=\"https:\/\/albuferanature.com\/wp-content\/uploads\/2023\/10\/Albufera-nature-Familia-en-Barca.jpg 760w, https:\/\/albuferanature.com\/wp-content\/uploads\/2023\/10\/Albufera-nature-Familia-en-Barca-300x197.jpg 300w\" sizes=\"auto, (max-width: 760px) 100vw, 760px\" \/><\/a><\/figure>\n\n\n\n<h4 class=\"wp-block-heading has-text-align-center\" id=\"family\" style=\"font-style:normal;font-weight:400\">Visites priv\u00e9es pour groupes<\/h4>\n\n\n\n<p class=\"has-text-align-center has-normal-font-size\" style=\"line-height:1.5\">Forfaits pour groupes avec diverses activit\u00e9s qui vous permettront d&rsquo;explorer et de vous \u00e9merveiller devant la beaut\u00e9 du parc naturel de l&rsquo;Albufera \u00e0 Valence.<\/p>\n\n\n\n<div class=\"wp-block-buttons alignfull is-horizontal is-content-justification-center is-layout-flex wp-container-core-buttons-is-layout-03627597 wp-block-buttons-is-layout-flex\">\n<div class=\"wp-block-button has-custom-width wp-block-button__width-100 is-style-fill\"><a class=\"wp-block-button__link has-white-color has-text-color has-background wp-element-button\" href=\"https:\/\/albuferanature.com\/fr\/excursions-privees-pour-les-groupes\/\" style=\"background-color:#474d4b\">Plus d&rsquo;informations<\/a><\/div>\n<\/div>\n<\/div>\n<\/div>\n\n\n\n<div class=\"wp-block-columns alignfull is-layout-flex wp-container-core-columns-is-layout-13fabc66 wp-block-columns-is-layout-flex\" style=\"padding-right:6%;padding-left:6%\">\n<div class=\"wp-block-column has-text-color has-background has-link-color wp-elements-4996fbca75456cb6fa0033f8d49ae59b is-layout-flow wp-block-column-is-layout-flow\" style=\"color:#000000;background-color:#d0cebb;padding-top:2em;padding-right:2em;padding-bottom:2em;padding-left:2em\">\n<figure class=\"wp-block-image size-full\"><a href=\"https:\/\/albuferanature.com\/fr\/evenements-pour-les-couples-et-les-groupes\/\"><img loading=\"lazy\" decoding=\"async\" width=\"760\" height=\"500\" src=\"https:\/\/albuferanature.com\/wp-content\/uploads\/2023\/09\/Albufera-Nature-actividad-eventos.jpg\" alt=\"Eventos para parejas y grupos\" class=\"wp-image-374\" srcset=\"https:\/\/albuferanature.com\/wp-content\/uploads\/2023\/09\/Albufera-Nature-actividad-eventos.jpg 760w, https:\/\/albuferanature.com\/wp-content\/uploads\/2023\/09\/Albufera-Nature-actividad-eventos-300x197.jpg 300w\" sizes=\"auto, (max-width: 760px) 100vw, 760px\" \/><\/a><\/figure>\n\n\n\n<h4 class=\"wp-block-heading has-text-align-center\" id=\"single\" style=\"font-style:normal;font-weight:400\">\u00c9v\u00e9nements pour couples et groupes<\/h4>\n\n\n\n<p class=\"has-text-align-center has-normal-font-size\" style=\"line-height:1.5\">Profitez d&rsquo;une promenade \u00e0 travers cet \u00e9cosyst\u00e8me naturel du parc naturel de l&rsquo;Albufera le long des itin\u00e9raires qui traversent les sites les plus embl\u00e9matiques.<\/p>\n\n\n\n<div class=\"wp-block-buttons alignfull is-horizontal is-content-justification-center is-layout-flex wp-container-core-buttons-is-layout-03627597 wp-block-buttons-is-layout-flex\">\n<div class=\"wp-block-button has-custom-width wp-block-button__width-100\"><a class=\"wp-block-button__link has-white-color has-text-color has-background wp-element-button\" href=\"https:\/\/albuferanature.com\/fr\/evenements-pour-les-couples-et-les-groupes\/\" style=\"background-color:#474d4b\">Plus d&rsquo;informations<\/a><\/div>\n<\/div>\n<\/div>\n\n\n\n<div class=\"wp-block-column has-text-color has-background has-link-color wp-elements-be86ee28fbf42fe77e4f7d8538a6d6d5 is-layout-flow wp-block-column-is-layout-flow\" style=\"color:#000000;background-color:#dfdbab;padding-top:2em;padding-right:2em;padding-bottom:2em;padding-left:2em\">\n<figure class=\"wp-block-image size-full\"><a href=\"https:\/\/albuferanature.com\/fr\/tourisme-ornithologique\/\"><img loading=\"lazy\" decoding=\"async\" width=\"760\" height=\"500\" src=\"https:\/\/albuferanature.com\/wp-content\/uploads\/2023\/09\/Albufera-Nature-actividad-Turismo-ornitolo\u0301gico.jpg\" alt=\"Turismo ornitol\u00f3gico\" class=\"wp-image-376\" srcset=\"https:\/\/albuferanature.com\/wp-content\/uploads\/2023\/09\/Albufera-Nature-actividad-Turismo-ornitolo\u0301gico.jpg 760w, https:\/\/albuferanature.com\/wp-content\/uploads\/2023\/09\/Albufera-Nature-actividad-Turismo-ornitolo\u0301gico-300x197.jpg 300w\" sizes=\"auto, (max-width: 760px) 100vw, 760px\" \/><\/a><\/figure>\n\n\n\n<h4 class=\"wp-block-heading has-text-align-center\" id=\"family\" style=\"font-style:normal;font-weight:400\">Tourisme ornithologique<\/h4>\n\n\n\n<p class=\"has-text-align-center has-normal-font-size\" style=\"line-height:1.5\">Visitez avec nous les r\u00e9serves ornithologiques les plus importantes du lac d&rsquo;Albufera en bateau ou \u00e0 pied, parcourez les diff\u00e9rents \u00e9cosyst\u00e8mes qui composent le parc naturel de l&rsquo;Albufera et d\u00e9couvrez son avifaune dans chacun de ses habitats.<\/p>\n\n\n\n<div class=\"wp-block-buttons alignfull is-horizontal is-content-justification-center is-layout-flex wp-container-core-buttons-is-layout-03627597 wp-block-buttons-is-layout-flex\">\n<div class=\"wp-block-button has-custom-width wp-block-button__width-100 is-style-fill\"><a class=\"wp-block-button__link has-white-color has-text-color has-background wp-element-button\" href=\"https:\/\/albuferanature.com\/fr\/tourisme-ornithologique\/\" style=\"background-color:#474d4b\">Plus d&rsquo;informations<\/a><\/div>\n<\/div>\n<\/div>\n\n\n\n<div class=\"wp-block-column has-text-color has-background has-link-color wp-elements-07befcbaa3e9d1af209b7d1bfae2628f is-layout-flow wp-block-column-is-layout-flow\" style=\"color:#000000;background-color:#dac7a0;padding-top:2em;padding-right:2em;padding-bottom:2em;padding-left:2em\">\n<figure class=\"wp-block-image size-full\"><a href=\"https:\/\/albuferanature.com\/fr\/seances-photo\/\"><img loading=\"lazy\" decoding=\"async\" width=\"760\" height=\"500\" src=\"https:\/\/albuferanature.com\/wp-content\/uploads\/2023\/10\/Albufera-Nature-actividad-sesion-fotografica-03.jpg\" alt=\"Sesiones fotogr\u00e1ficas\" class=\"wp-image-804\" srcset=\"https:\/\/albuferanature.com\/wp-content\/uploads\/2023\/10\/Albufera-Nature-actividad-sesion-fotografica-03.jpg 760w, https:\/\/albuferanature.com\/wp-content\/uploads\/2023\/10\/Albufera-Nature-actividad-sesion-fotografica-03-300x197.jpg 300w\" sizes=\"auto, (max-width: 760px) 100vw, 760px\" \/><\/a><\/figure>\n\n\n\n<h4 class=\"wp-block-heading has-text-align-center\" id=\"family\" style=\"font-style:normal;font-weight:400\">S\u00e9ances photo<\/h4>\n\n\n\n<p class=\"has-text-align-center has-normal-font-size\" style=\"line-height:1.5\">Immortalisez vos meilleurs moments dans un site embl\u00e9matique de Valence tant par son histoire que par sa culture, en pleine nature.<\/p>\n\n\n\n<div class=\"wp-block-buttons alignfull is-horizontal is-content-justification-center is-layout-flex wp-container-core-buttons-is-layout-03627597 wp-block-buttons-is-layout-flex\">\n<div class=\"wp-block-button has-custom-width wp-block-button__width-100 is-style-fill\"><a class=\"wp-block-button__link has-white-color has-text-color has-background wp-element-button\" href=\"https:\/\/albuferanature.com\/fr\/seances-photo\/\" style=\"background-color:#474d4b\">Plus d&rsquo;informations<\/a><\/div>\n<\/div>\n<\/div>\n<\/div>\n\n\n\n<div style=\"height:40px\" aria-hidden=\"true\" class=\"wp-block-spacer\"><\/div>\n\n\n\n<div class=\"wp-block-media-text alignfull is-stacked-on-mobile is-vertically-aligned-top is-image-fill has-text-color has-background has-link-color wp-elements-96db2cc20c79f03d34b8da523e873942\" style=\"color:#fffdc7;background-color:#121c1c;margin-top:0;margin-bottom:0;grid-template-columns:34% auto\"><figure class=\"wp-block-media-text__media\" style=\"background-image:url(https:\/\/albuferanature.com\/wp-content\/uploads\/2023\/09\/Albufera-Nature-nosotros-02.jpg);background-position:50% 50%\"><a href=\"https:\/\/albuferanature.com\/fr\/nos-activites\/\"><img loading=\"lazy\" decoding=\"async\" width=\"720\" height=\"640\" src=\"https:\/\/albuferanature.com\/wp-content\/uploads\/2023\/09\/Albufera-Nature-nosotros-02.jpg\" alt=\"equipo albufera nature\" class=\"wp-image-381 size-full\" srcset=\"https:\/\/albuferanature.com\/wp-content\/uploads\/2023\/09\/Albufera-Nature-nosotros-02.jpg 720w, https:\/\/albuferanature.com\/wp-content\/uploads\/2023\/09\/Albufera-Nature-nosotros-02-300x267.jpg 300w\" sizes=\"auto, (max-width: 720px) 100vw, 720px\" \/><\/a><\/figure><div class=\"wp-block-media-text__content\">\n<div style=\"height:40px\" aria-hidden=\"true\" class=\"wp-block-spacer\"><\/div>\n\n\n\n<figure class=\"wp-block-image size-medium\"><img loading=\"lazy\" decoding=\"async\" width=\"300\" height=\"52\" src=\"https:\/\/albuferanature.com\/wp-content\/uploads\/2023\/09\/Albufera-Nature-logo-03-300x52.png\" alt=\"logotipo albufera nature\" class=\"wp-image-396\" style=\"object-fit:cover\" srcset=\"https:\/\/albuferanature.com\/wp-content\/uploads\/2023\/09\/Albufera-Nature-logo-03-300x52.png 300w, https:\/\/albuferanature.com\/wp-content\/uploads\/2023\/09\/Albufera-Nature-logo-03.png 442w\" sizes=\"auto, (max-width: 300px) 100vw, 300px\" \/><\/figure>\n\n\n\n<div class=\"wp-block-group has-link-color wp-elements-2bcb3c70532a4cd07874b51065332007 is-layout-flow wp-block-group-is-layout-flow\" style=\"padding-top:2em;padding-right:2em;padding-bottom:2em;padding-left:2em\">\n<h2 class=\"wp-block-heading has-text-align-left\" style=\"font-style:normal;font-weight:500;line-height:1.15\"><strong>Nous<\/strong><\/h2>\n\n\n\n<p class=\"has-text-align-left has-medium-font-size\">Nous sommes originaires du parc naturel de l&rsquo;Albufera et notre objectif est que les visiteurs du parc repartent avec des informations et une culture de l&rsquo;Albuferenca. C&rsquo;est ce que nous appelons l&rsquo;\u00e9cotourisme responsable, rendre le tourisme \u00e0 La Albufera durable en faisant conna\u00eetre et appr\u00e9cier \u00e0 ses visiteurs ce merveilleux environnement. C&rsquo;est la raison de notre succ\u00e8s et ce qui nous permet d&rsquo;offrir le meilleur de nos services.<\/p>\n\n\n\n<div style=\"height:15px\" aria-hidden=\"true\" class=\"wp-block-spacer\"><\/div>\n\n\n\n<div class=\"wp-block-buttons is-content-justification-left is-layout-flex wp-container-core-buttons-is-layout-fc4fd283 wp-block-buttons-is-layout-flex\">\n<div class=\"wp-block-button\"><a class=\"wp-block-button__link has-background-color has-text-color has-background wp-element-button\" href=\"https:\/\/albuferanature.com\/fr\/nos-activites\/\" style=\"border-width:2px;background-color:#00000000\">D\u00e9couvrez nos activit\u00e9s<\/a><\/div>\n<\/div>\n<\/div>\n\n\n\n<div style=\"height:40px\" aria-hidden=\"true\" class=\"wp-block-spacer\"><\/div>\n<\/div><\/div>\n\n\n\n<div class=\"wp-block-media-text alignfull has-media-on-the-right is-stacked-on-mobile is-vertically-aligned-top is-image-fill has-text-color has-background has-link-color wp-elements-bf53e552f095c5713cbc94202ac4953b\" style=\"color:#fffdc7;background-color:#121c1c;margin-top:0;margin-bottom:0;grid-template-columns:auto 66%\"><div class=\"wp-block-media-text__content\">\n<div style=\"height:40px\" aria-hidden=\"true\" class=\"wp-block-spacer\"><\/div>\n\n\n\n<div class=\"wp-block-group has-link-color wp-elements-e21f7b3b326fb01d08a40d88aa86ebe6 is-layout-flow wp-block-group-is-layout-flow\" style=\"padding-top:2em;padding-right:2em;padding-bottom:2em;padding-left:2em\">\n<h2 class=\"wp-block-heading has-text-align-left\" style=\"font-style:normal;font-weight:500\"><strong>Parc Naturel de l&rsquo;Albufera<\/strong><\/h2>\n\n\n\n<p class=\"has-text-align-left\" style=\"margin-top:var(--wp--preset--spacing--30);margin-bottom:var(--wp--preset--spacing--30)\">Le Parc Naturel de l&rsquo;Albufera \u00e0 Valence est une destination incontournable pour les amoureux de la nature situ\u00e9 \u00e0 10 km de la ville de Valence. Avec une superficie de plus de 21 000 hectares, c&rsquo;est l&rsquo;une des zones de plus grande valeur \u00e9cologique de la p\u00e9ninsule et reconnue pour la beaut\u00e9 de ses paysages et sa riche biodiversit\u00e9.<\/p>\n\n\n\n<div style=\"height:15px\" aria-hidden=\"true\" class=\"wp-block-spacer\"><\/div>\n\n\n\n<div class=\"wp-block-buttons is-content-justification-left is-layout-flex wp-container-core-buttons-is-layout-fc4fd283 wp-block-buttons-is-layout-flex\">\n<div class=\"wp-block-button is-style-outline is-style-outline--4\"><a class=\"wp-block-button__link has-background-color has-text-color has-background wp-element-button\" href=\"https:\/\/albuferanature.com\/fr\/parc-naturel-de-lalbufera\/\" style=\"background-color:#00000000\">D\u00e9couvrez le parc<\/a><\/div>\n<\/div>\n<\/div>\n\n\n\n<div style=\"height:40px\" aria-hidden=\"true\" class=\"wp-block-spacer\"><\/div>\n<\/div><figure class=\"wp-block-media-text__media\" style=\"background-image:url(https:\/\/albuferanature.com\/wp-content\/uploads\/2023\/10\/Albufera-Nature-Fallera.jpg);background-position:50% 50%\"><a href=\"https:\/\/albuferanature.com\/fr\/parc-naturel-de-lalbufera\/\"><img loading=\"lazy\" decoding=\"async\" width=\"720\" height=\"960\" src=\"https:\/\/albuferanature.com\/wp-content\/uploads\/2023\/10\/Albufera-Nature-Fallera.jpg\" alt=\"Parque Natural La Albufera\" class=\"wp-image-806 size-full\" srcset=\"https:\/\/albuferanature.com\/wp-content\/uploads\/2023\/10\/Albufera-Nature-Fallera.jpg 720w, https:\/\/albuferanature.com\/wp-content\/uploads\/2023\/10\/Albufera-Nature-Fallera-225x300.jpg 225w\" sizes=\"auto, (max-width: 720px) 100vw, 720px\" \/><\/a><\/figure><\/div>\n\n\n\n<div class=\"wp-block-group alignfull has-primary-background-color has-text-color has-background has-link-color wp-elements-056ff1b3bcbe596e0d7ff7dc91689daa is-nowrap is-layout-flex wp-container-core-group-is-layout-063f9440 wp-block-group-is-layout-flex\" style=\"color:#fffdc7;margin-top:0;margin-bottom:0;padding-top:2.5em;padding-right:3em;padding-bottom:2.5em;padding-left:3em\">\n<div class=\"wp-block-columns alignwide are-vertically-aligned-top wp-container-content-9cfa9a5a is-layout-flex wp-container-core-columns-is-layout-8d592297 wp-block-columns-is-layout-flex\" style=\"padding-right:2em;padding-left:2em\">\n<div class=\"wp-block-column is-layout-flow wp-block-column-is-layout-flow\" style=\"flex-basis:10%\">\n<figure class=\"wp-block-image\"><a href=\"https:\/\/wa.me\/600545414\" target=\"_blank\" rel=\"noreferrer noopener\"><img loading=\"lazy\" decoding=\"async\" width=\"106\" height=\"106\" src=\"https:\/\/albuferanature.com\/wp-content\/uploads\/2023\/10\/Albufera-Nature-icon-whatsapp.png\" alt=\"whatsapp albufera nature\" class=\"wp-image-727\" style=\"object-fit:cover\"\/><\/a><\/figure>\n<\/div>\n\n\n\n<div class=\"wp-block-column is-layout-flow wp-block-column-is-layout-flow\" style=\"flex-basis:85%\">\n<h2 class=\"wp-block-heading has-text-align-left\" id=\"schedule-a-visit\" style=\"margin-top:0;margin-right:0;margin-bottom:0;margin-left:0;padding-top:0;padding-right:0;padding-bottom:0;padding-left:0;font-style:normal;font-weight:500\"><strong>\u00c9crivez-nous et r\u00e9servez votre exp\u00e9rience<\/strong><\/h2>\n\n\n\n<h3 class=\"wp-block-heading has-text-align-left has-text-color\" id=\"schedule-a-visit\" style=\"color:#fffdc7;margin-top:0.3em;margin-right:0;margin-bottom:0.3em;margin-left:0;font-style:normal;font-weight:500\"> <a href=\"https:\/\/wa.me\/600545414\" target=\"_blank\" rel=\"noreferrer noopener\">(+34) 600 545 414<\/a><\/h3>\n<\/div>\n<\/div>\n<\/div>\n\n\n\n<div class=\"wp-block-columns alignfull is-layout-flex wp-container-core-columns-is-layout-5f2652e6 wp-block-columns-is-layout-flex\" style=\"margin-top:0;margin-bottom:0\">\n<div class=\"wp-block-column is-vertically-aligned-center is-layout-flow wp-block-column-is-layout-flow\">\n<div class=\"wp-block-group wp-container-content-231d8afb is-layout-flow wp-block-group-is-layout-flow\" style=\"margin-top:0;margin-bottom:0\">\n<iframe src=\"https:\/\/www.google.com\/maps\/embed?pb=!1m14!1m8!1m3!1d12341.26270102565!2d-0.3235395!3d39.3490874!3m2!1i1024!2i768!4f13.1!3m3!1m2!1s0xd604aee6ffb5f4b%3A0xa7aa28684d551fdb!2sAlbufera%20Nature%2C%20Paseos%20en%20Barca!5e0!3m2!1ses!2ses!4v1690976363041!5m2!1ses!2ses\" width=\"100%\" height=\"800px%\" style=\"border:0;\" allowfullscreen=\"\" loading=\"lazy\" referrerpolicy=\"no-referrer-when-downgrade\"><\/iframe>\n<\/div>\n<\/div>\n\n\n\n<div class=\"wp-block-column is-vertically-aligned-top is-layout-flow wp-block-column-is-layout-flow\" style=\"padding-top:4em;padding-right:2em;padding-bottom:4em;padding-left:2em\">\n<div class=\"wp-block-group wp-container-content-231d8afb is-vertical is-layout-flex wp-container-core-group-is-layout-3c5f6def wp-block-group-is-layout-flex\" style=\"margin-top:0;margin-bottom:0;padding-left:var(--wp--preset--spacing--60)\">\n<h2 class=\"wp-block-heading\" style=\"font-style:normal;font-weight:600\">Contactez-nous<\/h2>\n\n\n\n<p>El Saler \/ Mirador de la Albufera<br>CV500, Km. 9, El Mirador de la Gola del Pujol<br>46012, Valencia.<\/p>\n\n\n\n<p>info@albuferanature.com<\/p>\n\n\n\n<p>Tel: (+34) 600 545 414<\/p>\n\n\n\n<div class=\"wpcf7 no-js\" id=\"wpcf7-f1409-o1\" lang=\"es-ES\" dir=\"ltr\" data-wpcf7-id=\"1409\">\n<div class=\"screen-reader-response\"><p role=\"status\" aria-live=\"polite\" aria-atomic=\"true\"><\/p> <ul><\/ul><\/div>\n<form action=\"\/fr\/wp-json\/wp\/v2\/pages\/1452#wpcf7-f1409-o1\" method=\"post\" class=\"wpcf7-form init\" aria-label=\"Formulario de contacto\" novalidate=\"novalidate\" data-status=\"init\">\n<fieldset class=\"hidden-fields-container\"><input type=\"hidden\" name=\"_wpcf7\" value=\"1409\" \/><input type=\"hidden\" name=\"_wpcf7_version\" value=\"6.1.5\" \/><input type=\"hidden\" name=\"_wpcf7_locale\" value=\"es_ES\" \/><input type=\"hidden\" name=\"_wpcf7_unit_tag\" value=\"wpcf7-f1409-o1\" \/><input type=\"hidden\" name=\"_wpcf7_container_post\" value=\"0\" \/><input type=\"hidden\" name=\"_wpcf7_posted_data_hash\" value=\"\" \/>\n<\/fieldset>\n<div class=\"cf7container\">\n\t<div class=\"left-column\">\n\t\t<p><label> Nom:<br \/>\n<span class=\"wpcf7-form-control-wrap\" data-name=\"nombre\"><input size=\"40\" maxlength=\"400\" class=\"wpcf7-form-control wpcf7-text wpcf7-validates-as-required\" autocomplete=\"name\" aria-required=\"true\" aria-invalid=\"false\" value=\"\" type=\"text\" name=\"nombre\" \/><\/span> <\/label>\n\t\t<\/p>\n\t\t<p><label> T\u00e9l\u00e9phone:<br \/>\n<span class=\"wpcf7-form-control-wrap\" data-name=\"telefono\"><input size=\"40\" maxlength=\"400\" class=\"wpcf7-form-control wpcf7-text wpcf7-validates-as-required\" aria-required=\"true\" aria-invalid=\"false\" value=\"\" type=\"text\" name=\"telefono\" \/><\/span> <\/label>\n\t\t<\/p>\n\t\t<p><label> Nombre de personnes<br \/>\n<span class=\"wpcf7-form-control-wrap\" data-name=\"personas\"><input class=\"wpcf7-form-control wpcf7-number wpcf7-validates-as-required wpcf7-validates-as-number\" min=\"1\" max=\"250\" aria-required=\"true\" aria-invalid=\"false\" value=\"\" type=\"number\" name=\"personas\" \/><\/span><br \/>\n<\/label>\n\t\t<\/p>\n\t\t<p><label> Date de la visite<br \/>\n<span class=\"wpcf7-form-control-wrap\" data-name=\"fecha\"><input class=\"wpcf7-form-control wpcf7-date wpcf7-validates-as-date\" min=\"2024-03-21\" aria-invalid=\"false\" value=\"\" type=\"date\" name=\"fecha\" \/><\/span><br \/>\n<\/label>\n\t\t<\/p>\n\t<\/div>\n\t<div class=\"right-column\">\n\t\t<p><label> E-mail:<br \/>\n<span class=\"wpcf7-form-control-wrap\" data-name=\"email\"><input size=\"40\" maxlength=\"400\" class=\"wpcf7-form-control wpcf7-email wpcf7-validates-as-required wpcf7-text wpcf7-validates-as-email\" autocomplete=\"email\" aria-required=\"true\" aria-invalid=\"false\" value=\"\" type=\"email\" name=\"email\" \/><\/span> <\/label>\n\t\t<\/p>\n\t\t<p><label> Activit\u00e9 souhait\u00e9e<br \/>\n<span class=\"wpcf7-form-control-wrap\" data-name=\"Actividad\"><select class=\"wpcf7-form-control wpcf7-select\" aria-invalid=\"false\" name=\"Actividad\"><option value=\"Excursion en bateau\">Excursion en bateau<\/option><option value=\"Excursion en bateau avec le coucher de soleil\">Excursion en bateau avec le coucher de soleil<\/option><option value=\"Group priv\u00e9\">Group priv\u00e9<\/option><option value=\"\u00c9coles\">\u00c9coles<\/option><option value=\"S\u00e9ances photo\">S\u00e9ances photo<\/option><option value=\"Tourisme ornithologique\">Tourisme ornithologique<\/option><\/select><\/span><\/label>\n\t\t<\/p>\n\t\t<p><input class=\"wpcf7-form-control wpcf7-submit has-spinner\" type=\"submit\" value=\"Send\" \/>\n\t\t<\/p>\n\t<\/div>\n<\/div><p style=\"display: none !important;\" class=\"akismet-fields-container\" data-prefix=\"_wpcf7_ak_\"><label>&#916;<textarea name=\"_wpcf7_ak_hp_textarea\" cols=\"45\" rows=\"8\" maxlength=\"100\"><\/textarea><\/label><input type=\"hidden\" id=\"ak_js_1\" name=\"_wpcf7_ak_js\" value=\"20\"\/><script>document.getElementById( \"ak_js_1\" ).setAttribute( \"value\", ( new Date() ).getTime() );<\/script><\/p><div class=\"wpcf7-response-output\" aria-hidden=\"true\"><\/div>\n<\/form>\n<\/div>\n\n<\/div>\n<\/div>\n<\/div>\n\n\n\n<div class=\"wp-block-group alignfull has-text-color has-background is-layout-flow wp-block-group-is-layout-flow\" style=\"color:#fffdc7;background-color:#474d4b;margin-top:0;padding-top:2.5em;padding-right:2.5em;padding-bottom:2.5em;padding-left:2.5em\">\n<h2 class=\"wp-block-heading has-text-align-center\" id=\"schedule-a-visit\" style=\"font-style:normal;font-weight:500\"><strong>Collaborateurs<\/strong><\/h2>\n\n\n\n<p class=\"has-text-align-center\">En tant que r\u00e9sidents du parc naturel de l&rsquo;Albufera et ayant des ann\u00e9es d&rsquo;exp\u00e9rience, nous organisons votre<br>visitez ou s\u00e9journez \u00e0 travers des forfaits afin d&rsquo;\u00eatre pris en charge par les meilleurs professionnels de<br>la r\u00e9gion, que ce soit dans les restaurants, les h\u00e9bergements, les campings, ou pour vos activit\u00e9s comme les s\u00e9ances<br>photographies, traducteurs pour les excursions, etc.<\/p>\n\n\n\n<div style=\"height:1px\" aria-hidden=\"true\" class=\"wp-block-spacer\"><\/div>\n\n\n\n<div class=\"wp-block-buttons is-content-justification-center is-layout-flex wp-container-core-buttons-is-layout-a89b3969 wp-block-buttons-is-layout-flex\">\n<div class=\"wp-block-button is-style-outline is-style-outline--5\"><a class=\"wp-block-button__link has-background-color has-text-color has-background has-text-align-center wp-element-button\" href=\"https:\/\/albuferanature.com\/fr\/contactez-nous\/\" style=\"background-color:#00000000\">Contactez-nous<\/a><\/div>\n<\/div>\n<\/div>\n\n\n\n<div class=\"wp-block-columns alignfull no-gap has-background is-layout-flex wp-container-core-columns-is-layout-bd922346 wp-block-columns-is-layout-flex\" style=\"background-color:#555336;margin-top:0;margin-bottom:0;padding-top:0;padding-right:0;padding-bottom:0;padding-left:0\">\n<div class=\"wp-block-column is-vertically-aligned-top has-background-color has-text-color has-background is-layout-flow wp-container-core-column-is-layout-52e1b167 wp-block-column-is-layout-flow\" style=\"background-color:#6b6957;padding-top:1em;padding-right:1em;padding-bottom:1.5em;padding-left:1em\">\n<div style=\"height:20px\" aria-hidden=\"true\" class=\"wp-block-spacer\"><\/div>\n\n\n\n<figure class=\"wp-block-image aligncenter size-full is-resized\"><a href=\"https:\/\/www.facebook.com\/CasadelaDemana\" target=\"_blank\" rel=\"noreferrer noopener\"><img loading=\"lazy\" decoding=\"async\" width=\"82\" height=\"82\" src=\"https:\/\/albuferanature.com\/wp-content\/uploads\/2023\/08\/Albufera-NatureAsociacio\u0301n-Amics-de-la-Casa-de-la-Demana\u0300.png\" alt=\"Asociaci\u00f3n Amics de la\nCasa de la Deman\u00e0\" class=\"wp-image-291\" style=\"width:80px;height:80px\"\/><\/a><\/figure>\n\n\n\n<div style=\"height:20px\" aria-hidden=\"true\" class=\"wp-block-spacer\"><\/div>\n\n\n\n<h4 class=\"wp-block-heading has-text-align-center has-large-font-size\" style=\"font-style:normal;font-weight:500\">Asociaci\u00f3 Amics de la<br>Casa de la Deman\u00e0<\/h4>\n<\/div>\n\n\n\n<div class=\"wp-block-column is-vertically-aligned-top has-background is-layout-flow wp-container-core-column-is-layout-52e1b167 wp-block-column-is-layout-flow\" style=\"background-color:#555336;padding-top:1em;padding-right:1em;padding-bottom:1.5em;padding-left:1em\">\n<div style=\"height:20px\" aria-hidden=\"true\" class=\"wp-block-spacer\"><\/div>\n\n\n\n<figure class=\"wp-block-image aligncenter size-full is-resized is-style-rounded\"><a href=\"https:\/\/parquesnaturales.gva.es\/es\/web\/pn-l-albufera\/conocenos\" target=\"_blank\" rel=\"noreferrer noopener\"><img loading=\"lazy\" decoding=\"async\" width=\"2461\" height=\"2560\" src=\"https:\/\/albuferanature.com\/wp-content\/uploads\/2023\/11\/Xiulet-logo-scaled.jpg\" alt=\"Xiulet logo\" class=\"wp-image-1360\" style=\"width:79px;height:auto\" srcset=\"https:\/\/albuferanature.com\/wp-content\/uploads\/2023\/11\/Xiulet-logo-scaled.jpg 2461w, https:\/\/albuferanature.com\/wp-content\/uploads\/2023\/11\/Xiulet-logo-288x300.jpg 288w, https:\/\/albuferanature.com\/wp-content\/uploads\/2023\/11\/Xiulet-logo-985x1024.jpg 985w, https:\/\/albuferanature.com\/wp-content\/uploads\/2023\/11\/Xiulet-logo-768x799.jpg 768w, https:\/\/albuferanature.com\/wp-content\/uploads\/2023\/11\/Xiulet-logo-1477x1536.jpg 1477w, https:\/\/albuferanature.com\/wp-content\/uploads\/2023\/11\/Xiulet-logo-1969x2048.jpg 1969w\" sizes=\"auto, (max-width: 2461px) 100vw, 2461px\" \/><\/a><figcaption class=\"wp-element-caption\"> logo<\/figcaption><\/figure>\n\n\n\n<h4 class=\"wp-block-heading has-text-align-center has-background-color has-text-color has-large-font-size\" id=\"screening\" style=\"font-style:normal;font-weight:500\">Parc Natural de l&rsquo;Albufera de Val\u00e8ncia<\/h4>\n<\/div>\n<\/div>\n\n\n\n<div class=\"wp-block-group alignfull has-background-color has-white-color has-text-color has-background has-link-color wp-elements-e9108c6e80c53fd69f35fe9cbe53f553 is-layout-flow wp-container-core-group-is-layout-f5c6050b wp-block-group-is-layout-flow\" style=\"background-color:#121c1c;min-height:40vh;margin-top:0;margin-bottom:0;padding-top:var(--wp--preset--spacing--60);padding-right:var(--wp--preset--spacing--20);padding-bottom:var(--wp--preset--spacing--60);padding-left:var(--wp--preset--spacing--20)\">\n<div class=\"wp-block-columns alignwide has-small-font-size is-layout-flex wp-container-core-columns-is-layout-f3d9e646 wp-block-columns-is-layout-flex\" style=\"padding-right:2em;padding-left:2em\">\n<div class=\"wp-block-column is-layout-flow wp-block-column-is-layout-flow\" style=\"padding-top:0;padding-right:0;padding-bottom:0;padding-left:0\">\n<h4 class=\"wp-block-heading has-text-align-left has-medium-font-size\" style=\"font-style:normal;font-weight:500;text-transform:uppercase\">Albufera Nature<\/h4>\n\n\n\n<p class=\"has-text-align-left\">Nous sommes originaires du parc naturel de l&rsquo;Albufera et notre objectif est que les visiteurs du parc repartent avec des informations et une culture de l&rsquo;Albuferenca.<br><\/p>\n\n\n\n<p>Albufera Nature \u00ae 2023<\/p>\n\n\n\n<div style=\"height:24px\" aria-hidden=\"true\" class=\"wp-block-spacer\"><\/div>\n<\/div>\n\n\n\n<div class=\"wp-block-column is-layout-flow wp-block-column-is-layout-flow\">\n<h4 class=\"wp-block-heading has-text-align-left has-medium-font-size\" style=\"font-style:normal;font-weight:500;text-transform:uppercase\">Activities<\/h4>\n\n\n<nav class=\"has-small-font-size  is-vertical no-wrap wp-block-navigation is-nowrap is-layout-flex wp-container-core-navigation-is-layout-9bc6ff26 wp-block-navigation-is-layout-flex\" aria-label=\"Navegaci\u00f3n Footer EN\"><ul class=\"wp-block-navigation__container has-small-font-size  is-vertical no-wrap wp-block-navigation has-small-font-size\"><li class=\"has-small-font-size wp-block-navigation-item wp-block-navigation-link\"><a class=\"wp-block-navigation-item__content\"  href=\"\/fr\/excursions-en-bateau-couchers-de-soleil\/\"><span class=\"wp-block-navigation-item__label\">Excursions en bateau + couchers de soleil <\/span><\/a><\/li><li class=\"has-small-font-size wp-block-navigation-item wp-block-navigation-link\"><a class=\"wp-block-navigation-item__content\"  href=\"\/fr\/excursions-pour-les-ecoles\/\"><span class=\"wp-block-navigation-item__label\">Excursions pour les \u00e9coles<\/span><\/a><\/li><li class=\"has-small-font-size wp-block-navigation-item wp-block-navigation-link\"><a class=\"wp-block-navigation-item__content\"  href=\"\/fr\/excursions-privees-pour-les-groupes\/\"><span class=\"wp-block-navigation-item__label\">Excursions priv\u00e9es pour les groupes<\/span><\/a><\/li><li class=\"has-small-font-size wp-block-navigation-item wp-block-navigation-link\"><a class=\"wp-block-navigation-item__content\"  href=\"\/fr\/evenements-pour-les-couples-et-les-groupes\/\"><span class=\"wp-block-navigation-item__label\">\u00c9v\u00e9nements pour les couples et les groupes<\/span><\/a><\/li><li class=\"has-small-font-size wp-block-navigation-item wp-block-navigation-link\"><a class=\"wp-block-navigation-item__content\"  href=\"\/fr\/tourisme-ornithologique\/\"><span class=\"wp-block-navigation-item__label\">Tourisme ornithologique<\/span><\/a><\/li><li class=\"has-small-font-size wp-block-navigation-item wp-block-navigation-link\"><a class=\"wp-block-navigation-item__content\"  href=\"\/fr\/seances-photo\/\"><span class=\"wp-block-navigation-item__label\">S\u00e9ances photo<\/span><\/a><\/li><\/ul><\/nav>\n\n\n<div style=\"height:24px\" aria-hidden=\"true\" class=\"wp-block-spacer\"><\/div>\n<\/div>\n\n\n\n<div class=\"wp-block-column is-layout-flow wp-block-column-is-layout-flow\">\n<h4 class=\"wp-block-heading has-text-align-left has-medium-font-size\" style=\"font-style:normal;font-weight:500;text-transform:uppercase\">Parc Naturel de l&rsquo;Albufera<\/h4>\n\n\n<nav class=\"has-small-font-size  is-vertical no-wrap wp-block-navigation is-nowrap is-layout-flex wp-container-core-navigation-is-layout-9bc6ff26 wp-block-navigation-is-layout-flex\" aria-label=\"Navegaci\u00f3n ES\"><ul class=\"wp-block-navigation__container has-small-font-size  is-vertical no-wrap wp-block-navigation has-small-font-size\"><li class=\"has-small-font-size wp-block-navigation-item wp-block-navigation-link\"><a class=\"wp-block-navigation-item__content\"  href=\"https:\/\/albuferanature.com\/fr\/nos-activites\/\"><span class=\"wp-block-navigation-item__label\">Nos Activit\u00e9s<\/span><\/a><\/li><li class=\"has-small-font-size wp-block-navigation-item wp-block-navigation-link\"><a class=\"wp-block-navigation-item__content\"  href=\"https:\/\/albuferanature.com\/fr\/contactez-nous\/\"><span class=\"wp-block-navigation-item__label\">Contact et r\u00e9servations<\/span><\/a><\/li><li class=\"has-small-font-size wp-block-navigation-item wp-block-navigation-link\"><a class=\"wp-block-navigation-item__content\"  href=\"https:\/\/albuferanature.com\/fr\/parc-naturel-de-lalbufera\/\"><span class=\"wp-block-navigation-item__label\">Parc Naturel de l\u2019Albufera<\/span><\/a><\/li><li class=\"has-small-font-size wp-block-navigation-item wp-block-navigation-link\"><a class=\"wp-block-navigation-item__content\"  href=\"https:\/\/albuferanature.com\/fr\/habitats-naturels-faune-et-flore\/\"><span class=\"wp-block-navigation-item__label\">Habitats <\/span><\/a><\/li><\/ul><\/nav>\n\n\n<div style=\"height:24px\" aria-hidden=\"true\" class=\"wp-block-spacer\"><\/div>\n<\/div>\n\n\n\n<div class=\"wp-block-column is-layout-flow wp-block-column-is-layout-flow\">\n<h4 class=\"wp-block-heading has-text-align-left has-medium-font-size\" style=\"font-style:normal;font-weight:500;text-transform:uppercase\">Suivez-nous<\/h4>\n\n\n\n<div class=\"wp-block-group is-vertical is-content-justification-left is-layout-flex wp-container-core-group-is-layout-32091062 wp-block-group-is-layout-flex\">\n<p><a href=\"https:\/\/www.facebook.com\/AlbuferaNature\/\" data-type=\"link\" data-id=\"https:\/\/www.facebook.com\/AlbuferaNature\/\" target=\"_blank\" rel=\"noreferrer noopener\">Facebook<\/a><\/p>\n\n\n\n<p><a href=\"https:\/\/www.instagram.com\/albufera_nature\/\" data-type=\"link\" data-id=\"https:\/\/www.instagram.com\/albufera_nature\/\" target=\"_blank\" rel=\"noreferrer noopener\">Instagram<\/a><\/p>\n\n\n\n<p><a href=\"https:\/\/twitter.com\/albufera_nature\" target=\"_blank\" rel=\"noreferrer noopener\">Twitter<\/a><\/p>\n<\/div>\n\n\n\n<div style=\"height:24px\" aria-hidden=\"true\" class=\"wp-block-spacer\"><\/div>\n<\/div>\n<\/div>\n\n\n\n<div class=\"wp-block-group has-background-background-color has-background is-content-justification-center is-nowrap is-layout-flex wp-container-core-group-is-layout-23441af8 wp-block-group-is-layout-flex\">\n<figure class=\"wp-block-image size-large\"><img loading=\"lazy\" decoding=\"async\" width=\"1024\" height=\"103\" src=\"https:\/\/albuferanature.com\/wp-content\/uploads\/2023\/10\/kit-digital-albufera-nature-1024x103.png\" alt=\"\" class=\"wp-image-1130\" style=\"aspect-ratio:12.962025316455696;object-fit:contain\" srcset=\"https:\/\/albuferanature.com\/wp-content\/uploads\/2023\/10\/kit-digital-albufera-nature-1024x103.png 1024w, https:\/\/albuferanature.com\/wp-content\/uploads\/2023\/10\/kit-digital-albufera-nature-300x30.png 300w, https:\/\/albuferanature.com\/wp-content\/uploads\/2023\/10\/kit-digital-albufera-nature-768x78.png 768w, https:\/\/albuferanature.com\/wp-content\/uploads\/2023\/10\/kit-digital-albufera-nature.png 1535w\" sizes=\"auto, (max-width: 1024px) 100vw, 1024px\" \/><\/figure>\n<\/div>\n<\/div>\n","protected":false},"excerpt":{"rendered":"<p>Le lac La Marjal La Devesa +350 oiseaux Nos activit\u00e9s Promenades en bateau + couchers de soleil Profitez d&rsquo;une promenade guid\u00e9e en bateau sur le lac d&rsquo;Albufera tout en admirant des couchers de soleil uniques \u00e0 Valence. Excursions pour les \u00e9coles Diff\u00e9rents groupes d&rsquo;activit\u00e9s pour que les \u00e9tudiants puissent passer une belle journ\u00e9e en profitant [&hellip;]<\/p>\n","protected":false},"author":1,"featured_media":1454,"parent":0,"menu_order":0,"comment_status":"closed","ping_status":"closed","template":"blank","meta":{"footnotes":""},"class_list":["post-1452","page","type-page","status-publish","has-post-thumbnail","hentry"],"yoast_head":"<!-- This site is optimized with the Yoast SEO plugin v27.3 - https:\/\/yoast.com\/product\/yoast-seo-wordpress\/ -->\n<title>Parque Natural de la Albufera - ALBUFERA NATURE<\/title>\n<meta name=\"robots\" content=\"index, follow, max-snippet:-1, max-image-preview:large, max-video-preview:-1\" \/>\n<link rel=\"canonical\" href=\"https:\/\/albuferanature.com\/fr\/\" \/>\n<meta property=\"og:locale\" content=\"fr_FR\" \/>\n<meta property=\"og:type\" content=\"article\" \/>\n<meta property=\"og:title\" content=\"Parque Natural de la Albufera - ALBUFERA NATURE\" \/>\n<meta property=\"og:description\" content=\"Le lac La Marjal La Devesa +350 oiseaux Nos activit\u00e9s Promenades en bateau + couchers de soleil Profitez d&rsquo;une promenade guid\u00e9e en bateau sur le lac d&rsquo;Albufera tout en admirant des couchers de soleil uniques \u00e0 Valence. Excursions pour les \u00e9coles Diff\u00e9rents groupes d&rsquo;activit\u00e9s pour que les \u00e9tudiants puissent passer une belle journ\u00e9e en profitant [&hellip;]\" \/>\n<meta property=\"og:url\" content=\"https:\/\/albuferanature.com\/fr\/\" \/>\n<meta property=\"og:site_name\" content=\"ALBUFERA NATURE\" \/>\n<meta property=\"article:publisher\" content=\"https:\/\/www.facebook.com\/AlbuferaNature\/\" \/>\n<meta property=\"article:modified_time\" content=\"2024-09-27T10:27:22+00:00\" \/>\n<meta property=\"og:image\" content=\"https:\/\/albuferanature.com\/wp-content\/uploads\/2023\/12\/cropped-albufera-favicon.png\" \/>\n\t<meta property=\"og:image:width\" content=\"512\" \/>\n\t<meta property=\"og:image:height\" content=\"512\" \/>\n\t<meta property=\"og:image:type\" content=\"image\/png\" \/>\n<meta name=\"twitter:card\" content=\"summary_large_image\" \/>\n<meta name=\"twitter:site\" content=\"@albufera_nature\" \/>\n<meta name=\"twitter:label1\" content=\"Dur\u00e9e de lecture estim\u00e9e\" \/>\n\t<meta name=\"twitter:data1\" content=\"13 minutes\" \/>\n<script type=\"application\/ld+json\" class=\"yoast-schema-graph\">{\"@context\":\"https:\\\/\\\/schema.org\",\"@graph\":[{\"@type\":\"WebPage\",\"@id\":\"https:\\\/\\\/albuferanature.com\\\/fr\\\/\",\"url\":\"https:\\\/\\\/albuferanature.com\\\/fr\\\/\",\"name\":\"Parque Natural de la Albufera - ALBUFERA NATURE\",\"isPartOf\":{\"@id\":\"https:\\\/\\\/albuferanature.com\\\/#website\"},\"primaryImageOfPage\":{\"@id\":\"https:\\\/\\\/albuferanature.com\\\/fr\\\/#primaryimage\"},\"image\":{\"@id\":\"https:\\\/\\\/albuferanature.com\\\/fr\\\/#primaryimage\"},\"thumbnailUrl\":\"https:\\\/\\\/albuferanature.com\\\/wp-content\\\/uploads\\\/2023\\\/12\\\/cropped-albufera-favicon.png\",\"datePublished\":\"2023-07-31T11:13:51+00:00\",\"dateModified\":\"2024-09-27T10:27:22+00:00\",\"breadcrumb\":{\"@id\":\"https:\\\/\\\/albuferanature.com\\\/fr\\\/#breadcrumb\"},\"inLanguage\":\"fr-FR\",\"potentialAction\":[{\"@type\":\"ReadAction\",\"target\":[\"https:\\\/\\\/albuferanature.com\\\/fr\\\/\"]}]},{\"@type\":\"ImageObject\",\"inLanguage\":\"fr-FR\",\"@id\":\"https:\\\/\\\/albuferanature.com\\\/fr\\\/#primaryimage\",\"url\":\"https:\\\/\\\/albuferanature.com\\\/wp-content\\\/uploads\\\/2023\\\/12\\\/cropped-albufera-favicon.png\",\"contentUrl\":\"https:\\\/\\\/albuferanature.com\\\/wp-content\\\/uploads\\\/2023\\\/12\\\/cropped-albufera-favicon.png\",\"width\":512,\"height\":512,\"caption\":\"cropped albufera favicon.png\"},{\"@type\":\"BreadcrumbList\",\"@id\":\"https:\\\/\\\/albuferanature.com\\\/fr\\\/#breadcrumb\",\"itemListElement\":[{\"@type\":\"ListItem\",\"position\":1,\"name\":\"Portada\",\"item\":\"https:\\\/\\\/albuferanature.com\\\/fr\\\/\"},{\"@type\":\"ListItem\",\"position\":2,\"name\":\"Parque Natural de la Albufera\"}]},{\"@type\":\"WebSite\",\"@id\":\"https:\\\/\\\/albuferanature.com\\\/#website\",\"url\":\"https:\\\/\\\/albuferanature.com\\\/\",\"name\":\"ALBUFERA NATURE\",\"description\":\"Ecoturismo responsable en el Parque Natural de la Albufera de Valencia\",\"publisher\":{\"@id\":\"https:\\\/\\\/albuferanature.com\\\/#organization\"},\"alternateName\":\"paseos en barca por la albufera de valencia\",\"potentialAction\":[{\"@type\":\"SearchAction\",\"target\":{\"@type\":\"EntryPoint\",\"urlTemplate\":\"https:\\\/\\\/albuferanature.com\\\/?s={search_term_string}\"},\"query-input\":{\"@type\":\"PropertyValueSpecification\",\"valueRequired\":true,\"valueName\":\"search_term_string\"}}],\"inLanguage\":\"fr-FR\"},{\"@type\":\"Organization\",\"@id\":\"https:\\\/\\\/albuferanature.com\\\/#organization\",\"name\":\"Rutas en barca por la Albufera de Valencia\",\"url\":\"https:\\\/\\\/albuferanature.com\\\/\",\"logo\":{\"@type\":\"ImageObject\",\"inLanguage\":\"fr-FR\",\"@id\":\"https:\\\/\\\/albuferanature.com\\\/#\\\/schema\\\/logo\\\/image\\\/\",\"url\":\"https:\\\/\\\/albuferanature.com\\\/wp-content\\\/uploads\\\/2023\\\/12\\\/cropped-albufera-favicon.png\",\"contentUrl\":\"https:\\\/\\\/albuferanature.com\\\/wp-content\\\/uploads\\\/2023\\\/12\\\/cropped-albufera-favicon.png\",\"width\":512,\"height\":512,\"caption\":\"Rutas en barca por la Albufera de Valencia\"},\"image\":{\"@id\":\"https:\\\/\\\/albuferanature.com\\\/#\\\/schema\\\/logo\\\/image\\\/\"},\"sameAs\":[\"https:\\\/\\\/www.facebook.com\\\/AlbuferaNature\\\/\",\"https:\\\/\\\/x.com\\\/albufera_nature\",\"https:\\\/\\\/www.instagram.com\\\/albufera_nature\\\/\"]}]}<\/script>\n<!-- \/ Yoast SEO plugin. -->","yoast_head_json":{"title":"Parque Natural de la Albufera - ALBUFERA NATURE","robots":{"index":"index","follow":"follow","max-snippet":"max-snippet:-1","max-image-preview":"max-image-preview:large","max-video-preview":"max-video-preview:-1"},"canonical":"https:\/\/albuferanature.com\/fr\/","og_locale":"fr_FR","og_type":"article","og_title":"Parque Natural de la Albufera - ALBUFERA NATURE","og_description":"Le lac La Marjal La Devesa +350 oiseaux Nos activit\u00e9s Promenades en bateau + couchers de soleil Profitez d&rsquo;une promenade guid\u00e9e en bateau sur le lac d&rsquo;Albufera tout en admirant des couchers de soleil uniques \u00e0 Valence. Excursions pour les \u00e9coles Diff\u00e9rents groupes d&rsquo;activit\u00e9s pour que les \u00e9tudiants puissent passer une belle journ\u00e9e en profitant [&hellip;]","og_url":"https:\/\/albuferanature.com\/fr\/","og_site_name":"ALBUFERA NATURE","article_publisher":"https:\/\/www.facebook.com\/AlbuferaNature\/","article_modified_time":"2024-09-27T10:27:22+00:00","og_image":[{"width":512,"height":512,"url":"https:\/\/albuferanature.com\/wp-content\/uploads\/2023\/12\/cropped-albufera-favicon.png","type":"image\/png"}],"twitter_card":"summary_large_image","twitter_site":"@albufera_nature","twitter_misc":{"Dur\u00e9e de lecture estim\u00e9e":"13 minutes"},"schema":{"@context":"https:\/\/schema.org","@graph":[{"@type":"WebPage","@id":"https:\/\/albuferanature.com\/fr\/","url":"https:\/\/albuferanature.com\/fr\/","name":"Parque Natural de la Albufera - ALBUFERA NATURE","isPartOf":{"@id":"https:\/\/albuferanature.com\/#website"},"primaryImageOfPage":{"@id":"https:\/\/albuferanature.com\/fr\/#primaryimage"},"image":{"@id":"https:\/\/albuferanature.com\/fr\/#primaryimage"},"thumbnailUrl":"https:\/\/albuferanature.com\/wp-content\/uploads\/2023\/12\/cropped-albufera-favicon.png","datePublished":"2023-07-31T11:13:51+00:00","dateModified":"2024-09-27T10:27:22+00:00","breadcrumb":{"@id":"https:\/\/albuferanature.com\/fr\/#breadcrumb"},"inLanguage":"fr-FR","potentialAction":[{"@type":"ReadAction","target":["https:\/\/albuferanature.com\/fr\/"]}]},{"@type":"ImageObject","inLanguage":"fr-FR","@id":"https:\/\/albuferanature.com\/fr\/#primaryimage","url":"https:\/\/albuferanature.com\/wp-content\/uploads\/2023\/12\/cropped-albufera-favicon.png","contentUrl":"https:\/\/albuferanature.com\/wp-content\/uploads\/2023\/12\/cropped-albufera-favicon.png","width":512,"height":512,"caption":"cropped albufera favicon.png"},{"@type":"BreadcrumbList","@id":"https:\/\/albuferanature.com\/fr\/#breadcrumb","itemListElement":[{"@type":"ListItem","position":1,"name":"Portada","item":"https:\/\/albuferanature.com\/fr\/"},{"@type":"ListItem","position":2,"name":"Parque Natural de la Albufera"}]},{"@type":"WebSite","@id":"https:\/\/albuferanature.com\/#website","url":"https:\/\/albuferanature.com\/","name":"ALBUFERA NATURE","description":"Ecoturismo responsable en el Parque Natural de la Albufera de Valencia","publisher":{"@id":"https:\/\/albuferanature.com\/#organization"},"alternateName":"paseos en barca por la albufera de valencia","potentialAction":[{"@type":"SearchAction","target":{"@type":"EntryPoint","urlTemplate":"https:\/\/albuferanature.com\/?s={search_term_string}"},"query-input":{"@type":"PropertyValueSpecification","valueRequired":true,"valueName":"search_term_string"}}],"inLanguage":"fr-FR"},{"@type":"Organization","@id":"https:\/\/albuferanature.com\/#organization","name":"Rutas en barca por la Albufera de Valencia","url":"https:\/\/albuferanature.com\/","logo":{"@type":"ImageObject","inLanguage":"fr-FR","@id":"https:\/\/albuferanature.com\/#\/schema\/logo\/image\/","url":"https:\/\/albuferanature.com\/wp-content\/uploads\/2023\/12\/cropped-albufera-favicon.png","contentUrl":"https:\/\/albuferanature.com\/wp-content\/uploads\/2023\/12\/cropped-albufera-favicon.png","width":512,"height":512,"caption":"Rutas en barca por la Albufera de Valencia"},"image":{"@id":"https:\/\/albuferanature.com\/#\/schema\/logo\/image\/"},"sameAs":["https:\/\/www.facebook.com\/AlbuferaNature\/","https:\/\/x.com\/albufera_nature","https:\/\/www.instagram.com\/albufera_nature\/"]}]}},"_links":{"self":[{"href":"https:\/\/albuferanature.com\/fr\/wp-json\/wp\/v2\/pages\/1452","targetHints":{"allow":["GET"]}}],"collection":[{"href":"https:\/\/albuferanature.com\/fr\/wp-json\/wp\/v2\/pages"}],"about":[{"href":"https:\/\/albuferanature.com\/fr\/wp-json\/wp\/v2\/types\/page"}],"author":[{"embeddable":true,"href":"https:\/\/albuferanature.com\/fr\/wp-json\/wp\/v2\/users\/1"}],"replies":[{"embeddable":true,"href":"https:\/\/albuferanature.com\/fr\/wp-json\/wp\/v2\/comments?post=1452"}],"version-history":[{"count":10,"href":"https:\/\/albuferanature.com\/fr\/wp-json\/wp\/v2\/pages\/1452\/revisions"}],"predecessor-version":[{"id":1722,"href":"https:\/\/albuferanature.com\/fr\/wp-json\/wp\/v2\/pages\/1452\/revisions\/1722"}],"wp:featuredmedia":[{"embeddable":true,"href":"https:\/\/albuferanature.com\/fr\/wp-json\/wp\/v2\/media\/1454"}],"wp:attachment":[{"href":"https:\/\/albuferanature.com\/fr\/wp-json\/wp\/v2\/media?parent=1452"}],"curies":[{"name":"wp","href":"https:\/\/api.w.org\/{rel}","templated":true}]}}